{"id":488,"date":"2016-04-30T17:58:57","date_gmt":"2016-04-30T15:58:57","guid":{"rendered":"http:\/\/zeiss-orchester.de\/?page_id=488"},"modified":"2026-01-15T09:19:23","modified_gmt":"2026-01-15T08:19:23","slug":"gemeinsames-erleben","status":"publish","type":"page","link":"https:\/\/zeiss-orchester.de\/?page_id=488","title":{"rendered":"Gemeinsamkeiten erleben"},"content":{"rendered":"\n<!-- Facebook Like Button Vivacity Infotech BEGIN -->\n<div class=\"fb-like\" data-href=\"https:\/\/zeiss-orchester.de\/?page_id=488\" data-layout=\"button\" data-action=\"like\" data-show-faces=\"false\" data-size=\"small\" data-width=\"450\" data-share=\"1\" ><\/div>\n<!-- Facebook Like Button Vivacity Infotech END -->\n\n<p><strong>Unser Konzert &#8222;Gemeinsam gegen Einsamkeit Jena&#8220; im Juni 2025<\/strong><\/p>\n\n\n\n<figure class=\"wp-block-image size-large\"><img loading=\"lazy\" decoding=\"async\" width=\"1024\" height=\"768\" src=\"https:\/\/zeiss-orchester.de\/wp-content\/uploads\/2025\/06\/3-20250615_101310-1024x768.jpg\" alt=\"\" class=\"wp-image-3226\" srcset=\"https:\/\/zeiss-orchester.de\/wp-content\/uploads\/2025\/06\/3-20250615_101310-1024x768.jpg 1024w, https:\/\/zeiss-orchester.de\/wp-content\/uploads\/2025\/06\/3-20250615_101310-300x225.jpg 300w, https:\/\/zeiss-orchester.de\/wp-content\/uploads\/2025\/06\/3-20250615_101310-768x576.jpg 768w, https:\/\/zeiss-orchester.de\/wp-content\/uploads\/2025\/06\/3-20250615_101310-1536x1152.jpg 1536w, https:\/\/zeiss-orchester.de\/wp-content\/uploads\/2025\/06\/3-20250615_101310-2048x1536.jpg 2048w, https:\/\/zeiss-orchester.de\/wp-content\/uploads\/2025\/06\/3-20250615_101310-624x468.jpg 624w\" sizes=\"auto, (max-width: 1024px) 100vw, 1024px\" \/><\/figure>\n\n\n\n<p>Am 15. Juni 2025 spielten wir bei sommerlicher W\u00e4rme und leichten Windb\u00f6en auf dem Schulhof des Christlichen Gymnasiums. Die Initiative hatte ca. 120 G\u00e4ste angelockt, die freudig unserer Musik lauschten und bei &#8222;In einer kleinen Konditorei&#8220; mitsangen. Unsere Angeh\u00f6rigen waren eingeladen zuzuh\u00f6ren und anschlie\u00dfend mit uns eine Bratwurst zu genie\u00dfen. Sogar zwei Babies waren dabei! So werden alle Familienmitglieder fr\u00fchzeitig an unsere Orchesterkl\u00e4nge herangef\u00fchrt. \ud83d\ude42 .             Dirigiert wurden wir von Manfred Baumg\u00e4rtner, dem Solo-Fagottisten unserer Jenaer Philharmonie.<\/p>\n\n\n\n<figure class=\"wp-block-gallery has-nested-images columns-default is-cropped wp-block-gallery-1 is-layout-flex wp-block-gallery-is-layout-flex\">\n<figure class=\"wp-block-image size-large\"><img loading=\"lazy\" decoding=\"async\" width=\"1024\" height=\"768\" data-id=\"3227\" src=\"https:\/\/zeiss-orchester.de\/wp-content\/uploads\/2025\/06\/2-20250615_101152-1024x768.jpg\" alt=\"\" class=\"wp-image-3227\" srcset=\"https:\/\/zeiss-orchester.de\/wp-content\/uploads\/2025\/06\/2-20250615_101152-1024x768.jpg 1024w, https:\/\/zeiss-orchester.de\/wp-content\/uploads\/2025\/06\/2-20250615_101152-300x225.jpg 300w, https:\/\/zeiss-orchester.de\/wp-content\/uploads\/2025\/06\/2-20250615_101152-768x576.jpg 768w, https:\/\/zeiss-orchester.de\/wp-content\/uploads\/2025\/06\/2-20250615_101152-1536x1152.jpg 1536w, https:\/\/zeiss-orchester.de\/wp-content\/uploads\/2025\/06\/2-20250615_101152-2048x1536.jpg 2048w, https:\/\/zeiss-orchester.de\/wp-content\/uploads\/2025\/06\/2-20250615_101152-624x468.jpg 624w\" sizes=\"auto, (max-width: 1024px) 100vw, 1024px\" \/><\/figure>\n\n\n\n<figure class=\"wp-block-image size-large\"><img loading=\"lazy\" decoding=\"async\" width=\"1024\" height=\"768\" data-id=\"3230\" src=\"https:\/\/zeiss-orchester.de\/wp-content\/uploads\/2025\/06\/5-20250615_101911-1024x768.jpg\" alt=\"\" class=\"wp-image-3230\" srcset=\"https:\/\/zeiss-orchester.de\/wp-content\/uploads\/2025\/06\/5-20250615_101911-1024x768.jpg 1024w, https:\/\/zeiss-orchester.de\/wp-content\/uploads\/2025\/06\/5-20250615_101911-300x225.jpg 300w, https:\/\/zeiss-orchester.de\/wp-content\/uploads\/2025\/06\/5-20250615_101911-768x576.jpg 768w, https:\/\/zeiss-orchester.de\/wp-content\/uploads\/2025\/06\/5-20250615_101911-1536x1152.jpg 1536w, https:\/\/zeiss-orchester.de\/wp-content\/uploads\/2025\/06\/5-20250615_101911-2048x1536.jpg 2048w, https:\/\/zeiss-orchester.de\/wp-content\/uploads\/2025\/06\/5-20250615_101911-624x468.jpg 624w\" sizes=\"auto, (max-width: 1024px) 100vw, 1024px\" \/><\/figure>\n<\/figure>\n\n\n\n<h2 class=\"wp-block-heading\">Sonderprobe vor dem Jubil\u00e4umskonzert mit ehemaligen Orchesterspielern und anschlie\u00dfendes Kaffeetrinken<\/h2>\n\n\n\n<figure class=\"wp-block-gallery has-nested-images columns-default is-cropped wp-block-gallery-2 is-layout-flex wp-block-gallery-is-layout-flex\">\n<figure class=\"wp-block-image size-large\"><img loading=\"lazy\" decoding=\"async\" width=\"1024\" height=\"461\" data-id=\"3042\" src=\"https:\/\/zeiss-orchester.de\/wp-content\/uploads\/2024\/10\/20241019_141359-1024x461.jpg\" alt=\"\" class=\"wp-image-3042\" srcset=\"https:\/\/zeiss-orchester.de\/wp-content\/uploads\/2024\/10\/20241019_141359-1024x461.jpg 1024w, https:\/\/zeiss-orchester.de\/wp-content\/uploads\/2024\/10\/20241019_141359-300x135.jpg 300w, https:\/\/zeiss-orchester.de\/wp-content\/uploads\/2024\/10\/20241019_141359-768x346.jpg 768w, https:\/\/zeiss-orchester.de\/wp-content\/uploads\/2024\/10\/20241019_141359-1536x691.jpg 1536w, https:\/\/zeiss-orchester.de\/wp-content\/uploads\/2024\/10\/20241019_141359-2048x922.jpg 2048w, https:\/\/zeiss-orchester.de\/wp-content\/uploads\/2024\/10\/20241019_141359-624x281.jpg 624w\" sizes=\"auto, (max-width: 1024px) 100vw, 1024px\" \/><\/figure>\n<\/figure>\n\n\n\n<figure class=\"wp-block-image size-large\"><img loading=\"lazy\" decoding=\"async\" width=\"1024\" height=\"461\" src=\"https:\/\/zeiss-orchester.de\/wp-content\/uploads\/2024\/10\/20241019_141558-1024x461.jpg\" alt=\"\" class=\"wp-image-3044\" srcset=\"https:\/\/zeiss-orchester.de\/wp-content\/uploads\/2024\/10\/20241019_141558-1024x461.jpg 1024w, https:\/\/zeiss-orchester.de\/wp-content\/uploads\/2024\/10\/20241019_141558-300x135.jpg 300w, https:\/\/zeiss-orchester.de\/wp-content\/uploads\/2024\/10\/20241019_141558-768x346.jpg 768w, https:\/\/zeiss-orchester.de\/wp-content\/uploads\/2024\/10\/20241019_141558-1536x691.jpg 1536w, https:\/\/zeiss-orchester.de\/wp-content\/uploads\/2024\/10\/20241019_141558-2048x922.jpg 2048w, https:\/\/zeiss-orchester.de\/wp-content\/uploads\/2024\/10\/20241019_141558-624x281.jpg 624w\" sizes=\"auto, (max-width: 1024px) 100vw, 1024px\" \/><\/figure>\n\n\n\n<p>                      Eine gro\u00dfe Gemeinschaft, die zusammenh\u00e4lt. Musik verbindet. <\/p>\n\n\n\n<figure class=\"wp-block-image size-large\"><img loading=\"lazy\" decoding=\"async\" width=\"1024\" height=\"768\" src=\"https:\/\/zeiss-orchester.de\/wp-content\/uploads\/2024\/10\/20241019_152609-1024x768.jpg\" alt=\"\" class=\"wp-image-3046\" srcset=\"https:\/\/zeiss-orchester.de\/wp-content\/uploads\/2024\/10\/20241019_152609-1024x768.jpg 1024w, https:\/\/zeiss-orchester.de\/wp-content\/uploads\/2024\/10\/20241019_152609-300x225.jpg 300w, https:\/\/zeiss-orchester.de\/wp-content\/uploads\/2024\/10\/20241019_152609-768x576.jpg 768w, https:\/\/zeiss-orchester.de\/wp-content\/uploads\/2024\/10\/20241019_152609-1536x1152.jpg 1536w, https:\/\/zeiss-orchester.de\/wp-content\/uploads\/2024\/10\/20241019_152609-2048x1536.jpg 2048w, https:\/\/zeiss-orchester.de\/wp-content\/uploads\/2024\/10\/20241019_152609-624x468.jpg 624w\" sizes=\"auto, (max-width: 1024px) 100vw, 1024px\" \/><\/figure>\n\n\n\n<figure class=\"wp-block-gallery has-nested-images columns-default is-cropped wp-block-gallery-3 is-layout-flex wp-block-gallery-is-layout-flex\">\n<figure class=\"wp-block-image size-large\"><img loading=\"lazy\" decoding=\"async\" width=\"1024\" height=\"768\" data-id=\"3053\" src=\"https:\/\/zeiss-orchester.de\/wp-content\/uploads\/2024\/10\/20241019_152525-1024x768.jpg\" alt=\"\" class=\"wp-image-3053\" srcset=\"https:\/\/zeiss-orchester.de\/wp-content\/uploads\/2024\/10\/20241019_152525-1024x768.jpg 1024w, https:\/\/zeiss-orchester.de\/wp-content\/uploads\/2024\/10\/20241019_152525-300x225.jpg 300w, https:\/\/zeiss-orchester.de\/wp-content\/uploads\/2024\/10\/20241019_152525-768x576.jpg 768w, https:\/\/zeiss-orchester.de\/wp-content\/uploads\/2024\/10\/20241019_152525-1536x1152.jpg 1536w, https:\/\/zeiss-orchester.de\/wp-content\/uploads\/2024\/10\/20241019_152525-2048x1536.jpg 2048w, https:\/\/zeiss-orchester.de\/wp-content\/uploads\/2024\/10\/20241019_152525-624x468.jpg 624w\" sizes=\"auto, (max-width: 1024px) 100vw, 1024px\" \/><\/figure>\n\n\n\n<figure class=\"wp-block-image size-large\"><img loading=\"lazy\" decoding=\"async\" width=\"1024\" height=\"768\" data-id=\"3052\" src=\"https:\/\/zeiss-orchester.de\/wp-content\/uploads\/2024\/10\/20241019_153443-1-1024x768.jpg\" alt=\"\" class=\"wp-image-3052\" srcset=\"https:\/\/zeiss-orchester.de\/wp-content\/uploads\/2024\/10\/20241019_153443-1-1024x768.jpg 1024w, https:\/\/zeiss-orchester.de\/wp-content\/uploads\/2024\/10\/20241019_153443-1-300x225.jpg 300w, https:\/\/zeiss-orchester.de\/wp-content\/uploads\/2024\/10\/20241019_153443-1-768x576.jpg 768w, https:\/\/zeiss-orchester.de\/wp-content\/uploads\/2024\/10\/20241019_153443-1-1536x1152.jpg 1536w, https:\/\/zeiss-orchester.de\/wp-content\/uploads\/2024\/10\/20241019_153443-1-2048x1536.jpg 2048w, https:\/\/zeiss-orchester.de\/wp-content\/uploads\/2024\/10\/20241019_153443-1-624x468.jpg 624w\" sizes=\"auto, (max-width: 1024px) 100vw, 1024px\" \/><\/figure>\n<\/figure>\n\n\n\n<figure class=\"wp-block-image size-large\"><img loading=\"lazy\" decoding=\"async\" width=\"1024\" height=\"576\" src=\"https:\/\/zeiss-orchester.de\/wp-content\/uploads\/2024\/10\/7-1-1024x576.jpg\" alt=\"\" class=\"wp-image-3057\" srcset=\"https:\/\/zeiss-orchester.de\/wp-content\/uploads\/2024\/10\/7-1-1024x576.jpg 1024w, https:\/\/zeiss-orchester.de\/wp-content\/uploads\/2024\/10\/7-1-300x169.jpg 300w, https:\/\/zeiss-orchester.de\/wp-content\/uploads\/2024\/10\/7-1-768x432.jpg 768w, https:\/\/zeiss-orchester.de\/wp-content\/uploads\/2024\/10\/7-1-1536x864.jpg 1536w, https:\/\/zeiss-orchester.de\/wp-content\/uploads\/2024\/10\/7-1-2048x1152.jpg 2048w, https:\/\/zeiss-orchester.de\/wp-content\/uploads\/2024\/10\/7-1-624x351.jpg 624w\" sizes=\"auto, (max-width: 1024px) 100vw, 1024px\" \/><\/figure>\n\n\n\n<h2 class=\"wp-block-heading\">Unser Kurkonzert am 09.06.2024 im Kurpark in Bad Klosterlausnitz st\u00e4rkte das Gemeinschaftsgef\u00fchl<\/h2>\n\n\n\n<figure class=\"wp-block-gallery has-nested-images columns-default is-cropped wp-block-gallery-4 is-layout-flex wp-block-gallery-is-layout-flex\">\n<figure class=\"wp-block-image size-large\"><img loading=\"lazy\" decoding=\"async\" width=\"1024\" height=\"768\" data-id=\"2926\" src=\"https:\/\/zeiss-orchester.de\/wp-content\/uploads\/2024\/06\/20240609_142344-1024x768.jpg\" alt=\"\" class=\"wp-image-2926\" srcset=\"https:\/\/zeiss-orchester.de\/wp-content\/uploads\/2024\/06\/20240609_142344-1024x768.jpg 1024w, https:\/\/zeiss-orchester.de\/wp-content\/uploads\/2024\/06\/20240609_142344-300x225.jpg 300w, https:\/\/zeiss-orchester.de\/wp-content\/uploads\/2024\/06\/20240609_142344-768x576.jpg 768w, https:\/\/zeiss-orchester.de\/wp-content\/uploads\/2024\/06\/20240609_142344-1536x1152.jpg 1536w, https:\/\/zeiss-orchester.de\/wp-content\/uploads\/2024\/06\/20240609_142344-2048x1536.jpg 2048w, https:\/\/zeiss-orchester.de\/wp-content\/uploads\/2024\/06\/20240609_142344-624x468.jpg 624w\" sizes=\"auto, (max-width: 1024px) 100vw, 1024px\" \/><\/figure>\n\n\n\n<figure class=\"wp-block-image size-large\"><img loading=\"lazy\" decoding=\"async\" width=\"1024\" height=\"768\" data-id=\"2919\" src=\"https:\/\/zeiss-orchester.de\/wp-content\/uploads\/2024\/06\/20240609_144156-schoen-1024x768.jpg\" alt=\"\" class=\"wp-image-2919\" srcset=\"https:\/\/zeiss-orchester.de\/wp-content\/uploads\/2024\/06\/20240609_144156-schoen-1024x768.jpg 1024w, https:\/\/zeiss-orchester.de\/wp-content\/uploads\/2024\/06\/20240609_144156-schoen-300x225.jpg 300w, https:\/\/zeiss-orchester.de\/wp-content\/uploads\/2024\/06\/20240609_144156-schoen-768x576.jpg 768w, https:\/\/zeiss-orchester.de\/wp-content\/uploads\/2024\/06\/20240609_144156-schoen-1536x1152.jpg 1536w, https:\/\/zeiss-orchester.de\/wp-content\/uploads\/2024\/06\/20240609_144156-schoen-2048x1536.jpg 2048w, https:\/\/zeiss-orchester.de\/wp-content\/uploads\/2024\/06\/20240609_144156-schoen-624x468.jpg 624w\" sizes=\"auto, (max-width: 1024px) 100vw, 1024px\" \/><\/figure>\n\n\n\n<figure class=\"wp-block-image size-large\"><img loading=\"lazy\" decoding=\"async\" width=\"1024\" height=\"768\" data-id=\"2925\" src=\"https:\/\/zeiss-orchester.de\/wp-content\/uploads\/2024\/06\/20240609_144157-1024x768.jpg\" alt=\"\" class=\"wp-image-2925\" srcset=\"https:\/\/zeiss-orchester.de\/wp-content\/uploads\/2024\/06\/20240609_144157-1024x768.jpg 1024w, https:\/\/zeiss-orchester.de\/wp-content\/uploads\/2024\/06\/20240609_144157-300x225.jpg 300w, https:\/\/zeiss-orchester.de\/wp-content\/uploads\/2024\/06\/20240609_144157-768x576.jpg 768w, https:\/\/zeiss-orchester.de\/wp-content\/uploads\/2024\/06\/20240609_144157-1536x1152.jpg 1536w, https:\/\/zeiss-orchester.de\/wp-content\/uploads\/2024\/06\/20240609_144157-2048x1536.jpg 2048w, https:\/\/zeiss-orchester.de\/wp-content\/uploads\/2024\/06\/20240609_144157-624x468.jpg 624w\" sizes=\"auto, (max-width: 1024px) 100vw, 1024px\" \/><\/figure>\n\n\n\n<figure class=\"wp-block-image size-large\"><img loading=\"lazy\" decoding=\"async\" width=\"1024\" height=\"724\" data-id=\"2922\" src=\"https:\/\/zeiss-orchester.de\/wp-content\/uploads\/2024\/06\/20240609_144159-1024x724.jpg\" alt=\"\" class=\"wp-image-2922\" srcset=\"https:\/\/zeiss-orchester.de\/wp-content\/uploads\/2024\/06\/20240609_144159-1024x724.jpg 1024w, https:\/\/zeiss-orchester.de\/wp-content\/uploads\/2024\/06\/20240609_144159-300x212.jpg 300w, https:\/\/zeiss-orchester.de\/wp-content\/uploads\/2024\/06\/20240609_144159-768x543.jpg 768w, https:\/\/zeiss-orchester.de\/wp-content\/uploads\/2024\/06\/20240609_144159-1536x1086.jpg 1536w, https:\/\/zeiss-orchester.de\/wp-content\/uploads\/2024\/06\/20240609_144159-2048x1448.jpg 2048w, https:\/\/zeiss-orchester.de\/wp-content\/uploads\/2024\/06\/20240609_144159-624x441.jpg 624w\" sizes=\"auto, (max-width: 1024px) 100vw, 1024px\" \/><\/figure>\n\n\n\n<figure class=\"wp-block-image size-large\"><img loading=\"lazy\" decoding=\"async\" width=\"1024\" height=\"768\" data-id=\"2924\" src=\"https:\/\/zeiss-orchester.de\/wp-content\/uploads\/2024\/06\/20240609_144160-1024x768.jpg\" alt=\"\" class=\"wp-image-2924\" srcset=\"https:\/\/zeiss-orchester.de\/wp-content\/uploads\/2024\/06\/20240609_144160-1024x768.jpg 1024w, https:\/\/zeiss-orchester.de\/wp-content\/uploads\/2024\/06\/20240609_144160-300x225.jpg 300w, https:\/\/zeiss-orchester.de\/wp-content\/uploads\/2024\/06\/20240609_144160-768x576.jpg 768w, https:\/\/zeiss-orchester.de\/wp-content\/uploads\/2024\/06\/20240609_144160-1536x1152.jpg 1536w, https:\/\/zeiss-orchester.de\/wp-content\/uploads\/2024\/06\/20240609_144160-2048x1536.jpg 2048w, https:\/\/zeiss-orchester.de\/wp-content\/uploads\/2024\/06\/20240609_144160-624x468.jpg 624w\" sizes=\"auto, (max-width: 1024px) 100vw, 1024px\" \/><\/figure>\n\n\n\n<figure class=\"wp-block-image size-large\"><img loading=\"lazy\" decoding=\"async\" width=\"768\" height=\"1024\" data-id=\"2920\" src=\"https:\/\/zeiss-orchester.de\/wp-content\/uploads\/2024\/06\/20240609_144644-768x1024.jpg\" alt=\"\" class=\"wp-image-2920\" srcset=\"https:\/\/zeiss-orchester.de\/wp-content\/uploads\/2024\/06\/20240609_144644-768x1024.jpg 768w, https:\/\/zeiss-orchester.de\/wp-content\/uploads\/2024\/06\/20240609_144644-225x300.jpg 225w, https:\/\/zeiss-orchester.de\/wp-content\/uploads\/2024\/06\/20240609_144644-1152x1536.jpg 1152w, https:\/\/zeiss-orchester.de\/wp-content\/uploads\/2024\/06\/20240609_144644-1536x2048.jpg 1536w, https:\/\/zeiss-orchester.de\/wp-content\/uploads\/2024\/06\/20240609_144644-624x832.jpg 624w, https:\/\/zeiss-orchester.de\/wp-content\/uploads\/2024\/06\/20240609_144644-scaled.jpg 1920w\" sizes=\"auto, (max-width: 768px) 100vw, 768px\" \/><\/figure>\n\n\n\n<figure class=\"wp-block-image size-large\"><img loading=\"lazy\" decoding=\"async\" width=\"1024\" height=\"632\" data-id=\"2921\" src=\"https:\/\/zeiss-orchester.de\/wp-content\/uploads\/2024\/06\/20240609_154626-1024x632.jpg\" alt=\"\" class=\"wp-image-2921\" srcset=\"https:\/\/zeiss-orchester.de\/wp-content\/uploads\/2024\/06\/20240609_154626-1024x632.jpg 1024w, https:\/\/zeiss-orchester.de\/wp-content\/uploads\/2024\/06\/20240609_154626-300x185.jpg 300w, https:\/\/zeiss-orchester.de\/wp-content\/uploads\/2024\/06\/20240609_154626-768x474.jpg 768w, https:\/\/zeiss-orchester.de\/wp-content\/uploads\/2024\/06\/20240609_154626-1536x948.jpg 1536w, https:\/\/zeiss-orchester.de\/wp-content\/uploads\/2024\/06\/20240609_154626-2048x1264.jpg 2048w, https:\/\/zeiss-orchester.de\/wp-content\/uploads\/2024\/06\/20240609_154626-624x385.jpg 624w\" sizes=\"auto, (max-width: 1024px) 100vw, 1024px\" \/><\/figure>\n\n\n\n<figure class=\"wp-block-image size-large\"><img loading=\"lazy\" decoding=\"async\" width=\"1024\" height=\"768\" data-id=\"2923\" src=\"https:\/\/zeiss-orchester.de\/wp-content\/uploads\/2024\/06\/20240609_154627-1024x768.jpg\" alt=\"\" class=\"wp-image-2923\" srcset=\"https:\/\/zeiss-orchester.de\/wp-content\/uploads\/2024\/06\/20240609_154627-1024x768.jpg 1024w, https:\/\/zeiss-orchester.de\/wp-content\/uploads\/2024\/06\/20240609_154627-300x225.jpg 300w, https:\/\/zeiss-orchester.de\/wp-content\/uploads\/2024\/06\/20240609_154627-768x576.jpg 768w, https:\/\/zeiss-orchester.de\/wp-content\/uploads\/2024\/06\/20240609_154627-1536x1152.jpg 1536w, https:\/\/zeiss-orchester.de\/wp-content\/uploads\/2024\/06\/20240609_154627-2048x1536.jpg 2048w, https:\/\/zeiss-orchester.de\/wp-content\/uploads\/2024\/06\/20240609_154627-624x468.jpg 624w\" sizes=\"auto, (max-width: 1024px) 100vw, 1024px\" \/><\/figure>\n<\/figure>\n\n\n\n<p>Bei angenehmem Fr\u00fchsommerwetter erfreuten wir am 09.06. 2024 die Kurpatienten und andere Interessenten und Freunde unserer Musik in der &#8222;Musikmuschel&#8220; im Kurpark von Bad Klosterlausnitz. Bei solch sch\u00f6ner Stimmung und so vielen Zuh\u00f6rern machte auch uns das Musizieren gro\u00dfen Spa\u00df!  <\/p>\n\n\n\n<h2 class=\"wp-block-heading\">Unser Orchesterausflug am 16. M\u00e4rz 2024 nach Weimar<\/h2>\n\n\n\n<figure class=\"wp-block-gallery has-nested-images columns-default is-cropped wp-block-gallery-5 is-layout-flex wp-block-gallery-is-layout-flex\">\n<figure class=\"wp-block-image size-large\"><img loading=\"lazy\" decoding=\"async\" width=\"1024\" height=\"575\" data-id=\"2886\" src=\"https:\/\/zeiss-orchester.de\/wp-content\/uploads\/2024\/04\/Ilmpark-1-1024x575.jpg\" alt=\"\" class=\"wp-image-2886\" srcset=\"https:\/\/zeiss-orchester.de\/wp-content\/uploads\/2024\/04\/Ilmpark-1-1024x575.jpg 1024w, https:\/\/zeiss-orchester.de\/wp-content\/uploads\/2024\/04\/Ilmpark-1-300x168.jpg 300w, https:\/\/zeiss-orchester.de\/wp-content\/uploads\/2024\/04\/Ilmpark-1-768x431.jpg 768w, https:\/\/zeiss-orchester.de\/wp-content\/uploads\/2024\/04\/Ilmpark-1-1536x863.jpg 1536w, https:\/\/zeiss-orchester.de\/wp-content\/uploads\/2024\/04\/Ilmpark-1-2048x1150.jpg 2048w, https:\/\/zeiss-orchester.de\/wp-content\/uploads\/2024\/04\/Ilmpark-1-624x350.jpg 624w\" sizes=\"auto, (max-width: 1024px) 100vw, 1024px\" \/><figcaption class=\"wp-element-caption\">Auf dem historischen Friedhof<\/figcaption><\/figure>\n\n\n\n<figure class=\"wp-block-image size-large\"><img loading=\"lazy\" decoding=\"async\" width=\"575\" height=\"1024\" data-id=\"2888\" src=\"https:\/\/zeiss-orchester.de\/wp-content\/uploads\/2024\/04\/In-Bauhaus-Uni-unsere-Stadtfuehrerin-Frau-Weske-575x1024.jpg\" alt=\"\" class=\"wp-image-2888\" srcset=\"https:\/\/zeiss-orchester.de\/wp-content\/uploads\/2024\/04\/In-Bauhaus-Uni-unsere-Stadtfuehrerin-Frau-Weske-575x1024.jpg 575w, https:\/\/zeiss-orchester.de\/wp-content\/uploads\/2024\/04\/In-Bauhaus-Uni-unsere-Stadtfuehrerin-Frau-Weske-168x300.jpg 168w, https:\/\/zeiss-orchester.de\/wp-content\/uploads\/2024\/04\/In-Bauhaus-Uni-unsere-Stadtfuehrerin-Frau-Weske-768x1368.jpg 768w, https:\/\/zeiss-orchester.de\/wp-content\/uploads\/2024\/04\/In-Bauhaus-Uni-unsere-Stadtfuehrerin-Frau-Weske-863x1536.jpg 863w, https:\/\/zeiss-orchester.de\/wp-content\/uploads\/2024\/04\/In-Bauhaus-Uni-unsere-Stadtfuehrerin-Frau-Weske-1150x2048.jpg 1150w, https:\/\/zeiss-orchester.de\/wp-content\/uploads\/2024\/04\/In-Bauhaus-Uni-unsere-Stadtfuehrerin-Frau-Weske-624x1111.jpg 624w, https:\/\/zeiss-orchester.de\/wp-content\/uploads\/2024\/04\/In-Bauhaus-Uni-unsere-Stadtfuehrerin-Frau-Weske-scaled.jpg 1438w\" sizes=\"auto, (max-width: 575px) 100vw, 575px\" \/><figcaption class=\"wp-element-caption\">Unsere Stadtf\u00fchrerin Frau Weske<\/figcaption><\/figure>\n\n\n<div class=\"wp-block-image\">\n<figure class=\"aligncenter size-large\"><img loading=\"lazy\" decoding=\"async\" width=\"1024\" height=\"575\" data-id=\"2887\" src=\"https:\/\/zeiss-orchester.de\/wp-content\/uploads\/2024\/04\/Ilmpark-2-an-Ruine-1024x575.jpg\" alt=\"\" class=\"wp-image-2887\" srcset=\"https:\/\/zeiss-orchester.de\/wp-content\/uploads\/2024\/04\/Ilmpark-2-an-Ruine-1024x575.jpg 1024w, https:\/\/zeiss-orchester.de\/wp-content\/uploads\/2024\/04\/Ilmpark-2-an-Ruine-300x168.jpg 300w, https:\/\/zeiss-orchester.de\/wp-content\/uploads\/2024\/04\/Ilmpark-2-an-Ruine-768x431.jpg 768w, https:\/\/zeiss-orchester.de\/wp-content\/uploads\/2024\/04\/Ilmpark-2-an-Ruine-1536x863.jpg 1536w, https:\/\/zeiss-orchester.de\/wp-content\/uploads\/2024\/04\/Ilmpark-2-an-Ruine-2048x1150.jpg 2048w, https:\/\/zeiss-orchester.de\/wp-content\/uploads\/2024\/04\/Ilmpark-2-an-Ruine-624x350.jpg 624w\" sizes=\"auto, (max-width: 1024px) 100vw, 1024px\" \/><figcaption class=\"wp-element-caption\">Ilmpark-Ruine<\/figcaption><\/figure>\n<\/div>\n\n\n<figure class=\"wp-block-image size-large\"><img loading=\"lazy\" decoding=\"async\" width=\"1024\" height=\"768\" data-id=\"2884\" src=\"https:\/\/zeiss-orchester.de\/wp-content\/uploads\/2024\/04\/Am-Kasseturm-1024x768.jpg\" alt=\"\" class=\"wp-image-2884\" srcset=\"https:\/\/zeiss-orchester.de\/wp-content\/uploads\/2024\/04\/Am-Kasseturm-1024x768.jpg 1024w, https:\/\/zeiss-orchester.de\/wp-content\/uploads\/2024\/04\/Am-Kasseturm-300x225.jpg 300w, https:\/\/zeiss-orchester.de\/wp-content\/uploads\/2024\/04\/Am-Kasseturm-768x576.jpg 768w, https:\/\/zeiss-orchester.de\/wp-content\/uploads\/2024\/04\/Am-Kasseturm-1536x1152.jpg 1536w, https:\/\/zeiss-orchester.de\/wp-content\/uploads\/2024\/04\/Am-Kasseturm-2048x1536.jpg 2048w, https:\/\/zeiss-orchester.de\/wp-content\/uploads\/2024\/04\/Am-Kasseturm-624x468.jpg 624w\" sizes=\"auto, (max-width: 1024px) 100vw, 1024px\" \/><figcaption class=\"wp-element-caption\">am Kasseturm<\/figcaption><\/figure>\n\n\n\n<figure class=\"wp-block-image size-large\"><img loading=\"lazy\" decoding=\"async\" width=\"1024\" height=\"575\" data-id=\"2885\" src=\"https:\/\/zeiss-orchester.de\/wp-content\/uploads\/2024\/04\/Blick-aufs-Schloss-1024x575.jpg\" alt=\"\" class=\"wp-image-2885\" srcset=\"https:\/\/zeiss-orchester.de\/wp-content\/uploads\/2024\/04\/Blick-aufs-Schloss-1024x575.jpg 1024w, https:\/\/zeiss-orchester.de\/wp-content\/uploads\/2024\/04\/Blick-aufs-Schloss-300x168.jpg 300w, https:\/\/zeiss-orchester.de\/wp-content\/uploads\/2024\/04\/Blick-aufs-Schloss-768x431.jpg 768w, https:\/\/zeiss-orchester.de\/wp-content\/uploads\/2024\/04\/Blick-aufs-Schloss-1536x863.jpg 1536w, https:\/\/zeiss-orchester.de\/wp-content\/uploads\/2024\/04\/Blick-aufs-Schloss-2048x1150.jpg 2048w, https:\/\/zeiss-orchester.de\/wp-content\/uploads\/2024\/04\/Blick-aufs-Schloss-624x350.jpg 624w\" sizes=\"auto, (max-width: 1024px) 100vw, 1024px\" \/><figcaption class=\"wp-element-caption\">Blick aufs Schlo\u00df<\/figcaption><\/figure>\n\n\n\n<figure class=\"wp-block-image size-large\"><img loading=\"lazy\" decoding=\"async\" width=\"1024\" height=\"683\" data-id=\"2889\" src=\"https:\/\/zeiss-orchester.de\/wp-content\/uploads\/2024\/04\/In-Bauhaus-Uni-1024x683.jpg\" alt=\"\" class=\"wp-image-2889\" srcset=\"https:\/\/zeiss-orchester.de\/wp-content\/uploads\/2024\/04\/In-Bauhaus-Uni-1024x683.jpg 1024w, https:\/\/zeiss-orchester.de\/wp-content\/uploads\/2024\/04\/In-Bauhaus-Uni-300x200.jpg 300w, https:\/\/zeiss-orchester.de\/wp-content\/uploads\/2024\/04\/In-Bauhaus-Uni-768x512.jpg 768w, https:\/\/zeiss-orchester.de\/wp-content\/uploads\/2024\/04\/In-Bauhaus-Uni-1536x1024.jpg 1536w, https:\/\/zeiss-orchester.de\/wp-content\/uploads\/2024\/04\/In-Bauhaus-Uni-2048x1365.jpg 2048w, https:\/\/zeiss-orchester.de\/wp-content\/uploads\/2024\/04\/In-Bauhaus-Uni-624x416.jpg 624w\" sizes=\"auto, (max-width: 1024px) 100vw, 1024px\" \/><figcaption class=\"wp-element-caption\">Bauhaus-Universit\u00e4t<\/figcaption><\/figure>\n\n\n\n<figure class=\"wp-block-image size-large\"><img loading=\"lazy\" decoding=\"async\" width=\"1024\" height=\"683\" data-id=\"2890\" src=\"https:\/\/zeiss-orchester.de\/wp-content\/uploads\/2024\/04\/Theaterplatz-1024x683.jpg\" alt=\"\" class=\"wp-image-2890\" srcset=\"https:\/\/zeiss-orchester.de\/wp-content\/uploads\/2024\/04\/Theaterplatz-1024x683.jpg 1024w, https:\/\/zeiss-orchester.de\/wp-content\/uploads\/2024\/04\/Theaterplatz-300x200.jpg 300w, https:\/\/zeiss-orchester.de\/wp-content\/uploads\/2024\/04\/Theaterplatz-768x512.jpg 768w, https:\/\/zeiss-orchester.de\/wp-content\/uploads\/2024\/04\/Theaterplatz-1536x1024.jpg 1536w, https:\/\/zeiss-orchester.de\/wp-content\/uploads\/2024\/04\/Theaterplatz-2048x1365.jpg 2048w, https:\/\/zeiss-orchester.de\/wp-content\/uploads\/2024\/04\/Theaterplatz-624x416.jpg 624w\" sizes=\"auto, (max-width: 1024px) 100vw, 1024px\" \/><figcaption class=\"wp-element-caption\">Theaterplatz<\/figcaption><\/figure>\n<\/figure>\n\n\n\n<p>Musik verbindet.  Wir musizieren gern  mit Menschen verschiedenster Nationen und haben Freude an Begegnungen und genie\u00dfen die Gemeinsamkeit. <\/p>\n\n\n\n<figure class=\"wp-block-gallery has-nested-images columns-default is-cropped wp-block-gallery-6 is-layout-flex wp-block-gallery-is-layout-flex\">\n<figure class=\"wp-block-image size-large\"><img loading=\"lazy\" decoding=\"async\" width=\"1024\" height=\"421\" data-id=\"2862\" src=\"https:\/\/zeiss-orchester.de\/wp-content\/uploads\/2024\/03\/woth_rgb-1024x421.png\" alt=\"\" class=\"wp-image-2862\" srcset=\"https:\/\/zeiss-orchester.de\/wp-content\/uploads\/2024\/03\/woth_rgb-1024x421.png 1024w, https:\/\/zeiss-orchester.de\/wp-content\/uploads\/2024\/03\/woth_rgb-300x123.png 300w, https:\/\/zeiss-orchester.de\/wp-content\/uploads\/2024\/03\/woth_rgb-768x316.png 768w, https:\/\/zeiss-orchester.de\/wp-content\/uploads\/2024\/03\/woth_rgb-1536x632.png 1536w, https:\/\/zeiss-orchester.de\/wp-content\/uploads\/2024\/03\/woth_rgb-2048x842.png 2048w, https:\/\/zeiss-orchester.de\/wp-content\/uploads\/2024\/03\/woth_rgb-624x257.png 624w\" sizes=\"auto, (max-width: 1024px) 100vw, 1024px\" \/><\/figure>\n<\/figure>\n\n\n\n<figure class=\"wp-block-image size-large\"><img loading=\"lazy\" decoding=\"async\" width=\"1024\" height=\"595\" src=\"https:\/\/zeiss-orchester.de\/wp-content\/uploads\/2023\/10\/Zuletzt-2023_10_23-Gruppenfoto-Schlegelsberg-1024x595.jpg\" alt=\"\" class=\"wp-image-2754\" srcset=\"https:\/\/zeiss-orchester.de\/wp-content\/uploads\/2023\/10\/Zuletzt-2023_10_23-Gruppenfoto-Schlegelsberg-1024x595.jpg 1024w, https:\/\/zeiss-orchester.de\/wp-content\/uploads\/2023\/10\/Zuletzt-2023_10_23-Gruppenfoto-Schlegelsberg-300x174.jpg 300w, https:\/\/zeiss-orchester.de\/wp-content\/uploads\/2023\/10\/Zuletzt-2023_10_23-Gruppenfoto-Schlegelsberg-768x446.jpg 768w, https:\/\/zeiss-orchester.de\/wp-content\/uploads\/2023\/10\/Zuletzt-2023_10_23-Gruppenfoto-Schlegelsberg-1536x893.jpg 1536w, https:\/\/zeiss-orchester.de\/wp-content\/uploads\/2023\/10\/Zuletzt-2023_10_23-Gruppenfoto-Schlegelsberg-2048x1190.jpg 2048w, https:\/\/zeiss-orchester.de\/wp-content\/uploads\/2023\/10\/Zuletzt-2023_10_23-Gruppenfoto-Schlegelsberg-624x363.jpg 624w\" sizes=\"auto, (max-width: 1024px) 100vw, 1024px\" \/><\/figure>\n\n\n\n<h2 class=\"wp-block-heading\">Wir organisierten ein Orchesterfest anl\u00e4sslich des Doppeljubil\u00e4ums unseres Dirigenten Roland Weske <\/h2>\n\n\n\n<p>Am 23. Oktober 2023 gab es anstatt einer Probe ein Orchesterfest mit \u00dcberraschungs-programm f\u00fcr Herrn Weske. Auch ehemalige Mitglieder\/-innen und seine Musikerfreunde waren eingeladen. Jeder und jede hatte sich beteiligt, sodass der Abend sehr kurzweilig war. Herrn Weske bereitete diese Art &#8222;Orchesterprobe&#8220; viel Freude. \u00dcberzeugen Sie sich selbst! <\/p>\n\n\n\n<figure class=\"wp-block-gallery has-nested-images columns-default is-cropped wp-block-gallery-7 is-layout-flex wp-block-gallery-is-layout-flex\">\n<figure class=\"wp-block-image size-large\"><img loading=\"lazy\" decoding=\"async\" width=\"1024\" height=\"576\" data-id=\"2750\" src=\"https:\/\/zeiss-orchester.de\/wp-content\/uploads\/2023\/10\/11-20231023_183101-1024x576.jpg\" alt=\"\" class=\"wp-image-2750\" srcset=\"https:\/\/zeiss-orchester.de\/wp-content\/uploads\/2023\/10\/11-20231023_183101-1024x576.jpg 1024w, https:\/\/zeiss-orchester.de\/wp-content\/uploads\/2023\/10\/11-20231023_183101-300x169.jpg 300w, https:\/\/zeiss-orchester.de\/wp-content\/uploads\/2023\/10\/11-20231023_183101-768x432.jpg 768w, https:\/\/zeiss-orchester.de\/wp-content\/uploads\/2023\/10\/11-20231023_183101-1536x864.jpg 1536w, https:\/\/zeiss-orchester.de\/wp-content\/uploads\/2023\/10\/11-20231023_183101-2048x1152.jpg 2048w, https:\/\/zeiss-orchester.de\/wp-content\/uploads\/2023\/10\/11-20231023_183101-624x351.jpg 624w\" sizes=\"auto, (max-width: 1024px) 100vw, 1024px\" \/><\/figure>\n\n\n\n<figure class=\"wp-block-image size-large\"><img loading=\"lazy\" decoding=\"async\" width=\"1024\" height=\"576\" data-id=\"2751\" src=\"https:\/\/zeiss-orchester.de\/wp-content\/uploads\/2023\/10\/12-20231023_195053-1024x576.jpg\" alt=\"\" class=\"wp-image-2751\" srcset=\"https:\/\/zeiss-orchester.de\/wp-content\/uploads\/2023\/10\/12-20231023_195053-1024x576.jpg 1024w, https:\/\/zeiss-orchester.de\/wp-content\/uploads\/2023\/10\/12-20231023_195053-300x169.jpg 300w, https:\/\/zeiss-orchester.de\/wp-content\/uploads\/2023\/10\/12-20231023_195053-768x432.jpg 768w, https:\/\/zeiss-orchester.de\/wp-content\/uploads\/2023\/10\/12-20231023_195053-1536x864.jpg 1536w, https:\/\/zeiss-orchester.de\/wp-content\/uploads\/2023\/10\/12-20231023_195053-2048x1152.jpg 2048w, https:\/\/zeiss-orchester.de\/wp-content\/uploads\/2023\/10\/12-20231023_195053-624x351.jpg 624w\" sizes=\"auto, (max-width: 1024px) 100vw, 1024px\" \/><\/figure>\n\n\n\n<figure class=\"wp-block-image size-large\"><img loading=\"lazy\" decoding=\"async\" width=\"1024\" height=\"576\" data-id=\"2752\" src=\"https:\/\/zeiss-orchester.de\/wp-content\/uploads\/2023\/10\/14-20231023_203130-1024x576.jpg\" alt=\"\" class=\"wp-image-2752\" srcset=\"https:\/\/zeiss-orchester.de\/wp-content\/uploads\/2023\/10\/14-20231023_203130-1024x576.jpg 1024w, https:\/\/zeiss-orchester.de\/wp-content\/uploads\/2023\/10\/14-20231023_203130-300x169.jpg 300w, https:\/\/zeiss-orchester.de\/wp-content\/uploads\/2023\/10\/14-20231023_203130-768x432.jpg 768w, https:\/\/zeiss-orchester.de\/wp-content\/uploads\/2023\/10\/14-20231023_203130-1536x864.jpg 1536w, https:\/\/zeiss-orchester.de\/wp-content\/uploads\/2023\/10\/14-20231023_203130-2048x1152.jpg 2048w, https:\/\/zeiss-orchester.de\/wp-content\/uploads\/2023\/10\/14-20231023_203130-624x351.jpg 624w\" sizes=\"auto, (max-width: 1024px) 100vw, 1024px\" \/><\/figure>\n\n\n\n<figure class=\"wp-block-image size-large\"><img loading=\"lazy\" decoding=\"async\" width=\"1024\" height=\"576\" data-id=\"2749\" src=\"https:\/\/zeiss-orchester.de\/wp-content\/uploads\/2023\/10\/10-20231023_194541-1024x576.jpg\" alt=\"\" class=\"wp-image-2749\" srcset=\"https:\/\/zeiss-orchester.de\/wp-content\/uploads\/2023\/10\/10-20231023_194541-1024x576.jpg 1024w, https:\/\/zeiss-orchester.de\/wp-content\/uploads\/2023\/10\/10-20231023_194541-300x169.jpg 300w, https:\/\/zeiss-orchester.de\/wp-content\/uploads\/2023\/10\/10-20231023_194541-768x432.jpg 768w, https:\/\/zeiss-orchester.de\/wp-content\/uploads\/2023\/10\/10-20231023_194541-1536x864.jpg 1536w, https:\/\/zeiss-orchester.de\/wp-content\/uploads\/2023\/10\/10-20231023_194541-2048x1152.jpg 2048w, https:\/\/zeiss-orchester.de\/wp-content\/uploads\/2023\/10\/10-20231023_194541-624x351.jpg 624w\" sizes=\"auto, (max-width: 1024px) 100vw, 1024px\" \/><\/figure>\n\n\n\n<figure class=\"wp-block-image size-large\"><img loading=\"lazy\" decoding=\"async\" width=\"1024\" height=\"576\" data-id=\"2755\" src=\"https:\/\/zeiss-orchester.de\/wp-content\/uploads\/2023\/10\/15-20231023_203512-1024x576.jpg\" alt=\"\" class=\"wp-image-2755\" srcset=\"https:\/\/zeiss-orchester.de\/wp-content\/uploads\/2023\/10\/15-20231023_203512-1024x576.jpg 1024w, https:\/\/zeiss-orchester.de\/wp-content\/uploads\/2023\/10\/15-20231023_203512-300x169.jpg 300w, https:\/\/zeiss-orchester.de\/wp-content\/uploads\/2023\/10\/15-20231023_203512-768x432.jpg 768w, https:\/\/zeiss-orchester.de\/wp-content\/uploads\/2023\/10\/15-20231023_203512-1536x864.jpg 1536w, https:\/\/zeiss-orchester.de\/wp-content\/uploads\/2023\/10\/15-20231023_203512-2048x1152.jpg 2048w, https:\/\/zeiss-orchester.de\/wp-content\/uploads\/2023\/10\/15-20231023_203512-624x351.jpg 624w\" sizes=\"auto, (max-width: 1024px) 100vw, 1024px\" \/><\/figure>\n\n\n\n<figure class=\"wp-block-image size-large\"><img loading=\"lazy\" decoding=\"async\" width=\"1024\" height=\"576\" data-id=\"2756\" src=\"https:\/\/zeiss-orchester.de\/wp-content\/uploads\/2023\/10\/16-20231023_183342-1024x576.jpg\" alt=\"\" class=\"wp-image-2756\" srcset=\"https:\/\/zeiss-orchester.de\/wp-content\/uploads\/2023\/10\/16-20231023_183342-1024x576.jpg 1024w, https:\/\/zeiss-orchester.de\/wp-content\/uploads\/2023\/10\/16-20231023_183342-300x169.jpg 300w, https:\/\/zeiss-orchester.de\/wp-content\/uploads\/2023\/10\/16-20231023_183342-768x432.jpg 768w, https:\/\/zeiss-orchester.de\/wp-content\/uploads\/2023\/10\/16-20231023_183342-1536x864.jpg 1536w, https:\/\/zeiss-orchester.de\/wp-content\/uploads\/2023\/10\/16-20231023_183342-2048x1152.jpg 2048w, https:\/\/zeiss-orchester.de\/wp-content\/uploads\/2023\/10\/16-20231023_183342-624x351.jpg 624w\" sizes=\"auto, (max-width: 1024px) 100vw, 1024px\" \/><\/figure>\n<\/figure>\n\n\n\n<h2 class=\"wp-block-heading\"><strong>Wir fahren in das Schloss Sondershausen zum Proben-Wochenende vom 2.-4. Dezember 2022<\/strong>! <\/h2>\n\n\n\n<p>Dort bereiten wir uns auf unser Weihnachtskonzert vor. Neben vielen Proben, auch in Registern, wird es gem\u00fctliche Stunden geben, besonders Abends. Der H\u00f6hepunkt wird eine Schlo\u00dff\u00fchrung sein. <\/p>\n\n\n\n<figure class=\"wp-block-gallery has-nested-images columns-default is-cropped wp-block-gallery-8 is-layout-flex wp-block-gallery-is-layout-flex\">\n<figure class=\"wp-block-image size-large\"><img loading=\"lazy\" decoding=\"async\" width=\"1024\" height=\"576\" data-id=\"2540\" src=\"https:\/\/zeiss-orchester.de\/wp-content\/uploads\/2023\/02\/20221203_102018-1024x576.jpg\" alt=\"\" class=\"wp-image-2540\" srcset=\"https:\/\/zeiss-orchester.de\/wp-content\/uploads\/2023\/02\/20221203_102018-1024x576.jpg 1024w, https:\/\/zeiss-orchester.de\/wp-content\/uploads\/2023\/02\/20221203_102018-300x169.jpg 300w, https:\/\/zeiss-orchester.de\/wp-content\/uploads\/2023\/02\/20221203_102018-768x432.jpg 768w, https:\/\/zeiss-orchester.de\/wp-content\/uploads\/2023\/02\/20221203_102018-1536x864.jpg 1536w, https:\/\/zeiss-orchester.de\/wp-content\/uploads\/2023\/02\/20221203_102018-2048x1152.jpg 2048w, https:\/\/zeiss-orchester.de\/wp-content\/uploads\/2023\/02\/20221203_102018-624x351.jpg 624w\" sizes=\"auto, (max-width: 1024px) 100vw, 1024px\" \/><\/figure>\n\n\n\n<figure class=\"wp-block-image size-large\"><img loading=\"lazy\" decoding=\"async\" width=\"1024\" height=\"896\" data-id=\"2538\" src=\"https:\/\/zeiss-orchester.de\/wp-content\/uploads\/2023\/02\/20221203_102031-1024x896.jpg\" alt=\"\" class=\"wp-image-2538\" srcset=\"https:\/\/zeiss-orchester.de\/wp-content\/uploads\/2023\/02\/20221203_102031-1024x896.jpg 1024w, https:\/\/zeiss-orchester.de\/wp-content\/uploads\/2023\/02\/20221203_102031-300x263.jpg 300w, https:\/\/zeiss-orchester.de\/wp-content\/uploads\/2023\/02\/20221203_102031-768x672.jpg 768w, https:\/\/zeiss-orchester.de\/wp-content\/uploads\/2023\/02\/20221203_102031-1536x1344.jpg 1536w, https:\/\/zeiss-orchester.de\/wp-content\/uploads\/2023\/02\/20221203_102031-2048x1792.jpg 2048w, https:\/\/zeiss-orchester.de\/wp-content\/uploads\/2023\/02\/20221203_102031-624x546.jpg 624w\" sizes=\"auto, (max-width: 1024px) 100vw, 1024px\" \/><\/figure>\n\n\n\n<figure class=\"wp-block-image size-large\"><img loading=\"lazy\" decoding=\"async\" width=\"480\" height=\"640\" data-id=\"2536\" src=\"https:\/\/zeiss-orchester.de\/wp-content\/uploads\/2023\/02\/20221203_121404-rotated.jpg\" alt=\"\" class=\"wp-image-2536\" srcset=\"https:\/\/zeiss-orchester.de\/wp-content\/uploads\/2023\/02\/20221203_121404-rotated.jpg 480w, https:\/\/zeiss-orchester.de\/wp-content\/uploads\/2023\/02\/20221203_121404-225x300.jpg 225w\" sizes=\"auto, (max-width: 480px) 100vw, 480px\" \/><\/figure>\n\n\n\n<figure class=\"wp-block-image size-large\"><img loading=\"lazy\" decoding=\"async\" width=\"480\" height=\"640\" data-id=\"2535\" src=\"https:\/\/zeiss-orchester.de\/wp-content\/uploads\/2023\/02\/20221203_121405-rotated.jpg\" alt=\"\" class=\"wp-image-2535\" srcset=\"https:\/\/zeiss-orchester.de\/wp-content\/uploads\/2023\/02\/20221203_121405-rotated.jpg 480w, https:\/\/zeiss-orchester.de\/wp-content\/uploads\/2023\/02\/20221203_121405-225x300.jpg 225w\" sizes=\"auto, (max-width: 480px) 100vw, 480px\" \/><\/figure>\n\n\n\n<figure class=\"wp-block-image size-large\"><img loading=\"lazy\" decoding=\"async\" width=\"1024\" height=\"576\" data-id=\"2543\" src=\"https:\/\/zeiss-orchester.de\/wp-content\/uploads\/2023\/02\/20221203_121437-1024x576.jpg\" alt=\"\" class=\"wp-image-2543\" srcset=\"https:\/\/zeiss-orchester.de\/wp-content\/uploads\/2023\/02\/20221203_121437-1024x576.jpg 1024w, https:\/\/zeiss-orchester.de\/wp-content\/uploads\/2023\/02\/20221203_121437-300x169.jpg 300w, https:\/\/zeiss-orchester.de\/wp-content\/uploads\/2023\/02\/20221203_121437-768x432.jpg 768w, https:\/\/zeiss-orchester.de\/wp-content\/uploads\/2023\/02\/20221203_121437-1536x864.jpg 1536w, https:\/\/zeiss-orchester.de\/wp-content\/uploads\/2023\/02\/20221203_121437-2048x1152.jpg 2048w, https:\/\/zeiss-orchester.de\/wp-content\/uploads\/2023\/02\/20221203_121437-624x351.jpg 624w\" sizes=\"auto, (max-width: 1024px) 100vw, 1024px\" \/><\/figure>\n\n\n\n<figure class=\"wp-block-image size-large\"><img loading=\"lazy\" decoding=\"async\" width=\"1024\" height=\"576\" data-id=\"2544\" src=\"https:\/\/zeiss-orchester.de\/wp-content\/uploads\/2023\/02\/20221203_144756-1024x576.jpg\" alt=\"\" class=\"wp-image-2544\" srcset=\"https:\/\/zeiss-orchester.de\/wp-content\/uploads\/2023\/02\/20221203_144756-1024x576.jpg 1024w, https:\/\/zeiss-orchester.de\/wp-content\/uploads\/2023\/02\/20221203_144756-300x169.jpg 300w, https:\/\/zeiss-orchester.de\/wp-content\/uploads\/2023\/02\/20221203_144756-768x432.jpg 768w, https:\/\/zeiss-orchester.de\/wp-content\/uploads\/2023\/02\/20221203_144756-1536x864.jpg 1536w, https:\/\/zeiss-orchester.de\/wp-content\/uploads\/2023\/02\/20221203_144756-2048x1152.jpg 2048w, https:\/\/zeiss-orchester.de\/wp-content\/uploads\/2023\/02\/20221203_144756-624x351.jpg 624w\" sizes=\"auto, (max-width: 1024px) 100vw, 1024px\" \/><\/figure>\n\n\n\n<figure class=\"wp-block-image size-large\"><img loading=\"lazy\" decoding=\"async\" width=\"640\" height=\"480\" data-id=\"2537\" src=\"https:\/\/zeiss-orchester.de\/wp-content\/uploads\/2023\/02\/20221203_144807.jpg\" alt=\"\" class=\"wp-image-2537\" srcset=\"https:\/\/zeiss-orchester.de\/wp-content\/uploads\/2023\/02\/20221203_144807.jpg 640w, https:\/\/zeiss-orchester.de\/wp-content\/uploads\/2023\/02\/20221203_144807-300x225.jpg 300w, https:\/\/zeiss-orchester.de\/wp-content\/uploads\/2023\/02\/20221203_144807-624x468.jpg 624w\" sizes=\"auto, (max-width: 640px) 100vw, 640px\" \/><\/figure>\n\n\n\n<figure class=\"wp-block-image size-large\"><img loading=\"lazy\" decoding=\"async\" width=\"1024\" height=\"575\" data-id=\"2541\" src=\"https:\/\/zeiss-orchester.de\/wp-content\/uploads\/2023\/02\/20221203_214951-1024x575.jpg\" alt=\"\" class=\"wp-image-2541\" srcset=\"https:\/\/zeiss-orchester.de\/wp-content\/uploads\/2023\/02\/20221203_214951-1024x575.jpg 1024w, https:\/\/zeiss-orchester.de\/wp-content\/uploads\/2023\/02\/20221203_214951-300x168.jpg 300w, https:\/\/zeiss-orchester.de\/wp-content\/uploads\/2023\/02\/20221203_214951-768x431.jpg 768w, https:\/\/zeiss-orchester.de\/wp-content\/uploads\/2023\/02\/20221203_214951-1536x863.jpg 1536w, https:\/\/zeiss-orchester.de\/wp-content\/uploads\/2023\/02\/20221203_214951-2048x1150.jpg 2048w, https:\/\/zeiss-orchester.de\/wp-content\/uploads\/2023\/02\/20221203_214951-624x350.jpg 624w\" sizes=\"auto, (max-width: 1024px) 100vw, 1024px\" \/><\/figure>\n\n\n\n<figure class=\"wp-block-image size-large\"><img loading=\"lazy\" decoding=\"async\" width=\"546\" height=\"1024\" data-id=\"2539\" src=\"https:\/\/zeiss-orchester.de\/wp-content\/uploads\/2023\/02\/20221203_215317-Ehrung-Hartwig-6-546x1024.jpg\" alt=\"\" class=\"wp-image-2539\" srcset=\"https:\/\/zeiss-orchester.de\/wp-content\/uploads\/2023\/02\/20221203_215317-Ehrung-Hartwig-6-546x1024.jpg 546w, https:\/\/zeiss-orchester.de\/wp-content\/uploads\/2023\/02\/20221203_215317-Ehrung-Hartwig-6-160x300.jpg 160w, https:\/\/zeiss-orchester.de\/wp-content\/uploads\/2023\/02\/20221203_215317-Ehrung-Hartwig-6-768x1440.jpg 768w, https:\/\/zeiss-orchester.de\/wp-content\/uploads\/2023\/02\/20221203_215317-Ehrung-Hartwig-6-819x1536.jpg 819w, https:\/\/zeiss-orchester.de\/wp-content\/uploads\/2023\/02\/20221203_215317-Ehrung-Hartwig-6-1093x2048.jpg 1093w, https:\/\/zeiss-orchester.de\/wp-content\/uploads\/2023\/02\/20221203_215317-Ehrung-Hartwig-6-624x1170.jpg 624w, https:\/\/zeiss-orchester.de\/wp-content\/uploads\/2023\/02\/20221203_215317-Ehrung-Hartwig-6-scaled.jpg 1366w\" sizes=\"auto, (max-width: 546px) 100vw, 546px\" \/><\/figure>\n\n\n\n<figure class=\"wp-block-image size-large\"><img loading=\"lazy\" decoding=\"async\" width=\"1024\" height=\"576\" data-id=\"2542\" src=\"https:\/\/zeiss-orchester.de\/wp-content\/uploads\/2023\/02\/20221203_215320-Ehrung-Hartwig-5-1024x576.jpg\" alt=\"\" class=\"wp-image-2542\" srcset=\"https:\/\/zeiss-orchester.de\/wp-content\/uploads\/2023\/02\/20221203_215320-Ehrung-Hartwig-5-1024x576.jpg 1024w, https:\/\/zeiss-orchester.de\/wp-content\/uploads\/2023\/02\/20221203_215320-Ehrung-Hartwig-5-300x169.jpg 300w, https:\/\/zeiss-orchester.de\/wp-content\/uploads\/2023\/02\/20221203_215320-Ehrung-Hartwig-5-768x432.jpg 768w, https:\/\/zeiss-orchester.de\/wp-content\/uploads\/2023\/02\/20221203_215320-Ehrung-Hartwig-5-1536x864.jpg 1536w, https:\/\/zeiss-orchester.de\/wp-content\/uploads\/2023\/02\/20221203_215320-Ehrung-Hartwig-5-2048x1152.jpg 2048w, https:\/\/zeiss-orchester.de\/wp-content\/uploads\/2023\/02\/20221203_215320-Ehrung-Hartwig-5-624x351.jpg 624w\" sizes=\"auto, (max-width: 1024px) 100vw, 1024px\" \/><\/figure>\n<\/figure>\n\n\n\n<p><strong>Orchesterausflug nach Markneukirchen<\/strong><\/p>\n\n\n\n<figure class=\"wp-block-image\"><img loading=\"lazy\" decoding=\"async\" width=\"1024\" height=\"576\" src=\"https:\/\/zeiss-orchester.de\/wp-content\/uploads\/2019\/05\/20190518_144135-1024x576.jpg\" alt=\"\" class=\"wp-image-1765\" srcset=\"https:\/\/zeiss-orchester.de\/wp-content\/uploads\/2019\/05\/20190518_144135-1024x576.jpg 1024w, https:\/\/zeiss-orchester.de\/wp-content\/uploads\/2019\/05\/20190518_144135-300x169.jpg 300w, https:\/\/zeiss-orchester.de\/wp-content\/uploads\/2019\/05\/20190518_144135-768x432.jpg 768w, https:\/\/zeiss-orchester.de\/wp-content\/uploads\/2019\/05\/20190518_144135-624x351.jpg 624w\" sizes=\"auto, (max-width: 1024px) 100vw, 1024px\" \/><figcaption class=\"wp-element-caption\">Das Musikinstrumentemuseum<\/figcaption><\/figure>\n\n\n\n<p><strong>Markneukirchen im s\u00e4chsischen Vogtlandkreis:<\/strong> <\/p>\n\n\n\n<p>Die Tradition des Musikinstrumentebaus besteht hier seit 1677! Wir teilen uns in zwei Gruppen, so dass wir sowohl Einblicke in den Instrumentebau erhalten  (Streichinstrumente; Blasinstrumente) als auch im &#8222;Musikinstrumentenmuseum&#8220; alles zur Geschichte des Instrumentenbaus erfahren. <\/p>\n\n\n\n<p>Die &#8222;Werkst\u00e4ttengruppe&#8220; erf\u00e4hrt in der Musikschule, wie Blechblasinstrumente entstehen.  Schallst\u00fcck &#8211; Bogen &#8211; Maschine &#8211; Z\u00fcge &#8211; Spitzen &#8211; verschiedene Firmen  aus Markneukirchen arbeiten eng zusammen. Noch immer werden hier die  Instrumente mit Hand gebaut!                <strong>        In der Musikon-Valley:<\/strong><\/p>\n\n\n\n<figure class=\"wp-block-gallery has-nested-images columns-default is-cropped wp-block-gallery-9 is-layout-flex wp-block-gallery-is-layout-flex\">\n<figure class=\"wp-block-image size-large\"><img loading=\"lazy\" decoding=\"async\" width=\"1024\" height=\"924\" data-id=\"1762\" src=\"https:\/\/zeiss-orchester.de\/wp-content\/uploads\/2019\/05\/20190518_114143-1024x924.jpg\" alt=\"\" class=\"wp-image-1762\" srcset=\"https:\/\/zeiss-orchester.de\/wp-content\/uploads\/2019\/05\/20190518_114143-1024x924.jpg 1024w, https:\/\/zeiss-orchester.de\/wp-content\/uploads\/2019\/05\/20190518_114143-300x271.jpg 300w, https:\/\/zeiss-orchester.de\/wp-content\/uploads\/2019\/05\/20190518_114143-768x693.jpg 768w, https:\/\/zeiss-orchester.de\/wp-content\/uploads\/2019\/05\/20190518_114143-624x563.jpg 624w\" sizes=\"auto, (max-width: 1024px) 100vw, 1024px\" \/><figcaption class=\"wp-element-caption\">Ein Bogenmacher erkl\u00e4rt und demonstriert die einzelnen Arbeitsschritte<\/figcaption><\/figure>\n<\/figure>\n\n\n\n<figure class=\"wp-block-gallery has-nested-images columns-0 is-cropped wp-block-gallery-10 is-layout-flex wp-block-gallery-is-layout-flex\">\n<figure class=\"wp-block-image size-large\"><img loading=\"lazy\" decoding=\"async\" width=\"1024\" height=\"576\" data-id=\"1794\" src=\"https:\/\/zeiss-orchester.de\/wp-content\/uploads\/2019\/05\/20190518_1102460-1024x576.jpg\" alt=\"\" class=\"wp-image-1794\" srcset=\"https:\/\/zeiss-orchester.de\/wp-content\/uploads\/2019\/05\/20190518_1102460-1024x576.jpg 1024w, https:\/\/zeiss-orchester.de\/wp-content\/uploads\/2019\/05\/20190518_1102460-300x169.jpg 300w, https:\/\/zeiss-orchester.de\/wp-content\/uploads\/2019\/05\/20190518_1102460-768x432.jpg 768w, https:\/\/zeiss-orchester.de\/wp-content\/uploads\/2019\/05\/20190518_1102460-624x351.jpg 624w\" sizes=\"auto, (max-width: 1024px) 100vw, 1024px\" \/><figcaption class=\"wp-element-caption\">Spannende Erl\u00e4uterungen<\/figcaption><\/figure>\n\n\n\n<figure class=\"wp-block-image size-large\"><img loading=\"lazy\" decoding=\"async\" width=\"1024\" height=\"576\" data-id=\"1760\" src=\"https:\/\/zeiss-orchester.de\/wp-content\/uploads\/2019\/05\/20190518_105240-1024x576.jpg\" alt=\"\" class=\"wp-image-1760\" srcset=\"https:\/\/zeiss-orchester.de\/wp-content\/uploads\/2019\/05\/20190518_105240-1024x576.jpg 1024w, https:\/\/zeiss-orchester.de\/wp-content\/uploads\/2019\/05\/20190518_105240-300x169.jpg 300w, https:\/\/zeiss-orchester.de\/wp-content\/uploads\/2019\/05\/20190518_105240-768x432.jpg 768w, https:\/\/zeiss-orchester.de\/wp-content\/uploads\/2019\/05\/20190518_105240-624x351.jpg 624w\" sizes=\"auto, (max-width: 1024px) 100vw, 1024px\" \/><figcaption class=\"wp-element-caption\">Klarinetten-Mundst\u00fccke werden bestaunt<\/figcaption><\/figure>\n<\/figure>\n\n\n\n<p>Die &#8222;Museumsgruppe&#8220; bestaunt w\u00e4hrend der interessanten F\u00fchrung die handwerkliche Leistung der Markneukirchener Instrumentebauer vom 17. Jahrhundert bis in die Gegenwart. <\/p>\n\n\n\n<figure class=\"wp-block-gallery has-nested-images columns-default is-cropped wp-block-gallery-11 is-layout-flex wp-block-gallery-is-layout-flex\">\n<figure class=\"wp-block-image size-large\"><img loading=\"lazy\" decoding=\"async\" width=\"1024\" height=\"576\" data-id=\"1764\" src=\"https:\/\/zeiss-orchester.de\/wp-content\/uploads\/2019\/05\/20190518_122929-1024x576.jpg\" alt=\"\" class=\"wp-image-1764\" srcset=\"https:\/\/zeiss-orchester.de\/wp-content\/uploads\/2019\/05\/20190518_122929-1024x576.jpg 1024w, https:\/\/zeiss-orchester.de\/wp-content\/uploads\/2019\/05\/20190518_122929-300x169.jpg 300w, https:\/\/zeiss-orchester.de\/wp-content\/uploads\/2019\/05\/20190518_122929-768x432.jpg 768w, https:\/\/zeiss-orchester.de\/wp-content\/uploads\/2019\/05\/20190518_122929-624x351.jpg 624w\" sizes=\"auto, (max-width: 1024px) 100vw, 1024px\" \/><figcaption class=\"wp-element-caption\">In der Gastst\u00e4tte &#8222;Zum heiteren Blick&#8220;<\/figcaption><\/figure>\n\n\n\n<figure class=\"wp-block-image size-large\"><img loading=\"lazy\" decoding=\"async\" width=\"1024\" height=\"576\" data-id=\"1766\" src=\"https:\/\/zeiss-orchester.de\/wp-content\/uploads\/2019\/05\/20190518_145007-1024x576.jpg\" alt=\"\" class=\"wp-image-1766\" srcset=\"https:\/\/zeiss-orchester.de\/wp-content\/uploads\/2019\/05\/20190518_145007-1024x576.jpg 1024w, https:\/\/zeiss-orchester.de\/wp-content\/uploads\/2019\/05\/20190518_145007-300x169.jpg 300w, https:\/\/zeiss-orchester.de\/wp-content\/uploads\/2019\/05\/20190518_145007-768x432.jpg 768w, https:\/\/zeiss-orchester.de\/wp-content\/uploads\/2019\/05\/20190518_145007-624x351.jpg 624w\" sizes=\"auto, (max-width: 1024px) 100vw, 1024px\" \/><figcaption class=\"wp-element-caption\">Die Geschichte des Geigenbaus<\/figcaption><\/figure>\n<\/figure>\n\n\n\n<figure class=\"wp-block-gallery has-nested-images columns-default is-cropped wp-block-gallery-12 is-layout-flex wp-block-gallery-is-layout-flex\">\n<figure class=\"wp-block-image\"><img loading=\"lazy\" decoding=\"async\" width=\"576\" height=\"1024\" data-id=\"1761\" src=\"https:\/\/zeiss-orchester.de\/wp-content\/uploads\/2019\/05\/20190518_105932-e1558286622846-576x1024.jpg\" alt=\"\" class=\"wp-image-1761\" srcset=\"https:\/\/zeiss-orchester.de\/wp-content\/uploads\/2019\/05\/20190518_105932-e1558286622846-576x1024.jpg 576w, https:\/\/zeiss-orchester.de\/wp-content\/uploads\/2019\/05\/20190518_105932-e1558286622846-169x300.jpg 169w, https:\/\/zeiss-orchester.de\/wp-content\/uploads\/2019\/05\/20190518_105932-e1558286622846-768x1365.jpg 768w, https:\/\/zeiss-orchester.de\/wp-content\/uploads\/2019\/05\/20190518_105932-e1558286622846-624x1109.jpg 624w\" sizes=\"auto, (max-width: 576px) 100vw, 576px\" \/><figcaption class=\"wp-element-caption\">So entsteht ein Horn!<\/figcaption><\/figure>\n\n\n\n<figure class=\"wp-block-image\"><img loading=\"lazy\" decoding=\"async\" width=\"576\" height=\"1024\" data-id=\"1763\" src=\"https:\/\/zeiss-orchester.de\/wp-content\/uploads\/2019\/05\/20190518_120503-e1558286861391-576x1024.jpg\" alt=\"\" class=\"wp-image-1763\" srcset=\"https:\/\/zeiss-orchester.de\/wp-content\/uploads\/2019\/05\/20190518_120503-e1558286861391-576x1024.jpg 576w, https:\/\/zeiss-orchester.de\/wp-content\/uploads\/2019\/05\/20190518_120503-e1558286861391-169x300.jpg 169w, https:\/\/zeiss-orchester.de\/wp-content\/uploads\/2019\/05\/20190518_120503-e1558286861391-768x1365.jpg 768w, https:\/\/zeiss-orchester.de\/wp-content\/uploads\/2019\/05\/20190518_120503-e1558286861391-624x1109.jpg 624w\" sizes=\"auto, (max-width: 576px) 100vw, 576px\" \/><figcaption class=\"wp-element-caption\">Posaunenuhr<\/figcaption><\/figure>\n\n\n\n<figure class=\"wp-block-image\"><img loading=\"lazy\" decoding=\"async\" width=\"576\" height=\"1024\" data-id=\"1759\" src=\"https:\/\/zeiss-orchester.de\/wp-content\/uploads\/2019\/05\/20190518_103329-e1558286487499-576x1024.jpg\" alt=\"\" class=\"wp-image-1759\" srcset=\"https:\/\/zeiss-orchester.de\/wp-content\/uploads\/2019\/05\/20190518_103329-e1558286487499-576x1024.jpg 576w, https:\/\/zeiss-orchester.de\/wp-content\/uploads\/2019\/05\/20190518_103329-e1558286487499-169x300.jpg 169w, https:\/\/zeiss-orchester.de\/wp-content\/uploads\/2019\/05\/20190518_103329-e1558286487499-768x1365.jpg 768w, https:\/\/zeiss-orchester.de\/wp-content\/uploads\/2019\/05\/20190518_103329-e1558286487499-624x1109.jpg 624w\" sizes=\"auto, (max-width: 576px) 100vw, 576px\" \/><figcaption class=\"wp-element-caption\">Die &#8222;Museumsgruppe&#8220;<\/figcaption><\/figure>\n\n\n\n<figure class=\"wp-block-image\"><img loading=\"lazy\" decoding=\"async\" width=\"1024\" height=\"576\" data-id=\"1797\" src=\"https:\/\/zeiss-orchester.de\/wp-content\/uploads\/2019\/05\/20190518_090953-1-1024x576.jpg\" alt=\"\" class=\"wp-image-1797\" srcset=\"https:\/\/zeiss-orchester.de\/wp-content\/uploads\/2019\/05\/20190518_090953-1-1024x576.jpg 1024w, https:\/\/zeiss-orchester.de\/wp-content\/uploads\/2019\/05\/20190518_090953-1-300x169.jpg 300w, https:\/\/zeiss-orchester.de\/wp-content\/uploads\/2019\/05\/20190518_090953-1-768x432.jpg 768w, https:\/\/zeiss-orchester.de\/wp-content\/uploads\/2019\/05\/20190518_090953-1-624x351.jpg 624w\" sizes=\"auto, (max-width: 1024px) 100vw, 1024px\" \/><\/figure>\n<\/figure>\n\n\n\n<figure class=\"wp-block-image\"><img loading=\"lazy\" decoding=\"async\" width=\"1024\" height=\"576\" src=\"https:\/\/zeiss-orchester.de\/wp-content\/uploads\/2019\/05\/20190518_184437-1024x576.jpg\" alt=\"\" class=\"wp-image-1767\" srcset=\"https:\/\/zeiss-orchester.de\/wp-content\/uploads\/2019\/05\/20190518_184437-1024x576.jpg 1024w, https:\/\/zeiss-orchester.de\/wp-content\/uploads\/2019\/05\/20190518_184437-300x169.jpg 300w, https:\/\/zeiss-orchester.de\/wp-content\/uploads\/2019\/05\/20190518_184437-768x432.jpg 768w, https:\/\/zeiss-orchester.de\/wp-content\/uploads\/2019\/05\/20190518_184437-624x351.jpg 624w\" sizes=\"auto, (max-width: 1024px) 100vw, 1024px\" \/><figcaption class=\"wp-element-caption\">Gruppenfoto an der G\u00f6ltzschtalbr\u00fccke<\/figcaption><\/figure>\n\n\n\n<h2 class=\"wp-block-heading\"> Die bundesweiten <strong>Tage der Chor- und Orchestermusik in Gotha vom 29. &#8211; 31. M\u00e4rz:<\/strong> <br>Rund 1000 Mitwirkende, und wir  waren dabei!<\/h2>\n\n\n\n<p>Wir spielten am 30.03.2019 zur <strong>&#8222;Nacht der Musik&#8220;<\/strong> in der Stadthalle Gotha&#8220; Ausz\u00fcge aus unserem Programm, das wir am 14.03.2019 zum Fr\u00fchlingskonzert im Volkshaus Jena auff\u00fchren.<br><\/p>\n\n\n\n<figure class=\"wp-block-gallery has-nested-images columns-default is-cropped wp-block-gallery-13 is-layout-flex wp-block-gallery-is-layout-flex\">\n<figure class=\"wp-block-image size-large\"><img loading=\"lazy\" decoding=\"async\" width=\"1024\" height=\"576\" data-id=\"1658\" src=\"https:\/\/zeiss-orchester.de\/wp-content\/uploads\/2019\/03\/20190330_212929_001-1024x576.jpg\" alt=\"\" class=\"wp-image-1658\" srcset=\"https:\/\/zeiss-orchester.de\/wp-content\/uploads\/2019\/03\/20190330_212929_001-1024x576.jpg 1024w, https:\/\/zeiss-orchester.de\/wp-content\/uploads\/2019\/03\/20190330_212929_001-300x169.jpg 300w, https:\/\/zeiss-orchester.de\/wp-content\/uploads\/2019\/03\/20190330_212929_001-768x432.jpg 768w, https:\/\/zeiss-orchester.de\/wp-content\/uploads\/2019\/03\/20190330_212929_001-624x351.jpg 624w\" sizes=\"auto, (max-width: 1024px) 100vw, 1024px\" \/><figcaption class=\"wp-element-caption\">30.03.2019 Nacht der Musik<\/figcaption><\/figure>\n\n\n\n<figure class=\"wp-block-image size-large\"><img loading=\"lazy\" decoding=\"async\" width=\"1024\" height=\"576\" data-id=\"1659\" src=\"https:\/\/zeiss-orchester.de\/wp-content\/uploads\/2019\/03\/20190330_213023-1024x576.jpg\" alt=\"\" class=\"wp-image-1659\" srcset=\"https:\/\/zeiss-orchester.de\/wp-content\/uploads\/2019\/03\/20190330_213023-1024x576.jpg 1024w, https:\/\/zeiss-orchester.de\/wp-content\/uploads\/2019\/03\/20190330_213023-300x169.jpg 300w, https:\/\/zeiss-orchester.de\/wp-content\/uploads\/2019\/03\/20190330_213023-768x432.jpg 768w, https:\/\/zeiss-orchester.de\/wp-content\/uploads\/2019\/03\/20190330_213023-624x351.jpg 624w\" sizes=\"auto, (max-width: 1024px) 100vw, 1024px\" \/><figcaption class=\"wp-element-caption\">Auftritt von 21.30-22.00 Uhr<\/figcaption><\/figure>\n<\/figure>\n\n\n<p><span style=\"font-family: Arial, sans-serif;\"><span style=\"font-size: medium;\">Unter dem Titel <\/span><\/span><strong><span style=\"color: #0000ff;\"><span style=\"font-family: Arial, sans-serif;\"><span style=\"font-size: medium;\">DEUTSCHLAND <\/span><\/span><\/span><\/strong><strong><span style=\"color: #993300;\"><span style=\"font-family: Arial, sans-serif;\"><span style=\"font-size: medium;\">FEIERT DIE MUSIK.<\/span><\/span><\/span><\/strong> <strong><span style=\"color: #ff6600;\"><span style=\"font-family: Arial, sans-serif;\"><span style=\"font-size: medium;\">UND DIE, DIE SIE MACHEN <\/span><\/span><\/span><\/strong><span style=\"font-family: Arial, sans-serif;\"><span style=\"font-size: medium;\">wurde die Amateurmusik in diesem Jahr in unserem Bundesland Th\u00fcringen gefeiert. <\/span><\/span>Hier die Programm\u00fcbersicht: \u00a0\u00a0 <a href=\"http:\/\/www.chorverbaende.de\/files\/programmueberblick.pdf\">http:\/\/www.chorverbaende.de\/files\/programmueberblick.pdf\u00a0\u00a0<\/a><\/p>\n<div id=\"attachment_1657\" style=\"width: 310px\" class=\"wp-caption aligncenter\"><img loading=\"lazy\" decoding=\"async\" aria-describedby=\"caption-attachment-1657\" class=\"wp-image-1657 size-medium\" src=\"https:\/\/zeiss-orchester.de\/wp-content\/uploads\/2019\/03\/20190330_190935-300x169.jpg\" alt=\"\" width=\"300\" height=\"169\" srcset=\"https:\/\/zeiss-orchester.de\/wp-content\/uploads\/2019\/03\/20190330_190935-300x169.jpg 300w, https:\/\/zeiss-orchester.de\/wp-content\/uploads\/2019\/03\/20190330_190935-768x432.jpg 768w, https:\/\/zeiss-orchester.de\/wp-content\/uploads\/2019\/03\/20190330_190935-1024x576.jpg 1024w, https:\/\/zeiss-orchester.de\/wp-content\/uploads\/2019\/03\/20190330_190935-624x351.jpg 624w\" sizes=\"auto, (max-width: 300px) 100vw, 300px\" \/><p id=\"caption-attachment-1657\" class=\"wp-caption-text\">Er\u00f6ffnung der &#8222;Nacht der Musik&#8220; um 19.00 Uhr in der Stadthalle zu Gotha<\/p><\/div>\n<p><span style=\"font-family: Arial, sans-serif;\"><span style=\"font-size: medium;\"><span style=\"color: #000000;\">Hier der Link zum Event: <\/span><\/span><\/span><a href=\"http:\/\/www.chorverbaende.de\/de\/tage-der-chor-und-orchestermusik.html\">http:\/\/www.chorverbaende.de\/de\/tage-der-chor-und-orchestermusik.html<\/a><\/p>\n<p>&#8212;&#8212;&#8212;&#8212;&#8212;&#8212;&#8212;&#8212;&#8212;&#8212;&#8212;&#8212;&#8212;&#8212;&#8212;&#8212;&#8212;&#8212;&#8212;&#8212;&#8212;&#8212;&#8212;&#8212;&#8212;&#8212;&#8212;&#8212;&#8212;&#8212;&#8212;&#8212;&#8212;&#8212;&#8212;&#8212;&#8212;&#8212;&#8211;<\/p>\n<p>Vom <strong>23.-25.11. 2018<\/strong> probten wir in der Landesmusikakademie Sondershausen. Tags\u00fcber hatten wir einen straffen Probenplan, doch abends gab es Freizeit und Spa\u00df. <strong><span style=\"color: #993300;\">Bitte in die Fotos hineinklicken!<\/span><\/strong><\/p>\n\n\t\t<style type=\"text\/css\">\n\t\t\t#gallery-1 {\n\t\t\t\tmargin: auto;\n\t\t\t}\n\t\t\t#gallery-1 .gallery-item {\n\t\t\t\tfloat: left;\n\t\t\t\tmargin-top: 10px;\n\t\t\t\ttext-align: center;\n\t\t\t\twidth: 33%;\n\t\t\t}\n\t\t\t#gallery-1 img {\n\t\t\t\tborder: 2px solid #cfcfcf;\n\t\t\t}\n\t\t\t#gallery-1 .gallery-caption {\n\t\t\t\tmargin-left: 0;\n\t\t\t}\n\t\t\t\/* see gallery_shortcode() in wp-includes\/media.php *\/\n\t\t<\/style>\n\t\t<div id='gallery-1' class='gallery galleryid-488 gallery-columns-3 gallery-size-thumbnail'><dl class='gallery-item'>\n\t\t\t<dt class='gallery-icon landscape'>\n\t\t\t\t<a href='https:\/\/zeiss-orchester.de\/?attachment_id=1471'><img loading=\"lazy\" decoding=\"async\" width=\"150\" height=\"150\" src=\"https:\/\/zeiss-orchester.de\/wp-content\/uploads\/2018\/11\/20181124_084236-150x150.jpg\" class=\"attachment-thumbnail size-thumbnail\" alt=\"\" aria-describedby=\"gallery-1-1471\" \/><\/a>\n\t\t\t<\/dt>\n\t\t\t\t<dd class='wp-caption-text gallery-caption' id='gallery-1-1471'>\n\t\t\t\tEssen, feiern, schlafen\n\t\t\t\t<\/dd><\/dl><dl class='gallery-item'>\n\t\t\t<dt class='gallery-icon landscape'>\n\t\t\t\t<a href='https:\/\/zeiss-orchester.de\/?attachment_id=1473'><img loading=\"lazy\" decoding=\"async\" width=\"150\" height=\"150\" src=\"https:\/\/zeiss-orchester.de\/wp-content\/uploads\/2018\/11\/20181124_091627-150x150.jpg\" class=\"attachment-thumbnail size-thumbnail\" alt=\"\" aria-describedby=\"gallery-1-1473\" \/><\/a>\n\t\t\t<\/dt>\n\t\t\t\t<dd class='wp-caption-text gallery-caption' id='gallery-1-1473'>\n\t\t\t\t\u00dcben, \u00fcben, \u00fcben\n\t\t\t\t<\/dd><\/dl><dl class='gallery-item'>\n\t\t\t<dt class='gallery-icon landscape'>\n\t\t\t\t<a href='https:\/\/zeiss-orchester.de\/?attachment_id=1472'><img loading=\"lazy\" decoding=\"async\" width=\"150\" height=\"150\" src=\"https:\/\/zeiss-orchester.de\/wp-content\/uploads\/2018\/11\/20181124_091626-150x150.jpg\" class=\"attachment-thumbnail size-thumbnail\" alt=\"\" aria-describedby=\"gallery-1-1472\" \/><\/a>\n\t\t\t<\/dt>\n\t\t\t\t<dd class='wp-caption-text gallery-caption' id='gallery-1-1472'>\n\t\t\t\tIm Marstall des Schlosses\n\t\t\t\t<\/dd><\/dl><br style=\"clear: both\" \/>\n\t\t<\/div>\n\n\n\t\t<style type=\"text\/css\">\n\t\t\t#gallery-2 {\n\t\t\t\tmargin: auto;\n\t\t\t}\n\t\t\t#gallery-2 .gallery-item {\n\t\t\t\tfloat: left;\n\t\t\t\tmargin-top: 10px;\n\t\t\t\ttext-align: center;\n\t\t\t\twidth: 33%;\n\t\t\t}\n\t\t\t#gallery-2 img {\n\t\t\t\tborder: 2px solid #cfcfcf;\n\t\t\t}\n\t\t\t#gallery-2 .gallery-caption {\n\t\t\t\tmargin-left: 0;\n\t\t\t}\n\t\t\t\/* see gallery_shortcode() in wp-includes\/media.php *\/\n\t\t<\/style>\n\t\t<div id='gallery-2' class='gallery galleryid-488 gallery-columns-3 gallery-size-thumbnail'><dl class='gallery-item'>\n\t\t\t<dt class='gallery-icon landscape'>\n\t\t\t\t<a href='https:\/\/zeiss-orchester.de\/?attachment_id=1514'><img loading=\"lazy\" decoding=\"async\" width=\"150\" height=\"150\" src=\"https:\/\/zeiss-orchester.de\/wp-content\/uploads\/2018\/11\/20181124_091628-150x150.jpg\" class=\"attachment-thumbnail size-thumbnail\" alt=\"\" aria-describedby=\"gallery-2-1514\" \/><\/a>\n\t\t\t<\/dt>\n\t\t\t\t<dd class='wp-caption-text gallery-caption' id='gallery-2-1514'>\n\t\t\t\tEinstimmen\n\t\t\t\t<\/dd><\/dl><dl class='gallery-item'>\n\t\t\t<dt class='gallery-icon landscape'>\n\t\t\t\t<a href='https:\/\/zeiss-orchester.de\/?attachment_id=1515'><img loading=\"lazy\" decoding=\"async\" width=\"150\" height=\"150\" src=\"https:\/\/zeiss-orchester.de\/wp-content\/uploads\/2018\/11\/z-ganzes-Orchester-1-150x150.jpeg\" class=\"attachment-thumbnail size-thumbnail\" alt=\"\" aria-describedby=\"gallery-2-1515\" \/><\/a>\n\t\t\t<\/dt>\n\t\t\t\t<dd class='wp-caption-text gallery-caption' id='gallery-2-1515'>\n\t\t\t\tDie Probe beginnt\n\t\t\t\t<\/dd><\/dl><dl class='gallery-item'>\n\t\t\t<dt class='gallery-icon landscape'>\n\t\t\t\t<a href='https:\/\/zeiss-orchester.de\/?attachment_id=1474'><img loading=\"lazy\" decoding=\"async\" width=\"150\" height=\"150\" src=\"https:\/\/zeiss-orchester.de\/wp-content\/uploads\/2018\/11\/20181124_093405-150x150.jpg\" class=\"attachment-thumbnail size-thumbnail\" alt=\"\" aria-describedby=\"gallery-2-1474\" \/><\/a>\n\t\t\t<\/dt>\n\t\t\t\t<dd class='wp-caption-text gallery-caption' id='gallery-2-1474'>\n\t\t\t\tFrohsinn am Morgen\n\t\t\t\t<\/dd><\/dl><br style=\"clear: both\" \/><dl class='gallery-item'>\n\t\t\t<dt class='gallery-icon landscape'>\n\t\t\t\t<a href='https:\/\/zeiss-orchester.de\/?attachment_id=1487'><img loading=\"lazy\" decoding=\"async\" width=\"150\" height=\"150\" src=\"https:\/\/zeiss-orchester.de\/wp-content\/uploads\/2018\/11\/20181124_093637-150x150.jpg\" class=\"attachment-thumbnail size-thumbnail\" alt=\"\" aria-describedby=\"gallery-2-1487\" \/><\/a>\n\t\t\t<\/dt>\n\t\t\t\t<dd class='wp-caption-text gallery-caption' id='gallery-2-1487'>\n\t\t\t\tDie hohen Streicher\n\t\t\t\t<\/dd><\/dl><dl class='gallery-item'>\n\t\t\t<dt class='gallery-icon landscape'>\n\t\t\t\t<a href='https:\/\/zeiss-orchester.de\/?attachment_id=1476'><img loading=\"lazy\" decoding=\"async\" width=\"150\" height=\"150\" src=\"https:\/\/zeiss-orchester.de\/wp-content\/uploads\/2018\/11\/20181124_134609-150x150.jpg\" class=\"attachment-thumbnail size-thumbnail\" alt=\"\" aria-describedby=\"gallery-2-1476\" \/><\/a>\n\t\t\t<\/dt>\n\t\t\t\t<dd class='wp-caption-text gallery-caption' id='gallery-2-1476'>\n\t\t\t\t&#8222;Schreibt ein!&#8220;\n\t\t\t\t<\/dd><\/dl><dl class='gallery-item'>\n\t\t\t<dt class='gallery-icon landscape'>\n\t\t\t\t<a href='https:\/\/zeiss-orchester.de\/?attachment_id=1510'><img loading=\"lazy\" decoding=\"async\" width=\"150\" height=\"150\" src=\"https:\/\/zeiss-orchester.de\/wp-content\/uploads\/2018\/11\/z-harte-Arbeit-bratschen-Roland-150x150.jpeg\" class=\"attachment-thumbnail size-thumbnail\" alt=\"\" aria-describedby=\"gallery-2-1510\" \/><\/a>\n\t\t\t<\/dt>\n\t\t\t\t<dd class='wp-caption-text gallery-caption' id='gallery-2-1510'>\n\t\t\t\tEinschreib-Kontrolle\n\t\t\t\t<\/dd><\/dl><br style=\"clear: both\" \/><dl class='gallery-item'>\n\t\t\t<dt class='gallery-icon landscape'>\n\t\t\t\t<a href='https:\/\/zeiss-orchester.de\/?attachment_id=1475'><img loading=\"lazy\" decoding=\"async\" width=\"150\" height=\"150\" src=\"https:\/\/zeiss-orchester.de\/wp-content\/uploads\/2018\/11\/20181124_095706-150x150.jpg\" class=\"attachment-thumbnail size-thumbnail\" alt=\"\" aria-describedby=\"gallery-2-1475\" \/><\/a>\n\t\t\t<\/dt>\n\t\t\t\t<dd class='wp-caption-text gallery-caption' id='gallery-2-1475'>\n\t\t\t\tDie tiefen Streicher\n\t\t\t\t<\/dd><\/dl><dl class='gallery-item'>\n\t\t\t<dt class='gallery-icon portrait'>\n\t\t\t\t<a href='https:\/\/zeiss-orchester.de\/?attachment_id=1488'><img loading=\"lazy\" decoding=\"async\" width=\"150\" height=\"150\" src=\"https:\/\/zeiss-orchester.de\/wp-content\/uploads\/2018\/11\/20181124_150404-1-e1543124380905-150x150.jpg\" class=\"attachment-thumbnail size-thumbnail\" alt=\"\" aria-describedby=\"gallery-2-1488\" \/><\/a>\n\t\t\t<\/dt>\n\t\t\t\t<dd class='wp-caption-text gallery-caption' id='gallery-2-1488'>\n\t\t\t\tSekundenschlaf\n\t\t\t\t<\/dd><\/dl><dl class='gallery-item'>\n\t\t\t<dt class='gallery-icon landscape'>\n\t\t\t\t<a href='https:\/\/zeiss-orchester.de\/?attachment_id=1513'><img loading=\"lazy\" decoding=\"async\" width=\"150\" height=\"150\" src=\"https:\/\/zeiss-orchester.de\/wp-content\/uploads\/2018\/11\/z-register-blech-150x150.jpeg\" class=\"attachment-thumbnail size-thumbnail\" alt=\"\" aria-describedby=\"gallery-2-1513\" \/><\/a>\n\t\t\t<\/dt>\n\t\t\t\t<dd class='wp-caption-text gallery-caption' id='gallery-2-1513'>\n\t\t\t\tDas Register der Blechbl\u00e4ser\n\t\t\t\t<\/dd><\/dl><br style=\"clear: both\" \/><dl class='gallery-item'>\n\t\t\t<dt class='gallery-icon landscape'>\n\t\t\t\t<a href='https:\/\/zeiss-orchester.de\/?attachment_id=1508'><img loading=\"lazy\" decoding=\"async\" width=\"150\" height=\"150\" src=\"https:\/\/zeiss-orchester.de\/wp-content\/uploads\/2018\/11\/z-das-holz-150x150.jpeg\" class=\"attachment-thumbnail size-thumbnail\" alt=\"\" aria-describedby=\"gallery-2-1508\" \/><\/a>\n\t\t\t<\/dt>\n\t\t\t\t<dd class='wp-caption-text gallery-caption' id='gallery-2-1508'>\n\t\t\t\tDas Register der Holzbl\u00e4ser\n\t\t\t\t<\/dd><\/dl><dl class='gallery-item'>\n\t\t\t<dt class='gallery-icon landscape'>\n\t\t\t\t<a href='https:\/\/zeiss-orchester.de\/?attachment_id=1512'><img loading=\"lazy\" decoding=\"async\" width=\"150\" height=\"150\" src=\"https:\/\/zeiss-orchester.de\/wp-content\/uploads\/2018\/11\/z-mit-Una-Orch.-150x150.jpg\" class=\"attachment-thumbnail size-thumbnail\" alt=\"\" aria-describedby=\"gallery-2-1512\" \/><\/a>\n\t\t\t<\/dt>\n\t\t\t\t<dd class='wp-caption-text gallery-caption' id='gallery-2-1512'>\n\t\t\t\tProbe mit der Hornistin\n\t\t\t\t<\/dd><\/dl><dl class='gallery-item'>\n\t\t\t<dt class='gallery-icon landscape'>\n\t\t\t\t<a href='https:\/\/zeiss-orchester.de\/?attachment_id=1511'><img loading=\"lazy\" decoding=\"async\" width=\"150\" height=\"150\" src=\"https:\/\/zeiss-orchester.de\/wp-content\/uploads\/2018\/11\/z-mit-una-gro\u00df-150x150.jpeg\" class=\"attachment-thumbnail size-thumbnail\" alt=\"\" aria-describedby=\"gallery-2-1511\" \/><\/a>\n\t\t\t<\/dt>\n\t\t\t\t<dd class='wp-caption-text gallery-caption' id='gallery-2-1511'>\n\t\t\t\tRoland und Una Weske\n\t\t\t\t<\/dd><\/dl><br style=\"clear: both\" \/>\n\t\t<\/div>\n\n<p>Es ist immer wieder sch\u00f6n zu erleben, wie MusikerInnen verschiedenster Generationen &#8211; Studierende und Rentner,\u00a0 Zeiss- Angeh\u00f6rige und Mitt- F\u00fcnfziger- zusammenkommen, um ein gemeinsames Ziel zu verfolgen: \u00a0\u00a0 ihr K\u00f6nnen zu verbessern, um beim n\u00e4chsten Konzert mit bestm\u00f6glicher Interpretation der vom Dirigenten ausgew\u00e4hlten St\u00fccke ihr Publikum begeistern und damit sich selbst erfreuen zu k\u00f6nnen.\u00a0\u00a0\u00a0\u00a0\u00a0\u00a0 <em><strong><span style=\"color: #008000;\">Musik verbindet.<\/span><\/strong><\/em><\/p>\n\n\t\t<style type=\"text\/css\">\n\t\t\t#gallery-3 {\n\t\t\t\tmargin: auto;\n\t\t\t}\n\t\t\t#gallery-3 .gallery-item {\n\t\t\t\tfloat: left;\n\t\t\t\tmargin-top: 10px;\n\t\t\t\ttext-align: center;\n\t\t\t\twidth: 33%;\n\t\t\t}\n\t\t\t#gallery-3 img {\n\t\t\t\tborder: 2px solid #cfcfcf;\n\t\t\t}\n\t\t\t#gallery-3 .gallery-caption {\n\t\t\t\tmargin-left: 0;\n\t\t\t}\n\t\t\t\/* see gallery_shortcode() in wp-includes\/media.php *\/\n\t\t<\/style>\n\t\t<div id='gallery-3' class='gallery galleryid-488 gallery-columns-3 gallery-size-thumbnail'><dl class='gallery-item'>\n\t\t\t<dt class='gallery-icon landscape'>\n\t\t\t\t<a href='https:\/\/zeiss-orchester.de\/?attachment_id=1489'><img loading=\"lazy\" decoding=\"async\" width=\"150\" height=\"150\" src=\"https:\/\/zeiss-orchester.de\/wp-content\/uploads\/2018\/11\/20181123_214609.1-150x150.jpg\" class=\"attachment-thumbnail size-thumbnail\" alt=\"\" aria-describedby=\"gallery-3-1489\" \/><\/a>\n\t\t\t<\/dt>\n\t\t\t\t<dd class='wp-caption-text gallery-caption' id='gallery-3-1489'>\n\t\t\t\t&#8230;dann das Vergn\u00fcgen\n\t\t\t\t<\/dd><\/dl><dl class='gallery-item'>\n\t\t\t<dt class='gallery-icon landscape'>\n\t\t\t\t<a href='https:\/\/zeiss-orchester.de\/?attachment_id=1480'><img loading=\"lazy\" decoding=\"async\" width=\"150\" height=\"150\" src=\"https:\/\/zeiss-orchester.de\/wp-content\/uploads\/2018\/11\/20181123_220120-150x150.jpg\" class=\"attachment-thumbnail size-thumbnail\" alt=\"\" aria-describedby=\"gallery-3-1480\" \/><\/a>\n\t\t\t<\/dt>\n\t\t\t\t<dd class='wp-caption-text gallery-caption' id='gallery-3-1480'>\n\t\t\t\tBesondere Ehrung f\u00fcr Herbert\n\t\t\t\t<\/dd><\/dl><dl class='gallery-item'>\n\t\t\t<dt class='gallery-icon landscape'>\n\t\t\t\t<a href='https:\/\/zeiss-orchester.de\/?attachment_id=1479'><img loading=\"lazy\" decoding=\"async\" width=\"150\" height=\"150\" src=\"https:\/\/zeiss-orchester.de\/wp-content\/uploads\/2018\/11\/20181123_214841-150x150.jpg\" class=\"attachment-thumbnail size-thumbnail\" alt=\"\" aria-describedby=\"gallery-3-1479\" \/><\/a>\n\t\t\t<\/dt>\n\t\t\t\t<dd class='wp-caption-text gallery-caption' id='gallery-3-1479'>\n\t\t\t\tGem\u00fctlichkeit am Abend\n\t\t\t\t<\/dd><\/dl><br style=\"clear: both\" \/>\n\t\t<\/div>\n\n<p><span style=\"color: #993300;\"><strong>Bitte klicken Sie auf die Bilder, um sie in ganzer Gr\u00f6\u00dfe und mit allen Details sehen zu k\u00f6nnen. Mehr davon finden Sie in unserer Bildergalerie!<\/strong><\/span><\/p>\n<p>Und am <strong>18. Mai 2019<\/strong> ist ein Familienausflugstag nach Markneukirchen geplant, wo wir mit Partnern und Kindern Instrumentemachern \u00fcber die Schultern schauen werden. Hauptorganisator ist unser k\u00fcnstlerischer Leiter Roland Weske (siehe Foto).<\/p>\n\n\t\t<style type=\"text\/css\">\n\t\t\t#gallery-4 {\n\t\t\t\tmargin: auto;\n\t\t\t}\n\t\t\t#gallery-4 .gallery-item {\n\t\t\t\tfloat: left;\n\t\t\t\tmargin-top: 10px;\n\t\t\t\ttext-align: center;\n\t\t\t\twidth: 33%;\n\t\t\t}\n\t\t\t#gallery-4 img {\n\t\t\t\tborder: 2px solid #cfcfcf;\n\t\t\t}\n\t\t\t#gallery-4 .gallery-caption {\n\t\t\t\tmargin-left: 0;\n\t\t\t}\n\t\t\t\/* see gallery_shortcode() in wp-includes\/media.php *\/\n\t\t<\/style>\n\t\t<div id='gallery-4' class='gallery galleryid-488 gallery-columns-3 gallery-size-thumbnail'><dl class='gallery-item'>\n\t\t\t<dt class='gallery-icon portrait'>\n\t\t\t\t<a href='https:\/\/zeiss-orchester.de\/?attachment_id=811'><img loading=\"lazy\" decoding=\"async\" width=\"100\" height=\"150\" src=\"https:\/\/zeiss-orchester.de\/wp-content\/uploads\/2017\/09\/konzertbild-100x150.jpg\" class=\"attachment-thumbnail size-thumbnail\" alt=\"\" aria-describedby=\"gallery-4-811\" \/><\/a>\n\t\t\t<\/dt>\n\t\t\t\t<dd class='wp-caption-text gallery-caption' id='gallery-4-811'>\n\t\t\t\tRoland Weske beim Herbstkonzert 2017\n\t\t\t\t<\/dd><\/dl>\n\t\t\t<br style='clear: both' \/>\n\t\t<\/div>\n\n<p>Am Sonntag, 23.09. 2018 traten wir in einer Kleingruppe (8 Streicher und 2 Fl\u00f6ten) zum Johannisfest auf dem Johannisfriedhof auf. Damit unterst\u00fctzten wir das Johannisfest, indem wir diese Veranstaltung musikalisch untermalten.\u00a0 <span style=\"color: #993300;\"><strong>Wichtig: Bitte einen Doppelclick in die Fotos machen! Dann sehen Sie nicht nur einen kleinen Ausschnitt, sondern das gesamte Bild und es entgehen Ihnen keine wichtigen Details. DANKE!<\/strong><\/span><\/p>\n\n\t\t<style type=\"text\/css\">\n\t\t\t#gallery-5 {\n\t\t\t\tmargin: auto;\n\t\t\t}\n\t\t\t#gallery-5 .gallery-item {\n\t\t\t\tfloat: left;\n\t\t\t\tmargin-top: 10px;\n\t\t\t\ttext-align: center;\n\t\t\t\twidth: 33%;\n\t\t\t}\n\t\t\t#gallery-5 img {\n\t\t\t\tborder: 2px solid #cfcfcf;\n\t\t\t}\n\t\t\t#gallery-5 .gallery-caption {\n\t\t\t\tmargin-left: 0;\n\t\t\t}\n\t\t\t\/* see gallery_shortcode() in wp-includes\/media.php *\/\n\t\t<\/style>\n\t\t<div id='gallery-5' class='gallery galleryid-488 gallery-columns-3 gallery-size-thumbnail'><dl class='gallery-item'>\n\t\t\t<dt class='gallery-icon landscape'>\n\t\t\t\t<a href='https:\/\/zeiss-orchester.de\/?attachment_id=1373'><img loading=\"lazy\" decoding=\"async\" width=\"150\" height=\"150\" src=\"https:\/\/zeiss-orchester.de\/wp-content\/uploads\/2018\/09\/20180923_111817-150x150.jpg\" class=\"attachment-thumbnail size-thumbnail\" alt=\"\" aria-describedby=\"gallery-5-1373\" \/><\/a>\n\t\t\t<\/dt>\n\t\t\t\t<dd class='wp-caption-text gallery-caption' id='gallery-5-1373'>\n\t\t\t\tVor dem Gartenhaus Johannisfriedhof\n\t\t\t\t<\/dd><\/dl><dl class='gallery-item'>\n\t\t\t<dt class='gallery-icon landscape'>\n\t\t\t\t<a href='https:\/\/zeiss-orchester.de\/?attachment_id=1372'><img loading=\"lazy\" decoding=\"async\" width=\"150\" height=\"150\" src=\"https:\/\/zeiss-orchester.de\/wp-content\/uploads\/2018\/09\/20180923_111607-150x150.jpg\" class=\"attachment-thumbnail size-thumbnail\" alt=\"\" aria-describedby=\"gallery-5-1372\" \/><\/a>\n\t\t\t<\/dt>\n\t\t\t\t<dd class='wp-caption-text gallery-caption' id='gallery-5-1372'>\n\t\t\t\tVolker, Theo und Theresa freuen sich  auf den Auftritt\n\t\t\t\t<\/dd><\/dl><dl class='gallery-item'>\n\t\t\t<dt class='gallery-icon landscape'>\n\t\t\t\t<a href='https:\/\/zeiss-orchester.de\/?attachment_id=1374'><img loading=\"lazy\" decoding=\"async\" width=\"150\" height=\"150\" src=\"https:\/\/zeiss-orchester.de\/wp-content\/uploads\/2018\/09\/20180923_114340-e1537707465701-150x150.jpg\" class=\"attachment-thumbnail size-thumbnail\" alt=\"\" aria-describedby=\"gallery-5-1374\" \/><\/a>\n\t\t\t<\/dt>\n\t\t\t\t<dd class='wp-caption-text gallery-caption' id='gallery-5-1374'>\n\t\t\t\tWir musizieren unter Leitung unseres Dirigenten Roland Weske\n\t\t\t\t<\/dd><\/dl><br style=\"clear: both\" \/>\n\t\t<\/div>\n\n<p>Vorher probten wir im K\u00fcchenanbau des Volkshauses, unserem Notenarchiv. Diese Aufnahmen sind historisch, denn vermutlich wird dieses Haus bald abgerissen!<\/p>\n\n\t\t<style type=\"text\/css\">\n\t\t\t#gallery-6 {\n\t\t\t\tmargin: auto;\n\t\t\t}\n\t\t\t#gallery-6 .gallery-item {\n\t\t\t\tfloat: left;\n\t\t\t\tmargin-top: 10px;\n\t\t\t\ttext-align: center;\n\t\t\t\twidth: 33%;\n\t\t\t}\n\t\t\t#gallery-6 img {\n\t\t\t\tborder: 2px solid #cfcfcf;\n\t\t\t}\n\t\t\t#gallery-6 .gallery-caption {\n\t\t\t\tmargin-left: 0;\n\t\t\t}\n\t\t\t\/* see gallery_shortcode() in wp-includes\/media.php *\/\n\t\t<\/style>\n\t\t<div id='gallery-6' class='gallery galleryid-488 gallery-columns-3 gallery-size-thumbnail'><dl class='gallery-item'>\n\t\t\t<dt class='gallery-icon landscape'>\n\t\t\t\t<a href='https:\/\/zeiss-orchester.de\/?attachment_id=1376'><img loading=\"lazy\" decoding=\"async\" width=\"150\" height=\"150\" src=\"https:\/\/zeiss-orchester.de\/wp-content\/uploads\/2018\/09\/20180923_094058-150x150.jpg\" class=\"attachment-thumbnail size-thumbnail\" alt=\"\" aria-describedby=\"gallery-6-1376\" \/><\/a>\n\t\t\t<\/dt>\n\t\t\t\t<dd class='wp-caption-text gallery-caption' id='gallery-6-1376'>\n\t\t\t\t2018: Wir proben im &#8222;K\u00fcchenanbau&#8220;\n\t\t\t\t<\/dd><\/dl><dl class='gallery-item'>\n\t\t\t<dt class='gallery-icon landscape'>\n\t\t\t\t<a href='https:\/\/zeiss-orchester.de\/?attachment_id=1377'><img loading=\"lazy\" decoding=\"async\" width=\"150\" height=\"150\" src=\"https:\/\/zeiss-orchester.de\/wp-content\/uploads\/2018\/09\/20180923_094105-150x150.jpg\" class=\"attachment-thumbnail size-thumbnail\" alt=\"\" aria-describedby=\"gallery-6-1377\" \/><\/a>\n\t\t\t<\/dt>\n\t\t\t\t<dd class='wp-caption-text gallery-caption' id='gallery-6-1377'>\n\t\t\t\tKlein, aber fein!\n\t\t\t\t<\/dd><\/dl><dl class='gallery-item'>\n\t\t\t<dt class='gallery-icon landscape'>\n\t\t\t\t<a href='https:\/\/zeiss-orchester.de\/?attachment_id=1378'><img loading=\"lazy\" decoding=\"async\" width=\"150\" height=\"150\" src=\"https:\/\/zeiss-orchester.de\/wp-content\/uploads\/2018\/09\/20180923_094112-150x150.jpg\" class=\"attachment-thumbnail size-thumbnail\" alt=\"\" aria-describedby=\"gallery-6-1378\" \/><\/a>\n\t\t\t<\/dt>\n\t\t\t\t<dd class='wp-caption-text gallery-caption' id='gallery-6-1378'>\n\t\t\t\t10 Musiker haben Platz, sogar 1 Bass und 2 Celli\n\t\t\t\t<\/dd><\/dl><br style=\"clear: both\" \/><dl class='gallery-item'>\n\t\t\t<dt class='gallery-icon portrait'>\n\t\t\t\t<a href='https:\/\/zeiss-orchester.de\/?attachment_id=1379'><img loading=\"lazy\" decoding=\"async\" width=\"150\" height=\"150\" src=\"https:\/\/zeiss-orchester.de\/wp-content\/uploads\/2018\/09\/20180923_103651-e1537708413741-150x150.jpg\" class=\"attachment-thumbnail size-thumbnail\" alt=\"\" aria-describedby=\"gallery-6-1379\" \/><\/a>\n\t\t\t<\/dt>\n\t\t\t\t<dd class='wp-caption-text gallery-caption' id='gallery-6-1379'>\n\t\t\t\tDie historische Treppe am K\u00fcchenanbau\n\t\t\t\t<\/dd><\/dl><dl class='gallery-item'>\n\t\t\t<dt class='gallery-icon landscape'>\n\t\t\t\t<a href='https:\/\/zeiss-orchester.de\/?attachment_id=1380'><img loading=\"lazy\" decoding=\"async\" width=\"150\" height=\"150\" src=\"https:\/\/zeiss-orchester.de\/wp-content\/uploads\/2018\/09\/20180923_103706-150x150.jpg\" class=\"attachment-thumbnail size-thumbnail\" alt=\"\" aria-describedby=\"gallery-6-1380\" \/><\/a>\n\t\t\t<\/dt>\n\t\t\t\t<dd class='wp-caption-text gallery-caption' id='gallery-6-1380'>\n\t\t\t\tDer historische Anbau mit Graffiti\n\t\t\t\t<\/dd><\/dl><dl class='gallery-item'>\n\t\t\t<dt class='gallery-icon landscape'>\n\t\t\t\t<a href='https:\/\/zeiss-orchester.de\/?attachment_id=1381'><img loading=\"lazy\" decoding=\"async\" width=\"150\" height=\"150\" src=\"https:\/\/zeiss-orchester.de\/wp-content\/uploads\/2018\/09\/20180923_111824-150x150.jpg\" class=\"attachment-thumbnail size-thumbnail\" alt=\"\" aria-describedby=\"gallery-6-1381\" \/><\/a>\n\t\t\t<\/dt>\n\t\t\t\t<dd class='wp-caption-text gallery-caption' id='gallery-6-1381'>\n\t\t\t\tAuf der Treppe des Gartenhauses historischen Johannisfriedhof\n\t\t\t\t<\/dd><\/dl><br style=\"clear: both\" \/>\n\t\t<\/div>\n\n<p>Probentage oder Probenwochenenden bringen uns immer wieder etwas n\u00e4her zusammen. Sie bieten die Gelegenheit, nicht nur gemeinsam zu musizieren, sondern auch gemeinsam etwas Besonderes zu erleben und sich besser kennenzulernen.<\/p>\n\n\t\t<style type=\"text\/css\">\n\t\t\t#gallery-7 {\n\t\t\t\tmargin: auto;\n\t\t\t}\n\t\t\t#gallery-7 .gallery-item {\n\t\t\t\tfloat: left;\n\t\t\t\tmargin-top: 10px;\n\t\t\t\ttext-align: center;\n\t\t\t\twidth: 33%;\n\t\t\t}\n\t\t\t#gallery-7 img {\n\t\t\t\tborder: 2px solid #cfcfcf;\n\t\t\t}\n\t\t\t#gallery-7 .gallery-caption {\n\t\t\t\tmargin-left: 0;\n\t\t\t}\n\t\t\t\/* see gallery_shortcode() in wp-includes\/media.php *\/\n\t\t<\/style>\n\t\t<div id='gallery-7' class='gallery galleryid-488 gallery-columns-3 gallery-size-thumbnail'><dl class='gallery-item'>\n\t\t\t<dt class='gallery-icon landscape'>\n\t\t\t\t<a href='https:\/\/zeiss-orchester.de\/?attachment_id=1344'><img loading=\"lazy\" decoding=\"async\" width=\"150\" height=\"150\" src=\"https:\/\/zeiss-orchester.de\/wp-content\/uploads\/2018\/09\/IMG_1009-150x150.jpg\" class=\"attachment-thumbnail size-thumbnail\" alt=\"\" aria-describedby=\"gallery-7-1344\" \/><\/a>\n\t\t\t<\/dt>\n\t\t\t\t<dd class='wp-caption-text gallery-caption' id='gallery-7-1344'>\n\t\t\t\tProbenwochenende in Sondershausen\n\t\t\t\t<\/dd><\/dl><dl class='gallery-item'>\n\t\t\t<dt class='gallery-icon landscape'>\n\t\t\t\t<a href='https:\/\/zeiss-orchester.de\/?attachment_id=1343'><img loading=\"lazy\" decoding=\"async\" width=\"150\" height=\"150\" src=\"https:\/\/zeiss-orchester.de\/wp-content\/uploads\/2018\/09\/IMG_1003-150x150.jpg\" class=\"attachment-thumbnail size-thumbnail\" alt=\"\" aria-describedby=\"gallery-7-1343\" \/><\/a>\n\t\t\t<\/dt>\n\t\t\t\t<dd class='wp-caption-text gallery-caption' id='gallery-7-1343'>\n\t\t\t\tRegisterprobe der Bl\u00e4ser\n\t\t\t\t<\/dd><\/dl><dl class='gallery-item'>\n\t\t\t<dt class='gallery-icon landscape'>\n\t\t\t\t<a href='https:\/\/zeiss-orchester.de\/?attachment_id=1340'><img loading=\"lazy\" decoding=\"async\" width=\"150\" height=\"150\" src=\"https:\/\/zeiss-orchester.de\/wp-content\/uploads\/2018\/09\/IMG_1083-150x150.jpg\" class=\"attachment-thumbnail size-thumbnail\" alt=\"\" aria-describedby=\"gallery-7-1340\" \/><\/a>\n\t\t\t<\/dt>\n\t\t\t\t<dd class='wp-caption-text gallery-caption' id='gallery-7-1340'>\n\t\t\t\tWir \u00fcben &#8222;Schreibmaschine&#8220;\n\t\t\t\t<\/dd><\/dl><br style=\"clear: both\" \/>\n\t\t<\/div>\n\n<p>Aus Spa\u00df am Musizieren treten wir auch manchmal in Kleingruppen auf, n\u00e4mlich wenn es etwas Besonderes zu Feiern gibt wie einen runden Geburtstag eines Mitglieds oder zu \u00f6ffentlichen Anl\u00e4ssen.<\/p>\n\n\t\t<style type=\"text\/css\">\n\t\t\t#gallery-8 {\n\t\t\t\tmargin: auto;\n\t\t\t}\n\t\t\t#gallery-8 .gallery-item {\n\t\t\t\tfloat: left;\n\t\t\t\tmargin-top: 10px;\n\t\t\t\ttext-align: center;\n\t\t\t\twidth: 33%;\n\t\t\t}\n\t\t\t#gallery-8 img {\n\t\t\t\tborder: 2px solid #cfcfcf;\n\t\t\t}\n\t\t\t#gallery-8 .gallery-caption {\n\t\t\t\tmargin-left: 0;\n\t\t\t}\n\t\t\t\/* see gallery_shortcode() in wp-includes\/media.php *\/\n\t\t<\/style>\n\t\t<div id='gallery-8' class='gallery galleryid-488 gallery-columns-3 gallery-size-thumbnail'><dl class='gallery-item'>\n\t\t\t<dt class='gallery-icon landscape'>\n\t\t\t\t<a href='https:\/\/zeiss-orchester.de\/?attachment_id=1345'><img loading=\"lazy\" decoding=\"async\" width=\"150\" height=\"150\" src=\"https:\/\/zeiss-orchester.de\/wp-content\/uploads\/2018\/09\/DSC04886-150x150.jpeg\" class=\"attachment-thumbnail size-thumbnail\" alt=\"\" aria-describedby=\"gallery-8-1345\" \/><\/a>\n\t\t\t<\/dt>\n\t\t\t\t<dd class='wp-caption-text gallery-caption' id='gallery-8-1345'>\n\t\t\t\t2017: Geburtstagsst\u00e4ndchen in Taubach\n\t\t\t\t<\/dd><\/dl><dl class='gallery-item'>\n\t\t\t<dt class='gallery-icon landscape'>\n\t\t\t\t<a href='https:\/\/zeiss-orchester.de\/?attachment_id=1347'><img loading=\"lazy\" decoding=\"async\" width=\"150\" height=\"150\" src=\"https:\/\/zeiss-orchester.de\/wp-content\/uploads\/2018\/09\/DSC04903-150x150.jpg\" class=\"attachment-thumbnail size-thumbnail\" alt=\"\" aria-describedby=\"gallery-8-1347\" \/><\/a>\n\t\t\t<\/dt>\n\t\t\t\t<dd class='wp-caption-text gallery-caption' id='gallery-8-1347'>\n\t\t\t\tUwe und das Alphorn\n\t\t\t\t<\/dd><\/dl><dl class='gallery-item'>\n\t\t\t<dt class='gallery-icon landscape'>\n\t\t\t\t<a href='https:\/\/zeiss-orchester.de\/?attachment_id=1346'><img loading=\"lazy\" decoding=\"async\" width=\"150\" height=\"150\" src=\"https:\/\/zeiss-orchester.de\/wp-content\/uploads\/2018\/09\/DSC04902-150x150.jpeg\" class=\"attachment-thumbnail size-thumbnail\" alt=\"\" aria-describedby=\"gallery-8-1346\" \/><\/a>\n\t\t\t<\/dt>\n\t\t\t\t<dd class='wp-caption-text gallery-caption' id='gallery-8-1346'>\n\t\t\t\tWir singen zu Roland Weskes 70. Geburtstag\n\t\t\t\t<\/dd><\/dl><br style=\"clear: both\" \/>\n\t\t<\/div>\n\n<p>Im Fr\u00fchling\u00a0 2016 waren wir an der S\u00e4chsischen Landesmusikakademie in Colditz zum Probenwochenende. Dort gab es f\u00fcr uns einen Wechsel zwischen konzentrierter Probenarbeit, Schlo\u00dfbesichtigung, entspannendem gemeinsamen Essen und abendlichem gem\u00fctlichen Zusammensein. Dieses Konzept geht immer wieder auf!<\/p>\n\n\t\t<style type=\"text\/css\">\n\t\t\t#gallery-9 {\n\t\t\t\tmargin: auto;\n\t\t\t}\n\t\t\t#gallery-9 .gallery-item {\n\t\t\t\tfloat: left;\n\t\t\t\tmargin-top: 10px;\n\t\t\t\ttext-align: center;\n\t\t\t\twidth: 33%;\n\t\t\t}\n\t\t\t#gallery-9 img {\n\t\t\t\tborder: 2px solid #cfcfcf;\n\t\t\t}\n\t\t\t#gallery-9 .gallery-caption {\n\t\t\t\tmargin-left: 0;\n\t\t\t}\n\t\t\t\/* see gallery_shortcode() in wp-includes\/media.php *\/\n\t\t<\/style>\n\t\t<div id='gallery-9' class='gallery galleryid-488 gallery-columns-3 gallery-size-thumbnail'><dl class='gallery-item'>\n\t\t\t<dt class='gallery-icon landscape'>\n\t\t\t\t<a href='https:\/\/zeiss-orchester.de\/?attachment_id=1352'><img loading=\"lazy\" decoding=\"async\" width=\"150\" height=\"150\" src=\"https:\/\/zeiss-orchester.de\/wp-content\/uploads\/2018\/09\/1-2014-Colditz-150x150.jpe\" class=\"attachment-thumbnail size-thumbnail\" alt=\"\" aria-describedby=\"gallery-9-1352\" \/><\/a>\n\t\t\t<\/dt>\n\t\t\t\t<dd class='wp-caption-text gallery-caption' id='gallery-9-1352'>\n\t\t\t\tGruppenfoto vor Schlo\u00df Colditz\n\t\t\t\t<\/dd><\/dl><dl class='gallery-item'>\n\t\t\t<dt class='gallery-icon landscape'>\n\t\t\t\t<a href='https:\/\/zeiss-orchester.de\/?attachment_id=1356'><img loading=\"lazy\" decoding=\"async\" width=\"150\" height=\"150\" src=\"https:\/\/zeiss-orchester.de\/wp-content\/uploads\/2018\/09\/unspecified-7-150x150.jpe\" class=\"attachment-thumbnail size-thumbnail\" alt=\"\" aria-describedby=\"gallery-9-1356\" \/><\/a>\n\t\t\t<\/dt>\n\t\t\t\t<dd class='wp-caption-text gallery-caption' id='gallery-9-1356'>\n\t\t\t\tUnser Vorstandsvorsitzender hat Durst\n\t\t\t\t<\/dd><\/dl><dl class='gallery-item'>\n\t\t\t<dt class='gallery-icon landscape'>\n\t\t\t\t<a href='https:\/\/zeiss-orchester.de\/?attachment_id=1357'><img loading=\"lazy\" decoding=\"async\" width=\"150\" height=\"150\" src=\"https:\/\/zeiss-orchester.de\/wp-content\/uploads\/2018\/09\/unspecified-10-150x150.jpe\" class=\"attachment-thumbnail size-thumbnail\" alt=\"\" aria-describedby=\"gallery-9-1357\" \/><\/a>\n\t\t\t<\/dt>\n\t\t\t\t<dd class='wp-caption-text gallery-caption' id='gallery-9-1357'>\n\t\t\t\tGem\u00fctlichkeit am Abend\n\t\t\t\t<\/dd><\/dl><br style=\"clear: both\" \/>\n\t\t<\/div>\n\n\n\t\t<style type=\"text\/css\">\n\t\t\t#gallery-10 {\n\t\t\t\tmargin: auto;\n\t\t\t}\n\t\t\t#gallery-10 .gallery-item {\n\t\t\t\tfloat: left;\n\t\t\t\tmargin-top: 10px;\n\t\t\t\ttext-align: center;\n\t\t\t\twidth: 33%;\n\t\t\t}\n\t\t\t#gallery-10 img {\n\t\t\t\tborder: 2px solid #cfcfcf;\n\t\t\t}\n\t\t\t#gallery-10 .gallery-caption {\n\t\t\t\tmargin-left: 0;\n\t\t\t}\n\t\t\t\/* see gallery_shortcode() in wp-includes\/media.php *\/\n\t\t<\/style>\n\t\t<div id='gallery-10' class='gallery galleryid-488 gallery-columns-3 gallery-size-thumbnail'><dl class='gallery-item'>\n\t\t\t<dt class='gallery-icon landscape'>\n\t\t\t\t<a href='https:\/\/zeiss-orchester.de\/?attachment_id=1355'><img loading=\"lazy\" decoding=\"async\" width=\"150\" height=\"150\" src=\"https:\/\/zeiss-orchester.de\/wp-content\/uploads\/2018\/09\/unspecified-5-150x150.jpe\" class=\"attachment-thumbnail size-thumbnail\" alt=\"\" aria-describedby=\"gallery-10-1355\" \/><\/a>\n\t\t\t<\/dt>\n\t\t\t\t<dd class='wp-caption-text gallery-caption' id='gallery-10-1355'>\n\t\t\t\tAngeregte Gespr\u00e4che\n\t\t\t\t<\/dd><\/dl><dl class='gallery-item'>\n\t\t\t<dt class='gallery-icon portrait'>\n\t\t\t\t<a href='https:\/\/zeiss-orchester.de\/?attachment_id=1353'><img loading=\"lazy\" decoding=\"async\" width=\"150\" height=\"150\" src=\"https:\/\/zeiss-orchester.de\/wp-content\/uploads\/2018\/09\/DSC02053-150x150.jpg\" class=\"attachment-thumbnail size-thumbnail\" alt=\"\" aria-describedby=\"gallery-10-1353\" \/><\/a>\n\t\t\t<\/dt>\n\t\t\t\t<dd class='wp-caption-text gallery-caption' id='gallery-10-1353'>\n\t\t\t\tDie Schlo\u00dfbesichtigung\n\t\t\t\t<\/dd><\/dl><dl class='gallery-item'>\n\t\t\t<dt class='gallery-icon landscape'>\n\t\t\t\t<a href='https:\/\/zeiss-orchester.de\/?attachment_id=1354'><img loading=\"lazy\" decoding=\"async\" width=\"150\" height=\"150\" src=\"https:\/\/zeiss-orchester.de\/wp-content\/uploads\/2018\/09\/unspecified-2-150x150.jpe\" class=\"attachment-thumbnail size-thumbnail\" alt=\"\" aria-describedby=\"gallery-10-1354\" \/><\/a>\n\t\t\t<\/dt>\n\t\t\t\t<dd class='wp-caption-text gallery-caption' id='gallery-10-1354'>\n\t\t\t\t3 Streicherinnen unter sich\n\t\t\t\t<\/dd><\/dl><br style=\"clear: both\" \/>\n\t\t<\/div>\n\n\n\n<p><\/p>\n\n\n\n<p><\/p>\n\n\n\n<p><\/p>\n\n\n\n<h2 class=\"wp-block-heading\"><\/h2>\n\n\n\n<p><\/p>\n\n\n\n<h2 class=\"wp-block-heading\"><\/h2>\n\n<!-- Facebook Like Button Vivacity Infotech BEGIN -->\n<div class=\"fb-like\" data-href=\"https:\/\/zeiss-orchester.de\/?page_id=488\" data-layout=\"button\" data-action=\"like\" data-show-faces=\"false\" data-size=\"small\" data-width=\"450\" data-share=\"1\" ><\/div>\n<!-- Facebook Like Button Vivacity Infotech END -->\n","protected":false},"excerpt":{"rendered":"<p>Unser Konzert &#8222;Gemeinsam gegen Einsamkeit Jena&#8220; im Juni 2025 Am 15. Juni 2025 spielten wir bei sommerlicher W\u00e4rme und leichten Windb\u00f6en auf dem Schulhof des Christlichen Gymnasiums. Die Initiative hatte [&hellip;]<\/p>\n","protected":false},"author":1,"featured_media":1767,"parent":14,"menu_order":0,"comment_status":"closed","ping_status":"closed","template":"","meta":{"_price":"","_stock":"","_tribe_ticket_header":"","_tribe_default_ticket_provider":"","_tribe_ticket_capacity":"0","_ticket_start_date":"","_ticket_end_date":"","_tribe_ticket_show_description":"","_tribe_ticket_show_not_going":false,"_tribe_ticket_use_global_stock":"","_tribe_ticket_global_stock_level":"","_global_stock_mode":"","_global_stock_cap":"","_tribe_rsvp_for_event":"","_tribe_ticket_going_count":"","_tribe_ticket_not_going_count":"","_tribe_tickets_list":"[]","_tribe_ticket_has_attendee_info_fields":false,"footnotes":"","_tec_slr_enabled":"","_tec_slr_layout":""},"class_list":["post-488","page","type-page","status-publish","has-post-thumbnail","hentry"],"ticketed":false,"_links":{"self":[{"href":"https:\/\/zeiss-orchester.de\/index.php?rest_route=\/wp\/v2\/pages\/488","targetHints":{"allow":["GET"]}}],"collection":[{"href":"https:\/\/zeiss-orchester.de\/index.php?rest_route=\/wp\/v2\/pages"}],"about":[{"href":"https:\/\/zeiss-orchester.de\/index.php?rest_route=\/wp\/v2\/types\/page"}],"author":[{"embeddable":true,"href":"https:\/\/zeiss-orchester.de\/index.php?rest_route=\/wp\/v2\/users\/1"}],"replies":[{"embeddable":true,"href":"https:\/\/zeiss-orchester.de\/index.php?rest_route=%2Fwp%2Fv2%2Fcomments&post=488"}],"version-history":[{"count":86,"href":"https:\/\/zeiss-orchester.de\/index.php?rest_route=\/wp\/v2\/pages\/488\/revisions"}],"predecessor-version":[{"id":3379,"href":"https:\/\/zeiss-orchester.de\/index.php?rest_route=\/wp\/v2\/pages\/488\/revisions\/3379"}],"up":[{"embeddable":true,"href":"https:\/\/zeiss-orchester.de\/index.php?rest_route=\/wp\/v2\/pages\/14"}],"wp:featuredmedia":[{"embeddable":true,"href":"https:\/\/zeiss-orchester.de\/index.php?rest_route=\/wp\/v2\/media\/1767"}],"wp:attachment":[{"href":"https:\/\/zeiss-orchester.de\/index.php?rest_route=%2Fwp%2Fv2%2Fmedia&parent=488"}],"curies":[{"name":"wp","href":"https:\/\/api.w.org\/{rel}","templated":true}]}}