{"id":364,"date":"2016-03-13T16:11:37","date_gmt":"2016-03-13T14:11:37","guid":{"rendered":"http:\/\/zeiss-orchester.de\/?page_id=364"},"modified":"2025-07-06T18:27:09","modified_gmt":"2025-07-06T16:27:09","slug":"bildergallerie","status":"publish","type":"page","link":"https:\/\/zeiss-orchester.de\/?page_id=364","title":{"rendered":"Bildergalerie"},"content":{"rendered":"\n<!-- Facebook Like Button Vivacity Infotech BEGIN -->\n<div class=\"fb-like\" data-href=\"https:\/\/zeiss-orchester.de\/?page_id=364\" data-layout=\"button\" data-action=\"like\" data-show-faces=\"false\" data-size=\"small\" data-width=\"450\" data-share=\"1\" ><\/div>\n<!-- Facebook Like Button Vivacity Infotech END -->\n\n<h2 class=\"wp-block-heading\">Unser Open-Air-Konzert im Juni 2025<\/h2>\n\n\n\n<figure class=\"wp-block-image size-large\"><img loading=\"lazy\" decoding=\"async\" width=\"1024\" height=\"691\" src=\"https:\/\/zeiss-orchester.de\/wp-content\/uploads\/2025\/06\/5-20250615_100852-1024x691.jpg\" alt=\"\" class=\"wp-image-3225\" srcset=\"https:\/\/zeiss-orchester.de\/wp-content\/uploads\/2025\/06\/5-20250615_100852-1024x691.jpg 1024w, https:\/\/zeiss-orchester.de\/wp-content\/uploads\/2025\/06\/5-20250615_100852-300x203.jpg 300w, https:\/\/zeiss-orchester.de\/wp-content\/uploads\/2025\/06\/5-20250615_100852-768x518.jpg 768w, https:\/\/zeiss-orchester.de\/wp-content\/uploads\/2025\/06\/5-20250615_100852-1536x1037.jpg 1536w, https:\/\/zeiss-orchester.de\/wp-content\/uploads\/2025\/06\/5-20250615_100852-2048x1383.jpg 2048w, https:\/\/zeiss-orchester.de\/wp-content\/uploads\/2025\/06\/5-20250615_100852-624x421.jpg 624w\" sizes=\"auto, (max-width: 1024px) 100vw, 1024px\" \/><\/figure>\n\n\n\n<p>Im Rahmen der Initiative <strong>\u201eGemeinsam gegen Einsamkeit Jena\u201c<\/strong> durften wir im Juni 2025 ein ganz besonderes Open-Air-Konzert gestalten. Bei strahlendem Sommerwetter und inmitten einer herzlichen Atmosph\u00e4re spielten wir f\u00fcr ein Publikum, das sich \u00fcber Musik, Begegnung und Gemeinschaft freute. Ein musikalischer Sonntag, der uns allen in Erinnerung bleiben wird.<\/p>\n\n\n\n<figure class=\"wp-block-image size-large\"><img decoding=\"async\" src=\"https:\/\/zeiss-orchester.de\/wp-content\/uploads\/2025\/06\/20250615_102031-1024x768.jpg\" alt=\"\" class=\"wp-image-3229\"\/><\/figure>\n\n\n\n<figure class=\"wp-block-image size-large\"><img decoding=\"async\" src=\"https:\/\/zeiss-orchester.de\/wp-content\/uploads\/2025\/06\/3-20250615_101310-1-1024x768.jpg\" alt=\"\" class=\"wp-image-3233\"\/><\/figure>\n\n\n\n<p>Dirigiert wurden wir von Manfred Baumg\u00e4rtner, der uns schwungvoll durch das Programm leitete. Unsere Zuschauerinnen und Zuschauer kamen anschlie\u00dfend begeistert auf uns zu. Typisch th\u00fcringisch: von den Organisatoren der Veranstaltung wurde uns allen anschlie\u00dfend eine Bratwurst und ein Kaltgetr\u00e4nk spendiert. <\/p>\n\n\n\n<h2 class=\"wp-block-heading\"><strong>20. Oktober 2024: Wir feiern unser 90. Orchesterjubil\u00e4um<\/strong><\/h2>\n\n\n\n<p class=\"has-text-align-left\"><\/p>\n\n\n\n<figure class=\"wp-block-image size-large\"><img loading=\"lazy\" decoding=\"async\" width=\"1024\" height=\"768\" src=\"https:\/\/zeiss-orchester.de\/wp-content\/uploads\/2024\/10\/1-Grusswort-OB-1024x768.jpg\" alt=\"\" class=\"wp-image-3024\" srcset=\"https:\/\/zeiss-orchester.de\/wp-content\/uploads\/2024\/10\/1-Grusswort-OB-1024x768.jpg 1024w, https:\/\/zeiss-orchester.de\/wp-content\/uploads\/2024\/10\/1-Grusswort-OB-300x225.jpg 300w, https:\/\/zeiss-orchester.de\/wp-content\/uploads\/2024\/10\/1-Grusswort-OB-768x576.jpg 768w, https:\/\/zeiss-orchester.de\/wp-content\/uploads\/2024\/10\/1-Grusswort-OB-1536x1152.jpg 1536w, https:\/\/zeiss-orchester.de\/wp-content\/uploads\/2024\/10\/1-Grusswort-OB-2048x1536.jpg 2048w, https:\/\/zeiss-orchester.de\/wp-content\/uploads\/2024\/10\/1-Grusswort-OB-624x468.jpg 624w\" sizes=\"auto, (max-width: 1024px) 100vw, 1024px\" \/><figcaption class=\"wp-element-caption\">Gru\u00dfwort unseres Oberb\u00fcrgermeisters <\/figcaption><\/figure>\n\n\n\n<p>Unser Aufwand f\u00fcr die Fotoausstellung im Foyer und die vielen Proben haben sich gelohnt; unser Publikum war begeistert. Unsere beiden Solisten spielten meisterhaft! Sehr erfreut hat uns, dass der Konzertsaal von Parkett bis 3. Rang voll besetzt war. <\/p>\n\n\n\n<figure class=\"wp-block-gallery has-nested-images columns-default is-cropped wp-block-gallery-1 is-layout-flex wp-block-gallery-is-layout-flex\"><div class=\"wp-block-image\">\n<figure class=\"aligncenter size-large\"><img loading=\"lazy\" decoding=\"async\" width=\"1024\" height=\"577\" data-id=\"3025\" src=\"https:\/\/zeiss-orchester.de\/wp-content\/uploads\/2024\/10\/5-Altes-Horn-von-Una-erklaert-1024x577.jpg\" alt=\"\" class=\"wp-image-3025\" srcset=\"https:\/\/zeiss-orchester.de\/wp-content\/uploads\/2024\/10\/5-Altes-Horn-von-Una-erklaert-1024x577.jpg 1024w, https:\/\/zeiss-orchester.de\/wp-content\/uploads\/2024\/10\/5-Altes-Horn-von-Una-erklaert-300x169.jpg 300w, https:\/\/zeiss-orchester.de\/wp-content\/uploads\/2024\/10\/5-Altes-Horn-von-Una-erklaert-768x432.jpg 768w, https:\/\/zeiss-orchester.de\/wp-content\/uploads\/2024\/10\/5-Altes-Horn-von-Una-erklaert-1536x865.jpg 1536w, https:\/\/zeiss-orchester.de\/wp-content\/uploads\/2024\/10\/5-Altes-Horn-von-Una-erklaert-2048x1153.jpg 2048w, https:\/\/zeiss-orchester.de\/wp-content\/uploads\/2024\/10\/5-Altes-Horn-von-Una-erklaert-624x351.jpg 624w\" sizes=\"auto, (max-width: 1024px) 100vw, 1024px\" \/><figcaption class=\"wp-element-caption\">Solo-Hornistin Una Weske<\/figcaption><\/figure>\n<\/div>\n\n<div class=\"wp-block-image\">\n<figure class=\"aligncenter size-large\"><img loading=\"lazy\" decoding=\"async\" width=\"1024\" height=\"577\" data-id=\"3026\" src=\"https:\/\/zeiss-orchester.de\/wp-content\/uploads\/2024\/10\/7-Fagott-Solostueck-v.-Lenz-1024x577.jpg\" alt=\"\" class=\"wp-image-3026\" srcset=\"https:\/\/zeiss-orchester.de\/wp-content\/uploads\/2024\/10\/7-Fagott-Solostueck-v.-Lenz-1024x577.jpg 1024w, https:\/\/zeiss-orchester.de\/wp-content\/uploads\/2024\/10\/7-Fagott-Solostueck-v.-Lenz-300x169.jpg 300w, https:\/\/zeiss-orchester.de\/wp-content\/uploads\/2024\/10\/7-Fagott-Solostueck-v.-Lenz-768x432.jpg 768w, https:\/\/zeiss-orchester.de\/wp-content\/uploads\/2024\/10\/7-Fagott-Solostueck-v.-Lenz-1536x865.jpg 1536w, https:\/\/zeiss-orchester.de\/wp-content\/uploads\/2024\/10\/7-Fagott-Solostueck-v.-Lenz-2048x1153.jpg 2048w, https:\/\/zeiss-orchester.de\/wp-content\/uploads\/2024\/10\/7-Fagott-Solostueck-v.-Lenz-624x351.jpg 624w\" sizes=\"auto, (max-width: 1024px) 100vw, 1024px\" \/><figcaption class=\"wp-element-caption\">Solo-Fagottist Manfred Baumg\u00e4rtner<\/figcaption><\/figure>\n<\/div>\n\n<div class=\"wp-block-image\">\n<figure class=\"aligncenter size-large\"><img loading=\"lazy\" decoding=\"async\" width=\"1024\" height=\"577\" data-id=\"3027\" src=\"https:\/\/zeiss-orchester.de\/wp-content\/uploads\/2024\/10\/9-beide-Solisten-Roland-1024x577.jpg\" alt=\"\" class=\"wp-image-3027\" srcset=\"https:\/\/zeiss-orchester.de\/wp-content\/uploads\/2024\/10\/9-beide-Solisten-Roland-1024x577.jpg 1024w, https:\/\/zeiss-orchester.de\/wp-content\/uploads\/2024\/10\/9-beide-Solisten-Roland-300x169.jpg 300w, https:\/\/zeiss-orchester.de\/wp-content\/uploads\/2024\/10\/9-beide-Solisten-Roland-768x432.jpg 768w, https:\/\/zeiss-orchester.de\/wp-content\/uploads\/2024\/10\/9-beide-Solisten-Roland-1536x865.jpg 1536w, https:\/\/zeiss-orchester.de\/wp-content\/uploads\/2024\/10\/9-beide-Solisten-Roland-2048x1153.jpg 2048w, https:\/\/zeiss-orchester.de\/wp-content\/uploads\/2024\/10\/9-beide-Solisten-Roland-624x351.jpg 624w\" sizes=\"auto, (max-width: 1024px) 100vw, 1024px\" \/><figcaption class=\"wp-element-caption\">Applaus f\u00fcr alle <\/figcaption><\/figure>\n<\/div>\n\n<div class=\"wp-block-image\">\n<figure class=\"aligncenter size-large\"><img loading=\"lazy\" decoding=\"async\" width=\"1024\" height=\"768\" data-id=\"3028\" src=\"https:\/\/zeiss-orchester.de\/wp-content\/uploads\/2024\/10\/10-Gratul.-an-Roland-1024x768.jpg\" alt=\"\" class=\"wp-image-3028\" srcset=\"https:\/\/zeiss-orchester.de\/wp-content\/uploads\/2024\/10\/10-Gratul.-an-Roland-1024x768.jpg 1024w, https:\/\/zeiss-orchester.de\/wp-content\/uploads\/2024\/10\/10-Gratul.-an-Roland-300x225.jpg 300w, https:\/\/zeiss-orchester.de\/wp-content\/uploads\/2024\/10\/10-Gratul.-an-Roland-768x576.jpg 768w, https:\/\/zeiss-orchester.de\/wp-content\/uploads\/2024\/10\/10-Gratul.-an-Roland-1536x1152.jpg 1536w, https:\/\/zeiss-orchester.de\/wp-content\/uploads\/2024\/10\/10-Gratul.-an-Roland-2048x1536.jpg 2048w, https:\/\/zeiss-orchester.de\/wp-content\/uploads\/2024\/10\/10-Gratul.-an-Roland-624x468.jpg 624w\" sizes=\"auto, (max-width: 1024px) 100vw, 1024px\" \/><\/figure>\n<\/div><\/figure>\n\n\n\n<p>Unser anschlie\u00dfender Sektempfang mit eigens hergestelltem Buffet f\u00fcr Familienangeh\u00f6rige, Ehemalige, Unterst\u00fctzer und Freunde war nicht nur ein Augenschmaus!<\/p>\n\n\n\n<figure class=\"wp-block-gallery has-nested-images columns-default is-cropped wp-block-gallery-2 is-layout-flex wp-block-gallery-is-layout-flex\">\n<figure class=\"wp-block-image size-large\"><img loading=\"lazy\" decoding=\"async\" width=\"768\" height=\"1024\" data-id=\"3033\" src=\"https:\/\/zeiss-orchester.de\/wp-content\/uploads\/2024\/10\/Roland-spricht-768x1024.jpeg\" alt=\"\" class=\"wp-image-3033\" srcset=\"https:\/\/zeiss-orchester.de\/wp-content\/uploads\/2024\/10\/Roland-spricht-768x1024.jpeg 768w, https:\/\/zeiss-orchester.de\/wp-content\/uploads\/2024\/10\/Roland-spricht-225x300.jpeg 225w, https:\/\/zeiss-orchester.de\/wp-content\/uploads\/2024\/10\/Roland-spricht-624x832.jpeg 624w, https:\/\/zeiss-orchester.de\/wp-content\/uploads\/2024\/10\/Roland-spricht-rotated.jpeg 960w\" sizes=\"auto, (max-width: 768px) 100vw, 768px\" \/><\/figure>\n\n\n\n<figure class=\"wp-block-image size-large\"><img loading=\"lazy\" decoding=\"async\" width=\"1024\" height=\"577\" data-id=\"3030\" src=\"https:\/\/zeiss-orchester.de\/wp-content\/uploads\/2024\/10\/IMG-20241020-WA0011-1024x577.jpg\" alt=\"\" class=\"wp-image-3030\" srcset=\"https:\/\/zeiss-orchester.de\/wp-content\/uploads\/2024\/10\/IMG-20241020-WA0011-1024x577.jpg 1024w, https:\/\/zeiss-orchester.de\/wp-content\/uploads\/2024\/10\/IMG-20241020-WA0011-300x169.jpg 300w, https:\/\/zeiss-orchester.de\/wp-content\/uploads\/2024\/10\/IMG-20241020-WA0011-768x432.jpg 768w, https:\/\/zeiss-orchester.de\/wp-content\/uploads\/2024\/10\/IMG-20241020-WA0011-1536x865.jpg 1536w, https:\/\/zeiss-orchester.de\/wp-content\/uploads\/2024\/10\/IMG-20241020-WA0011-624x351.jpg 624w, https:\/\/zeiss-orchester.de\/wp-content\/uploads\/2024\/10\/IMG-20241020-WA0011.jpg 2000w\" sizes=\"auto, (max-width: 1024px) 100vw, 1024px\" \/><\/figure>\n\n\n\n<figure class=\"wp-block-image size-large\"><img loading=\"lazy\" decoding=\"async\" width=\"771\" height=\"1024\" data-id=\"3032\" src=\"https:\/\/zeiss-orchester.de\/wp-content\/uploads\/2024\/10\/IMG-20241021-WA0000-771x1024.jpg\" alt=\"\" class=\"wp-image-3032\" srcset=\"https:\/\/zeiss-orchester.de\/wp-content\/uploads\/2024\/10\/IMG-20241021-WA0000-771x1024.jpg 771w, https:\/\/zeiss-orchester.de\/wp-content\/uploads\/2024\/10\/IMG-20241021-WA0000-226x300.jpg 226w, https:\/\/zeiss-orchester.de\/wp-content\/uploads\/2024\/10\/IMG-20241021-WA0000-768x1021.jpg 768w, https:\/\/zeiss-orchester.de\/wp-content\/uploads\/2024\/10\/IMG-20241021-WA0000-1156x1536.jpg 1156w, https:\/\/zeiss-orchester.de\/wp-content\/uploads\/2024\/10\/IMG-20241021-WA0000-624x829.jpg 624w, https:\/\/zeiss-orchester.de\/wp-content\/uploads\/2024\/10\/IMG-20241021-WA0000.jpg 1204w\" sizes=\"auto, (max-width: 771px) 100vw, 771px\" \/><\/figure>\n<\/figure>\n\n\n\n<h2 class=\"wp-block-heading\">Orchesterausflug nach Weimar im M\u00e4rz 2024<\/h2>\n\n\n\n<figure class=\"wp-block-gallery has-nested-images columns-default is-cropped wp-block-gallery-3 is-layout-flex wp-block-gallery-is-layout-flex\">\n<figure class=\"wp-block-image size-large\"><img loading=\"lazy\" decoding=\"async\" width=\"1024\" height=\"683\" data-id=\"2890\" src=\"https:\/\/zeiss-orchester.de\/wp-content\/uploads\/2024\/04\/Theaterplatz-1024x683.jpg\" alt=\"\" class=\"wp-image-2890\" srcset=\"https:\/\/zeiss-orchester.de\/wp-content\/uploads\/2024\/04\/Theaterplatz-1024x683.jpg 1024w, https:\/\/zeiss-orchester.de\/wp-content\/uploads\/2024\/04\/Theaterplatz-300x200.jpg 300w, https:\/\/zeiss-orchester.de\/wp-content\/uploads\/2024\/04\/Theaterplatz-768x512.jpg 768w, https:\/\/zeiss-orchester.de\/wp-content\/uploads\/2024\/04\/Theaterplatz-1536x1024.jpg 1536w, https:\/\/zeiss-orchester.de\/wp-content\/uploads\/2024\/04\/Theaterplatz-2048x1365.jpg 2048w, https:\/\/zeiss-orchester.de\/wp-content\/uploads\/2024\/04\/Theaterplatz-624x416.jpg 624w\" sizes=\"auto, (max-width: 1024px) 100vw, 1024px\" \/><figcaption class=\"wp-element-caption\">Theaterplatz<\/figcaption><\/figure>\n\n\n\n<figure class=\"wp-block-image size-large\"><img loading=\"lazy\" decoding=\"async\" width=\"1024\" height=\"683\" data-id=\"2889\" src=\"https:\/\/zeiss-orchester.de\/wp-content\/uploads\/2024\/04\/In-Bauhaus-Uni-1024x683.jpg\" alt=\"\" class=\"wp-image-2889\" srcset=\"https:\/\/zeiss-orchester.de\/wp-content\/uploads\/2024\/04\/In-Bauhaus-Uni-1024x683.jpg 1024w, https:\/\/zeiss-orchester.de\/wp-content\/uploads\/2024\/04\/In-Bauhaus-Uni-300x200.jpg 300w, https:\/\/zeiss-orchester.de\/wp-content\/uploads\/2024\/04\/In-Bauhaus-Uni-768x512.jpg 768w, https:\/\/zeiss-orchester.de\/wp-content\/uploads\/2024\/04\/In-Bauhaus-Uni-1536x1024.jpg 1536w, https:\/\/zeiss-orchester.de\/wp-content\/uploads\/2024\/04\/In-Bauhaus-Uni-2048x1365.jpg 2048w, https:\/\/zeiss-orchester.de\/wp-content\/uploads\/2024\/04\/In-Bauhaus-Uni-624x416.jpg 624w\" sizes=\"auto, (max-width: 1024px) 100vw, 1024px\" \/><figcaption class=\"wp-element-caption\">Bauhaus-Universit\u00e4t<\/figcaption><\/figure>\n\n\n\n<figure class=\"wp-block-image size-large\"><img loading=\"lazy\" decoding=\"async\" width=\"575\" height=\"1024\" data-id=\"2888\" src=\"https:\/\/zeiss-orchester.de\/wp-content\/uploads\/2024\/04\/In-Bauhaus-Uni-unsere-Stadtfuehrerin-Frau-Weske-575x1024.jpg\" alt=\"\" class=\"wp-image-2888\" srcset=\"https:\/\/zeiss-orchester.de\/wp-content\/uploads\/2024\/04\/In-Bauhaus-Uni-unsere-Stadtfuehrerin-Frau-Weske-575x1024.jpg 575w, https:\/\/zeiss-orchester.de\/wp-content\/uploads\/2024\/04\/In-Bauhaus-Uni-unsere-Stadtfuehrerin-Frau-Weske-168x300.jpg 168w, https:\/\/zeiss-orchester.de\/wp-content\/uploads\/2024\/04\/In-Bauhaus-Uni-unsere-Stadtfuehrerin-Frau-Weske-768x1368.jpg 768w, https:\/\/zeiss-orchester.de\/wp-content\/uploads\/2024\/04\/In-Bauhaus-Uni-unsere-Stadtfuehrerin-Frau-Weske-863x1536.jpg 863w, https:\/\/zeiss-orchester.de\/wp-content\/uploads\/2024\/04\/In-Bauhaus-Uni-unsere-Stadtfuehrerin-Frau-Weske-1150x2048.jpg 1150w, https:\/\/zeiss-orchester.de\/wp-content\/uploads\/2024\/04\/In-Bauhaus-Uni-unsere-Stadtfuehrerin-Frau-Weske-624x1111.jpg 624w, https:\/\/zeiss-orchester.de\/wp-content\/uploads\/2024\/04\/In-Bauhaus-Uni-unsere-Stadtfuehrerin-Frau-Weske-scaled.jpg 1438w\" sizes=\"auto, (max-width: 575px) 100vw, 575px\" \/><figcaption class=\"wp-element-caption\">Unsere Stadtf\u00fchrerin Frau Weske<\/figcaption><\/figure>\n\n\n\n<figure class=\"wp-block-image size-large\"><img loading=\"lazy\" decoding=\"async\" width=\"1024\" height=\"575\" data-id=\"2886\" src=\"https:\/\/zeiss-orchester.de\/wp-content\/uploads\/2024\/04\/Ilmpark-1-1024x575.jpg\" alt=\"\" class=\"wp-image-2886\" srcset=\"https:\/\/zeiss-orchester.de\/wp-content\/uploads\/2024\/04\/Ilmpark-1-1024x575.jpg 1024w, https:\/\/zeiss-orchester.de\/wp-content\/uploads\/2024\/04\/Ilmpark-1-300x168.jpg 300w, https:\/\/zeiss-orchester.de\/wp-content\/uploads\/2024\/04\/Ilmpark-1-768x431.jpg 768w, https:\/\/zeiss-orchester.de\/wp-content\/uploads\/2024\/04\/Ilmpark-1-1536x863.jpg 1536w, https:\/\/zeiss-orchester.de\/wp-content\/uploads\/2024\/04\/Ilmpark-1-2048x1150.jpg 2048w, https:\/\/zeiss-orchester.de\/wp-content\/uploads\/2024\/04\/Ilmpark-1-624x350.jpg 624w\" sizes=\"auto, (max-width: 1024px) 100vw, 1024px\" \/><figcaption class=\"wp-element-caption\">Auf dem historischen Friedhof<\/figcaption><\/figure>\n\n\n\n<figure class=\"wp-block-image size-large\"><img loading=\"lazy\" decoding=\"async\" width=\"1024\" height=\"575\" data-id=\"2885\" src=\"https:\/\/zeiss-orchester.de\/wp-content\/uploads\/2024\/04\/Blick-aufs-Schloss-1024x575.jpg\" alt=\"\" class=\"wp-image-2885\" srcset=\"https:\/\/zeiss-orchester.de\/wp-content\/uploads\/2024\/04\/Blick-aufs-Schloss-1024x575.jpg 1024w, https:\/\/zeiss-orchester.de\/wp-content\/uploads\/2024\/04\/Blick-aufs-Schloss-300x168.jpg 300w, https:\/\/zeiss-orchester.de\/wp-content\/uploads\/2024\/04\/Blick-aufs-Schloss-768x431.jpg 768w, https:\/\/zeiss-orchester.de\/wp-content\/uploads\/2024\/04\/Blick-aufs-Schloss-1536x863.jpg 1536w, https:\/\/zeiss-orchester.de\/wp-content\/uploads\/2024\/04\/Blick-aufs-Schloss-2048x1150.jpg 2048w, https:\/\/zeiss-orchester.de\/wp-content\/uploads\/2024\/04\/Blick-aufs-Schloss-624x350.jpg 624w\" sizes=\"auto, (max-width: 1024px) 100vw, 1024px\" \/><figcaption class=\"wp-element-caption\">Blick aufs Schlo\u00df<\/figcaption><\/figure>\n\n\n\n<figure class=\"wp-block-image size-large\"><img loading=\"lazy\" decoding=\"async\" width=\"1024\" height=\"768\" data-id=\"2884\" src=\"https:\/\/zeiss-orchester.de\/wp-content\/uploads\/2024\/04\/Am-Kasseturm-1024x768.jpg\" alt=\"\" class=\"wp-image-2884\" srcset=\"https:\/\/zeiss-orchester.de\/wp-content\/uploads\/2024\/04\/Am-Kasseturm-1024x768.jpg 1024w, https:\/\/zeiss-orchester.de\/wp-content\/uploads\/2024\/04\/Am-Kasseturm-300x225.jpg 300w, https:\/\/zeiss-orchester.de\/wp-content\/uploads\/2024\/04\/Am-Kasseturm-768x576.jpg 768w, https:\/\/zeiss-orchester.de\/wp-content\/uploads\/2024\/04\/Am-Kasseturm-1536x1152.jpg 1536w, https:\/\/zeiss-orchester.de\/wp-content\/uploads\/2024\/04\/Am-Kasseturm-2048x1536.jpg 2048w, https:\/\/zeiss-orchester.de\/wp-content\/uploads\/2024\/04\/Am-Kasseturm-624x468.jpg 624w\" sizes=\"auto, (max-width: 1024px) 100vw, 1024px\" \/><figcaption class=\"wp-element-caption\">am Kasseturm<\/figcaption><\/figure>\n\n\n\n<figure class=\"wp-block-image size-large\"><img loading=\"lazy\" decoding=\"async\" width=\"1024\" height=\"575\" data-id=\"2887\" src=\"https:\/\/zeiss-orchester.de\/wp-content\/uploads\/2024\/04\/Ilmpark-2-an-Ruine-1024x575.jpg\" alt=\"\" class=\"wp-image-2887\" srcset=\"https:\/\/zeiss-orchester.de\/wp-content\/uploads\/2024\/04\/Ilmpark-2-an-Ruine-1024x575.jpg 1024w, https:\/\/zeiss-orchester.de\/wp-content\/uploads\/2024\/04\/Ilmpark-2-an-Ruine-300x168.jpg 300w, https:\/\/zeiss-orchester.de\/wp-content\/uploads\/2024\/04\/Ilmpark-2-an-Ruine-768x431.jpg 768w, https:\/\/zeiss-orchester.de\/wp-content\/uploads\/2024\/04\/Ilmpark-2-an-Ruine-1536x863.jpg 1536w, https:\/\/zeiss-orchester.de\/wp-content\/uploads\/2024\/04\/Ilmpark-2-an-Ruine-2048x1150.jpg 2048w, https:\/\/zeiss-orchester.de\/wp-content\/uploads\/2024\/04\/Ilmpark-2-an-Ruine-624x350.jpg 624w\" sizes=\"auto, (max-width: 1024px) 100vw, 1024px\" \/><figcaption class=\"wp-element-caption\">Ilmpark-Ruine<\/figcaption><\/figure>\n<\/figure>\n\n\n\n<h2 class=\"wp-block-heading\">Ein Hoch auf unseren Dirigenten nach dem Herbstkonzert am 21.10.2023 -Sektempfang zu seinem Doppeljubil\u00e4um <\/h2>\n\n\n\n<figure class=\"wp-block-gallery has-nested-images columns-default is-cropped wp-block-gallery-4 is-layout-flex wp-block-gallery-is-layout-flex\">\n<figure class=\"wp-block-image size-large\"><img loading=\"lazy\" decoding=\"async\" width=\"1024\" height=\"576\" data-id=\"2740\" src=\"https:\/\/zeiss-orchester.de\/wp-content\/uploads\/2023\/10\/2-20231021_192943-1024x576.jpg\" alt=\"\" class=\"wp-image-2740\" srcset=\"https:\/\/zeiss-orchester.de\/wp-content\/uploads\/2023\/10\/2-20231021_192943-1024x576.jpg 1024w, https:\/\/zeiss-orchester.de\/wp-content\/uploads\/2023\/10\/2-20231021_192943-300x169.jpg 300w, https:\/\/zeiss-orchester.de\/wp-content\/uploads\/2023\/10\/2-20231021_192943-768x432.jpg 768w, https:\/\/zeiss-orchester.de\/wp-content\/uploads\/2023\/10\/2-20231021_192943-1536x864.jpg 1536w, https:\/\/zeiss-orchester.de\/wp-content\/uploads\/2023\/10\/2-20231021_192943-2048x1152.jpg 2048w, https:\/\/zeiss-orchester.de\/wp-content\/uploads\/2023\/10\/2-20231021_192943-624x351.jpg 624w\" sizes=\"auto, (max-width: 1024px) 100vw, 1024px\" \/><\/figure>\n\n\n\n<figure class=\"wp-block-image size-large\"><img loading=\"lazy\" decoding=\"async\" width=\"1024\" height=\"461\" data-id=\"2739\" src=\"https:\/\/zeiss-orchester.de\/wp-content\/uploads\/2023\/10\/1-IMG-20231021-WA0017-1024x461.jpg\" alt=\"\" class=\"wp-image-2739\" srcset=\"https:\/\/zeiss-orchester.de\/wp-content\/uploads\/2023\/10\/1-IMG-20231021-WA0017-1024x461.jpg 1024w, https:\/\/zeiss-orchester.de\/wp-content\/uploads\/2023\/10\/1-IMG-20231021-WA0017-300x135.jpg 300w, https:\/\/zeiss-orchester.de\/wp-content\/uploads\/2023\/10\/1-IMG-20231021-WA0017-768x346.jpg 768w, https:\/\/zeiss-orchester.de\/wp-content\/uploads\/2023\/10\/1-IMG-20231021-WA0017-1536x691.jpg 1536w, https:\/\/zeiss-orchester.de\/wp-content\/uploads\/2023\/10\/1-IMG-20231021-WA0017-624x281.jpg 624w, https:\/\/zeiss-orchester.de\/wp-content\/uploads\/2023\/10\/1-IMG-20231021-WA0017.jpg 2000w\" sizes=\"auto, (max-width: 1024px) 100vw, 1024px\" \/><figcaption class=\"wp-element-caption\">Ein Hoch auf Roland Weske <\/figcaption><\/figure>\n\n\n\n<figure class=\"wp-block-image size-large\"><img loading=\"lazy\" decoding=\"async\" width=\"1024\" height=\"576\" data-id=\"2746\" src=\"https:\/\/zeiss-orchester.de\/wp-content\/uploads\/2023\/10\/3-20231021_192810-1024x576.jpg\" alt=\"\" class=\"wp-image-2746\" srcset=\"https:\/\/zeiss-orchester.de\/wp-content\/uploads\/2023\/10\/3-20231021_192810-1024x576.jpg 1024w, https:\/\/zeiss-orchester.de\/wp-content\/uploads\/2023\/10\/3-20231021_192810-300x169.jpg 300w, https:\/\/zeiss-orchester.de\/wp-content\/uploads\/2023\/10\/3-20231021_192810-768x432.jpg 768w, https:\/\/zeiss-orchester.de\/wp-content\/uploads\/2023\/10\/3-20231021_192810-1536x864.jpg 1536w, https:\/\/zeiss-orchester.de\/wp-content\/uploads\/2023\/10\/3-20231021_192810-2048x1152.jpg 2048w, https:\/\/zeiss-orchester.de\/wp-content\/uploads\/2023\/10\/3-20231021_192810-624x351.jpg 624w\" sizes=\"auto, (max-width: 1024px) 100vw, 1024px\" \/><\/figure>\n\n\n\n<figure class=\"wp-block-image size-large\"><img loading=\"lazy\" decoding=\"async\" width=\"1024\" height=\"576\" data-id=\"2748\" src=\"https:\/\/zeiss-orchester.de\/wp-content\/uploads\/2023\/10\/5-20231021_205347-zuprosten-1024x576.jpg\" alt=\"\" class=\"wp-image-2748\" srcset=\"https:\/\/zeiss-orchester.de\/wp-content\/uploads\/2023\/10\/5-20231021_205347-zuprosten-1024x576.jpg 1024w, https:\/\/zeiss-orchester.de\/wp-content\/uploads\/2023\/10\/5-20231021_205347-zuprosten-300x169.jpg 300w, https:\/\/zeiss-orchester.de\/wp-content\/uploads\/2023\/10\/5-20231021_205347-zuprosten-768x432.jpg 768w, https:\/\/zeiss-orchester.de\/wp-content\/uploads\/2023\/10\/5-20231021_205347-zuprosten-1536x864.jpg 1536w, https:\/\/zeiss-orchester.de\/wp-content\/uploads\/2023\/10\/5-20231021_205347-zuprosten-2048x1152.jpg 2048w, https:\/\/zeiss-orchester.de\/wp-content\/uploads\/2023\/10\/5-20231021_205347-zuprosten-624x351.jpg 624w\" sizes=\"auto, (max-width: 1024px) 100vw, 1024px\" \/><\/figure>\n\n\n\n<figure class=\"wp-block-image size-large\"><img loading=\"lazy\" decoding=\"async\" width=\"1024\" height=\"595\" data-id=\"2747\" src=\"https:\/\/zeiss-orchester.de\/wp-content\/uploads\/2023\/10\/4-20231021_205059-1024x595.jpg\" alt=\"\" class=\"wp-image-2747\" srcset=\"https:\/\/zeiss-orchester.de\/wp-content\/uploads\/2023\/10\/4-20231021_205059-1024x595.jpg 1024w, https:\/\/zeiss-orchester.de\/wp-content\/uploads\/2023\/10\/4-20231021_205059-300x174.jpg 300w, https:\/\/zeiss-orchester.de\/wp-content\/uploads\/2023\/10\/4-20231021_205059-768x446.jpg 768w, https:\/\/zeiss-orchester.de\/wp-content\/uploads\/2023\/10\/4-20231021_205059-1536x892.jpg 1536w, https:\/\/zeiss-orchester.de\/wp-content\/uploads\/2023\/10\/4-20231021_205059-2048x1189.jpg 2048w, https:\/\/zeiss-orchester.de\/wp-content\/uploads\/2023\/10\/4-20231021_205059-624x362.jpg 624w\" sizes=\"auto, (max-width: 1024px) 100vw, 1024px\" \/><\/figure>\n<\/figure>\n\n\n\n<h2 class=\"wp-block-heading\">Herbstkonzert 2023 : Das Doppeljubil\u00e4um unseres Dirigenten Roland Weske im Volkshaus Jena<\/h2>\n\n\n\n<figure class=\"wp-block-image size-full\"><img decoding=\"async\" src=\"https:\/\/zeiss-orchester.de\/wp-content\/uploads\/2024\/10\/2023.1-roland-guckt-DPI-Wert-300-Kopie.jpg\" alt=\"\" class=\"wp-image-3006\"\/><\/figure>\n\n\n\n<h2 class=\"wp-block-heading\">Wir warben beim &#8222;Markt der M\u00f6glichkeiten&#8220; unserer Universit\u00e4t am 12. Oktober 2023 wieder Erststudenten!<\/h2>\n\n\n\n<figure class=\"wp-block-gallery has-nested-images columns-default is-cropped wp-block-gallery-5 is-layout-flex wp-block-gallery-is-layout-flex\">\n<figure class=\"wp-block-image size-large\"><img loading=\"lazy\" decoding=\"async\" width=\"768\" height=\"1024\" data-id=\"2707\" src=\"https:\/\/zeiss-orchester.de\/wp-content\/uploads\/2023\/10\/IMG-20231012-WA0000-768x1024.jpg\" alt=\"\" class=\"wp-image-2707\" srcset=\"https:\/\/zeiss-orchester.de\/wp-content\/uploads\/2023\/10\/IMG-20231012-WA0000-768x1024.jpg 768w, https:\/\/zeiss-orchester.de\/wp-content\/uploads\/2023\/10\/IMG-20231012-WA0000-225x300.jpg 225w, https:\/\/zeiss-orchester.de\/wp-content\/uploads\/2023\/10\/IMG-20231012-WA0000-1152x1536.jpg 1152w, https:\/\/zeiss-orchester.de\/wp-content\/uploads\/2023\/10\/IMG-20231012-WA0000-624x832.jpg 624w, https:\/\/zeiss-orchester.de\/wp-content\/uploads\/2023\/10\/IMG-20231012-WA0000.jpg 1536w\" sizes=\"auto, (max-width: 768px) 100vw, 768px\" \/><\/figure>\n\n\n\n<figure class=\"wp-block-image size-large\"><img loading=\"lazy\" decoding=\"async\" width=\"1024\" height=\"576\" data-id=\"2706\" src=\"https:\/\/zeiss-orchester.de\/wp-content\/uploads\/2023\/10\/IMG-20231012-WA0009-1024x576.jpg\" alt=\"\" class=\"wp-image-2706\" srcset=\"https:\/\/zeiss-orchester.de\/wp-content\/uploads\/2023\/10\/IMG-20231012-WA0009-1024x576.jpg 1024w, https:\/\/zeiss-orchester.de\/wp-content\/uploads\/2023\/10\/IMG-20231012-WA0009-300x169.jpg 300w, https:\/\/zeiss-orchester.de\/wp-content\/uploads\/2023\/10\/IMG-20231012-WA0009-768x432.jpg 768w, https:\/\/zeiss-orchester.de\/wp-content\/uploads\/2023\/10\/IMG-20231012-WA0009-1536x864.jpg 1536w, https:\/\/zeiss-orchester.de\/wp-content\/uploads\/2023\/10\/IMG-20231012-WA0009-624x351.jpg 624w, https:\/\/zeiss-orchester.de\/wp-content\/uploads\/2023\/10\/IMG-20231012-WA0009.jpg 2048w\" sizes=\"auto, (max-width: 1024px) 100vw, 1024px\" \/><\/figure>\n<\/figure>\n\n\n\n<div class=\"wp-block-group\"><div class=\"wp-block-group__inner-container is-layout-constrained wp-block-group-is-layout-constrained\">\n<div class=\"wp-block-columns is-layout-flex wp-container-core-columns-is-layout-9d6595d7 wp-block-columns-is-layout-flex\">\n<div class=\"wp-block-column is-layout-flow wp-block-column-is-layout-flow\" style=\"flex-basis:100%\">\n<figure class=\"wp-block-gallery has-nested-images columns-default is-cropped wp-block-gallery-6 is-layout-flex wp-block-gallery-is-layout-flex\">\n<figure class=\"wp-block-image size-large\"><img loading=\"lazy\" decoding=\"async\" width=\"1024\" height=\"576\" data-id=\"2708\" src=\"https:\/\/zeiss-orchester.de\/wp-content\/uploads\/2023\/10\/20231012_115036-1024x576.jpg\" alt=\"\" class=\"wp-image-2708\" srcset=\"https:\/\/zeiss-orchester.de\/wp-content\/uploads\/2023\/10\/20231012_115036-1024x576.jpg 1024w, https:\/\/zeiss-orchester.de\/wp-content\/uploads\/2023\/10\/20231012_115036-300x169.jpg 300w, https:\/\/zeiss-orchester.de\/wp-content\/uploads\/2023\/10\/20231012_115036-768x432.jpg 768w, https:\/\/zeiss-orchester.de\/wp-content\/uploads\/2023\/10\/20231012_115036-1536x864.jpg 1536w, https:\/\/zeiss-orchester.de\/wp-content\/uploads\/2023\/10\/20231012_115036-2048x1152.jpg 2048w, https:\/\/zeiss-orchester.de\/wp-content\/uploads\/2023\/10\/20231012_115036-624x351.jpg 624w\" sizes=\"auto, (max-width: 1024px) 100vw, 1024px\" \/><\/figure>\n\n\n<div class=\"wp-block-image\">\n<figure class=\"alignleft size-large\"><img loading=\"lazy\" decoding=\"async\" width=\"1024\" height=\"576\" data-id=\"2709\" src=\"https:\/\/zeiss-orchester.de\/wp-content\/uploads\/2023\/10\/20231012_132603-1024x576.jpg\" alt=\"\" class=\"wp-image-2709\" srcset=\"https:\/\/zeiss-orchester.de\/wp-content\/uploads\/2023\/10\/20231012_132603-1024x576.jpg 1024w, https:\/\/zeiss-orchester.de\/wp-content\/uploads\/2023\/10\/20231012_132603-300x169.jpg 300w, https:\/\/zeiss-orchester.de\/wp-content\/uploads\/2023\/10\/20231012_132603-768x432.jpg 768w, https:\/\/zeiss-orchester.de\/wp-content\/uploads\/2023\/10\/20231012_132603-1536x864.jpg 1536w, https:\/\/zeiss-orchester.de\/wp-content\/uploads\/2023\/10\/20231012_132603-2048x1152.jpg 2048w, https:\/\/zeiss-orchester.de\/wp-content\/uploads\/2023\/10\/20231012_132603-624x351.jpg 624w\" sizes=\"auto, (max-width: 1024px) 100vw, 1024px\" \/><\/figure>\n<\/div>\n\n\n<figure class=\"wp-block-image size-large\"><img loading=\"lazy\" decoding=\"async\" width=\"768\" height=\"1024\" data-id=\"2707\" src=\"https:\/\/zeiss-orchester.de\/wp-content\/uploads\/2023\/10\/IMG-20231012-WA0000-768x1024.jpg\" alt=\"\" class=\"wp-image-2707\" srcset=\"https:\/\/zeiss-orchester.de\/wp-content\/uploads\/2023\/10\/IMG-20231012-WA0000-768x1024.jpg 768w, https:\/\/zeiss-orchester.de\/wp-content\/uploads\/2023\/10\/IMG-20231012-WA0000-225x300.jpg 225w, https:\/\/zeiss-orchester.de\/wp-content\/uploads\/2023\/10\/IMG-20231012-WA0000-1152x1536.jpg 1152w, https:\/\/zeiss-orchester.de\/wp-content\/uploads\/2023\/10\/IMG-20231012-WA0000-624x832.jpg 624w, https:\/\/zeiss-orchester.de\/wp-content\/uploads\/2023\/10\/IMG-20231012-WA0000.jpg 1536w\" sizes=\"auto, (max-width: 768px) 100vw, 768px\" \/><\/figure>\n\n\n\n<figure class=\"wp-block-image size-large\"><img loading=\"lazy\" decoding=\"async\" width=\"1024\" height=\"576\" data-id=\"2706\" src=\"https:\/\/zeiss-orchester.de\/wp-content\/uploads\/2023\/10\/IMG-20231012-WA0009-1024x576.jpg\" alt=\"\" class=\"wp-image-2706\" srcset=\"https:\/\/zeiss-orchester.de\/wp-content\/uploads\/2023\/10\/IMG-20231012-WA0009-1024x576.jpg 1024w, https:\/\/zeiss-orchester.de\/wp-content\/uploads\/2023\/10\/IMG-20231012-WA0009-300x169.jpg 300w, https:\/\/zeiss-orchester.de\/wp-content\/uploads\/2023\/10\/IMG-20231012-WA0009-768x432.jpg 768w, https:\/\/zeiss-orchester.de\/wp-content\/uploads\/2023\/10\/IMG-20231012-WA0009-1536x864.jpg 1536w, https:\/\/zeiss-orchester.de\/wp-content\/uploads\/2023\/10\/IMG-20231012-WA0009-624x351.jpg 624w, https:\/\/zeiss-orchester.de\/wp-content\/uploads\/2023\/10\/IMG-20231012-WA0009.jpg 2048w\" sizes=\"auto, (max-width: 1024px) 100vw, 1024px\" \/><\/figure>\n<\/figure>\n<\/div>\n<\/div>\n<\/div><\/div>\n\n\n\n<h2 class=\"wp-block-heading\">Kurpark Bad Klosterlausnitz &#8211; Wir spielten auf der Konzertb\u00fchne zum Kurkonzert am Sonntag, 11.Juni 2023!<\/h2>\n\n\n\n<div class=\"wp-block-columns is-layout-flex wp-container-core-columns-is-layout-9d6595d7 wp-block-columns-is-layout-flex\">\n<div class=\"wp-block-column is-layout-flow wp-block-column-is-layout-flow\" style=\"flex-basis:100%\">\n<figure class=\"wp-block-gallery has-nested-images columns-default is-cropped wp-block-gallery-7 is-layout-flex wp-block-gallery-is-layout-flex\">\n<figure class=\"wp-block-image size-large\"><img loading=\"lazy\" decoding=\"async\" width=\"1024\" height=\"576\" data-id=\"2629\" src=\"https:\/\/zeiss-orchester.de\/wp-content\/uploads\/2023\/06\/20230611_144523-1024x576.jpg\" alt=\"Unsere Zuschauer\" class=\"wp-image-2629\" srcset=\"https:\/\/zeiss-orchester.de\/wp-content\/uploads\/2023\/06\/20230611_144523-1024x576.jpg 1024w, https:\/\/zeiss-orchester.de\/wp-content\/uploads\/2023\/06\/20230611_144523-300x169.jpg 300w, https:\/\/zeiss-orchester.de\/wp-content\/uploads\/2023\/06\/20230611_144523-768x432.jpg 768w, https:\/\/zeiss-orchester.de\/wp-content\/uploads\/2023\/06\/20230611_144523-1536x864.jpg 1536w, https:\/\/zeiss-orchester.de\/wp-content\/uploads\/2023\/06\/20230611_144523-2048x1152.jpg 2048w, https:\/\/zeiss-orchester.de\/wp-content\/uploads\/2023\/06\/20230611_144523-624x351.jpg 624w\" sizes=\"auto, (max-width: 1024px) 100vw, 1024px\" \/><\/figure>\n\n\n\n<figure class=\"wp-block-image size-large\"><img loading=\"lazy\" decoding=\"async\" width=\"1024\" height=\"768\" data-id=\"2625\" src=\"https:\/\/zeiss-orchester.de\/wp-content\/uploads\/2023\/06\/IMG-20230611-WA0026-1024x768.jpg\" alt=\"\" class=\"wp-image-2625\" srcset=\"https:\/\/zeiss-orchester.de\/wp-content\/uploads\/2023\/06\/IMG-20230611-WA0026-1024x768.jpg 1024w, https:\/\/zeiss-orchester.de\/wp-content\/uploads\/2023\/06\/IMG-20230611-WA0026-300x225.jpg 300w, https:\/\/zeiss-orchester.de\/wp-content\/uploads\/2023\/06\/IMG-20230611-WA0026-768x576.jpg 768w, https:\/\/zeiss-orchester.de\/wp-content\/uploads\/2023\/06\/IMG-20230611-WA0026-1536x1152.jpg 1536w, https:\/\/zeiss-orchester.de\/wp-content\/uploads\/2023\/06\/IMG-20230611-WA0026-624x468.jpg 624w, https:\/\/zeiss-orchester.de\/wp-content\/uploads\/2023\/06\/IMG-20230611-WA0026.jpg 1824w\" sizes=\"auto, (max-width: 1024px) 100vw, 1024px\" \/><\/figure>\n\n\n\n<figure class=\"wp-block-image size-large\"><img loading=\"lazy\" decoding=\"async\" width=\"768\" height=\"1024\" data-id=\"2626\" src=\"https:\/\/zeiss-orchester.de\/wp-content\/uploads\/2023\/06\/IMG-20230611-WA0030-768x1024.jpg\" alt=\"\" class=\"wp-image-2626\" srcset=\"https:\/\/zeiss-orchester.de\/wp-content\/uploads\/2023\/06\/IMG-20230611-WA0030-768x1024.jpg 768w, https:\/\/zeiss-orchester.de\/wp-content\/uploads\/2023\/06\/IMG-20230611-WA0030-225x300.jpg 225w, https:\/\/zeiss-orchester.de\/wp-content\/uploads\/2023\/06\/IMG-20230611-WA0030-1152x1536.jpg 1152w, https:\/\/zeiss-orchester.de\/wp-content\/uploads\/2023\/06\/IMG-20230611-WA0030-624x832.jpg 624w, https:\/\/zeiss-orchester.de\/wp-content\/uploads\/2023\/06\/IMG-20230611-WA0030.jpg 1368w\" sizes=\"auto, (max-width: 768px) 100vw, 768px\" \/><\/figure>\n\n\n\n<figure class=\"wp-block-image size-large\"><img loading=\"lazy\" decoding=\"async\" width=\"1024\" height=\"768\" data-id=\"2627\" src=\"https:\/\/zeiss-orchester.de\/wp-content\/uploads\/2023\/06\/IMG-20230611-WA0035-1024x768.jpg\" alt=\"\" class=\"wp-image-2627\" srcset=\"https:\/\/zeiss-orchester.de\/wp-content\/uploads\/2023\/06\/IMG-20230611-WA0035-1024x768.jpg 1024w, https:\/\/zeiss-orchester.de\/wp-content\/uploads\/2023\/06\/IMG-20230611-WA0035-300x225.jpg 300w, https:\/\/zeiss-orchester.de\/wp-content\/uploads\/2023\/06\/IMG-20230611-WA0035-768x576.jpg 768w, https:\/\/zeiss-orchester.de\/wp-content\/uploads\/2023\/06\/IMG-20230611-WA0035-1536x1152.jpg 1536w, https:\/\/zeiss-orchester.de\/wp-content\/uploads\/2023\/06\/IMG-20230611-WA0035-624x468.jpg 624w, https:\/\/zeiss-orchester.de\/wp-content\/uploads\/2023\/06\/IMG-20230611-WA0035.jpg 1824w\" sizes=\"auto, (max-width: 1024px) 100vw, 1024px\" \/><\/figure>\n<\/figure>\n<\/div>\n<\/div>\n\n\n\n<figure class=\"wp-block-gallery has-nested-images columns-default is-cropped wp-block-gallery-8 is-layout-flex wp-block-gallery-is-layout-flex\">\n<figure class=\"wp-block-image size-large\"><img loading=\"lazy\" decoding=\"async\" width=\"1024\" height=\"576\" data-id=\"2595\" src=\"https:\/\/zeiss-orchester.de\/wp-content\/uploads\/2023\/04\/3-1024x576.jpg\" alt=\"\" class=\"wp-image-2595\" srcset=\"https:\/\/zeiss-orchester.de\/wp-content\/uploads\/2023\/04\/3-1024x576.jpg 1024w, https:\/\/zeiss-orchester.de\/wp-content\/uploads\/2023\/04\/3-300x169.jpg 300w, https:\/\/zeiss-orchester.de\/wp-content\/uploads\/2023\/04\/3-768x432.jpg 768w, https:\/\/zeiss-orchester.de\/wp-content\/uploads\/2023\/04\/3-1536x864.jpg 1536w, https:\/\/zeiss-orchester.de\/wp-content\/uploads\/2023\/04\/3-2048x1152.jpg 2048w, https:\/\/zeiss-orchester.de\/wp-content\/uploads\/2023\/04\/3-624x351.jpg 624w\" sizes=\"auto, (max-width: 1024px) 100vw, 1024px\" \/><\/figure>\n\n\n\n<figure class=\"wp-block-image size-large\"><img decoding=\"async\" data-id=\"2592\" src=\"https:\/\/zeiss-orchester.de\/wp-content\/uploads\/2023\/04\/7-1024x576.jpg\" alt=\"\" class=\"wp-image-2592\"\/><\/figure>\n<\/figure>\n\n\n\n<p><strong>Vom 17.-19. M\u00e4rz 2023 probten wir wieder in der Landesmusikakademie Sondershausen.<\/strong><\/p>\n\n\n\n<figure class=\"wp-block-image size-full\"><img loading=\"lazy\" decoding=\"async\" width=\"800\" height=\"449\" src=\"https:\/\/zeiss-orchester.de\/wp-content\/uploads\/2023\/03\/2023_03_19_Gruppenfoto-Sondershausen.jpg\" alt=\"\" class=\"wp-image-2577\" srcset=\"https:\/\/zeiss-orchester.de\/wp-content\/uploads\/2023\/03\/2023_03_19_Gruppenfoto-Sondershausen.jpg 800w, https:\/\/zeiss-orchester.de\/wp-content\/uploads\/2023\/03\/2023_03_19_Gruppenfoto-Sondershausen-300x168.jpg 300w, https:\/\/zeiss-orchester.de\/wp-content\/uploads\/2023\/03\/2023_03_19_Gruppenfoto-Sondershausen-768x431.jpg 768w, https:\/\/zeiss-orchester.de\/wp-content\/uploads\/2023\/03\/2023_03_19_Gruppenfoto-Sondershausen-624x350.jpg 624w\" sizes=\"auto, (max-width: 800px) 100vw, 800px\" \/><figcaption class=\"wp-element-caption\"> Unser Fr\u00fchlingskonzert steht ins Haus!<\/figcaption><\/figure>\n\n\n\n<p><strong>Musizierfreude bei sch\u00f6nstem Winterwetter in der Landesmusikakademie Sondershausen vom 2.-4. Dezember 2022<\/strong><\/p>\n\n\n\n<figure class=\"wp-block-image size-large\"><img loading=\"lazy\" decoding=\"async\" width=\"1024\" height=\"811\" src=\"https:\/\/zeiss-orchester.de\/wp-content\/uploads\/2023\/01\/Unser-Gruppenfoto-IMG_8778.1-1024x811.jpg\" alt=\"\" class=\"wp-image-2513\" srcset=\"https:\/\/zeiss-orchester.de\/wp-content\/uploads\/2023\/01\/Unser-Gruppenfoto-IMG_8778.1-1024x811.jpg 1024w, https:\/\/zeiss-orchester.de\/wp-content\/uploads\/2023\/01\/Unser-Gruppenfoto-IMG_8778.1-300x238.jpg 300w, https:\/\/zeiss-orchester.de\/wp-content\/uploads\/2023\/01\/Unser-Gruppenfoto-IMG_8778.1-768x608.jpg 768w, https:\/\/zeiss-orchester.de\/wp-content\/uploads\/2023\/01\/Unser-Gruppenfoto-IMG_8778.1-1536x1217.jpg 1536w, https:\/\/zeiss-orchester.de\/wp-content\/uploads\/2023\/01\/Unser-Gruppenfoto-IMG_8778.1-2048x1623.jpg 2048w, https:\/\/zeiss-orchester.de\/wp-content\/uploads\/2023\/01\/Unser-Gruppenfoto-IMG_8778.1-624x494.jpg 624w\" sizes=\"auto, (max-width: 1024px) 100vw, 1024px\" \/><figcaption class=\"wp-element-caption\">Vor dem Schloss Sondershausen<\/figcaption><\/figure>\n\n\n\n<figure class=\"wp-block-gallery has-nested-images columns-default is-cropped wp-block-gallery-9 is-layout-flex wp-block-gallery-is-layout-flex\">\n<figure class=\"wp-block-image size-large\"><img loading=\"lazy\" decoding=\"async\" width=\"480\" height=\"640\" data-id=\"2485\" src=\"https:\/\/zeiss-orchester.de\/wp-content\/uploads\/2022\/12\/20221203_102003-rotated.jpg\" alt=\"\" class=\"wp-image-2485\" srcset=\"https:\/\/zeiss-orchester.de\/wp-content\/uploads\/2022\/12\/20221203_102003-rotated.jpg 480w, https:\/\/zeiss-orchester.de\/wp-content\/uploads\/2022\/12\/20221203_102003-225x300.jpg 225w\" sizes=\"auto, (max-width: 480px) 100vw, 480px\" \/><\/figure>\n\n\n\n<figure class=\"wp-block-image size-large\"><img loading=\"lazy\" decoding=\"async\" width=\"1024\" height=\"576\" data-id=\"2505\" src=\"https:\/\/zeiss-orchester.de\/wp-content\/uploads\/2022\/12\/20221203_102006-1024x576.jpg\" alt=\"\" class=\"wp-image-2505\" srcset=\"https:\/\/zeiss-orchester.de\/wp-content\/uploads\/2022\/12\/20221203_102006-1024x576.jpg 1024w, https:\/\/zeiss-orchester.de\/wp-content\/uploads\/2022\/12\/20221203_102006-300x169.jpg 300w, https:\/\/zeiss-orchester.de\/wp-content\/uploads\/2022\/12\/20221203_102006-768x432.jpg 768w, https:\/\/zeiss-orchester.de\/wp-content\/uploads\/2022\/12\/20221203_102006-1536x864.jpg 1536w, https:\/\/zeiss-orchester.de\/wp-content\/uploads\/2022\/12\/20221203_102006-2048x1152.jpg 2048w, https:\/\/zeiss-orchester.de\/wp-content\/uploads\/2022\/12\/20221203_102006-624x351.jpg 624w\" sizes=\"auto, (max-width: 1024px) 100vw, 1024px\" \/><\/figure>\n\n\n\n<figure class=\"wp-block-image size-large\"><img loading=\"lazy\" decoding=\"async\" width=\"1024\" height=\"576\" data-id=\"2497\" src=\"https:\/\/zeiss-orchester.de\/wp-content\/uploads\/2022\/12\/20221203_102018-1024x576.jpg\" alt=\"\" class=\"wp-image-2497\" srcset=\"https:\/\/zeiss-orchester.de\/wp-content\/uploads\/2022\/12\/20221203_102018-1024x576.jpg 1024w, https:\/\/zeiss-orchester.de\/wp-content\/uploads\/2022\/12\/20221203_102018-300x169.jpg 300w, https:\/\/zeiss-orchester.de\/wp-content\/uploads\/2022\/12\/20221203_102018-768x432.jpg 768w, https:\/\/zeiss-orchester.de\/wp-content\/uploads\/2022\/12\/20221203_102018-1536x864.jpg 1536w, https:\/\/zeiss-orchester.de\/wp-content\/uploads\/2022\/12\/20221203_102018-2048x1152.jpg 2048w, https:\/\/zeiss-orchester.de\/wp-content\/uploads\/2022\/12\/20221203_102018-624x351.jpg 624w\" sizes=\"auto, (max-width: 1024px) 100vw, 1024px\" \/><\/figure>\n\n\n\n<figure class=\"wp-block-image size-large\"><img loading=\"lazy\" decoding=\"async\" width=\"640\" height=\"480\" data-id=\"2486\" src=\"https:\/\/zeiss-orchester.de\/wp-content\/uploads\/2022\/12\/20221203_102022.jpg\" alt=\"\" class=\"wp-image-2486\" srcset=\"https:\/\/zeiss-orchester.de\/wp-content\/uploads\/2022\/12\/20221203_102022.jpg 640w, https:\/\/zeiss-orchester.de\/wp-content\/uploads\/2022\/12\/20221203_102022-300x225.jpg 300w, https:\/\/zeiss-orchester.de\/wp-content\/uploads\/2022\/12\/20221203_102022-624x468.jpg 624w\" sizes=\"auto, (max-width: 640px) 100vw, 640px\" \/><\/figure>\n\n\n\n<figure class=\"wp-block-image size-large\"><img loading=\"lazy\" decoding=\"async\" width=\"1024\" height=\"896\" data-id=\"2491\" src=\"https:\/\/zeiss-orchester.de\/wp-content\/uploads\/2022\/12\/20221203_102031-1024x896.jpg\" alt=\"\" class=\"wp-image-2491\" srcset=\"https:\/\/zeiss-orchester.de\/wp-content\/uploads\/2022\/12\/20221203_102031-1024x896.jpg 1024w, https:\/\/zeiss-orchester.de\/wp-content\/uploads\/2022\/12\/20221203_102031-300x263.jpg 300w, https:\/\/zeiss-orchester.de\/wp-content\/uploads\/2022\/12\/20221203_102031-768x672.jpg 768w, https:\/\/zeiss-orchester.de\/wp-content\/uploads\/2022\/12\/20221203_102031-1536x1344.jpg 1536w, https:\/\/zeiss-orchester.de\/wp-content\/uploads\/2022\/12\/20221203_102031-2048x1792.jpg 2048w, https:\/\/zeiss-orchester.de\/wp-content\/uploads\/2022\/12\/20221203_102031-624x546.jpg 624w\" sizes=\"auto, (max-width: 1024px) 100vw, 1024px\" \/><\/figure>\n\n\n\n<figure class=\"wp-block-image size-large\"><img loading=\"lazy\" decoding=\"async\" width=\"640\" height=\"480\" data-id=\"2487\" src=\"https:\/\/zeiss-orchester.de\/wp-content\/uploads\/2022\/12\/20221203_120403.jpg\" alt=\"\" class=\"wp-image-2487\" srcset=\"https:\/\/zeiss-orchester.de\/wp-content\/uploads\/2022\/12\/20221203_120403.jpg 640w, https:\/\/zeiss-orchester.de\/wp-content\/uploads\/2022\/12\/20221203_120403-300x225.jpg 300w, https:\/\/zeiss-orchester.de\/wp-content\/uploads\/2022\/12\/20221203_120403-624x468.jpg 624w\" sizes=\"auto, (max-width: 640px) 100vw, 640px\" \/><\/figure>\n\n\n\n<figure class=\"wp-block-image size-large\"><img loading=\"lazy\" decoding=\"async\" width=\"576\" height=\"1024\" data-id=\"2500\" src=\"https:\/\/zeiss-orchester.de\/wp-content\/uploads\/2022\/12\/20221203_121336-576x1024.jpg\" alt=\"\" class=\"wp-image-2500\" srcset=\"https:\/\/zeiss-orchester.de\/wp-content\/uploads\/2022\/12\/20221203_121336-576x1024.jpg 576w, https:\/\/zeiss-orchester.de\/wp-content\/uploads\/2022\/12\/20221203_121336-169x300.jpg 169w, https:\/\/zeiss-orchester.de\/wp-content\/uploads\/2022\/12\/20221203_121336-768x1365.jpg 768w, https:\/\/zeiss-orchester.de\/wp-content\/uploads\/2022\/12\/20221203_121336-864x1536.jpg 864w, https:\/\/zeiss-orchester.de\/wp-content\/uploads\/2022\/12\/20221203_121336-1152x2048.jpg 1152w, https:\/\/zeiss-orchester.de\/wp-content\/uploads\/2022\/12\/20221203_121336-624x1109.jpg 624w, https:\/\/zeiss-orchester.de\/wp-content\/uploads\/2022\/12\/20221203_121336-scaled.jpg 1440w\" sizes=\"auto, (max-width: 576px) 100vw, 576px\" \/><\/figure>\n\n\n\n<figure class=\"wp-block-image size-large\"><img loading=\"lazy\" decoding=\"async\" width=\"480\" height=\"640\" data-id=\"2490\" src=\"https:\/\/zeiss-orchester.de\/wp-content\/uploads\/2022\/12\/20221203_121404-rotated.jpg\" alt=\"\" class=\"wp-image-2490\" srcset=\"https:\/\/zeiss-orchester.de\/wp-content\/uploads\/2022\/12\/20221203_121404-rotated.jpg 480w, https:\/\/zeiss-orchester.de\/wp-content\/uploads\/2022\/12\/20221203_121404-225x300.jpg 225w\" sizes=\"auto, (max-width: 480px) 100vw, 480px\" \/><\/figure>\n\n\n\n<figure class=\"wp-block-image size-large\"><img loading=\"lazy\" decoding=\"async\" width=\"480\" height=\"640\" data-id=\"2489\" src=\"https:\/\/zeiss-orchester.de\/wp-content\/uploads\/2022\/12\/20221203_121405-rotated.jpg\" alt=\"\" class=\"wp-image-2489\" srcset=\"https:\/\/zeiss-orchester.de\/wp-content\/uploads\/2022\/12\/20221203_121405-rotated.jpg 480w, https:\/\/zeiss-orchester.de\/wp-content\/uploads\/2022\/12\/20221203_121405-225x300.jpg 225w\" sizes=\"auto, (max-width: 480px) 100vw, 480px\" \/><\/figure>\n\n\n\n<figure class=\"wp-block-image size-large\"><img loading=\"lazy\" decoding=\"async\" width=\"576\" height=\"1024\" data-id=\"2504\" src=\"https:\/\/zeiss-orchester.de\/wp-content\/uploads\/2022\/12\/20221203_122149-576x1024.jpg\" alt=\"\" class=\"wp-image-2504\" srcset=\"https:\/\/zeiss-orchester.de\/wp-content\/uploads\/2022\/12\/20221203_122149-576x1024.jpg 576w, https:\/\/zeiss-orchester.de\/wp-content\/uploads\/2022\/12\/20221203_122149-169x300.jpg 169w, https:\/\/zeiss-orchester.de\/wp-content\/uploads\/2022\/12\/20221203_122149-768x1365.jpg 768w, https:\/\/zeiss-orchester.de\/wp-content\/uploads\/2022\/12\/20221203_122149-864x1536.jpg 864w, https:\/\/zeiss-orchester.de\/wp-content\/uploads\/2022\/12\/20221203_122149-1152x2048.jpg 1152w, https:\/\/zeiss-orchester.de\/wp-content\/uploads\/2022\/12\/20221203_122149-624x1109.jpg 624w, https:\/\/zeiss-orchester.de\/wp-content\/uploads\/2022\/12\/20221203_122149-scaled.jpg 1440w\" sizes=\"auto, (max-width: 576px) 100vw, 576px\" \/><\/figure>\n\n\n\n<figure class=\"wp-block-image size-large\"><img loading=\"lazy\" decoding=\"async\" width=\"1024\" height=\"576\" data-id=\"2493\" src=\"https:\/\/zeiss-orchester.de\/wp-content\/uploads\/2022\/12\/20221203_122150-1024x576.jpg\" alt=\"\" class=\"wp-image-2493\" srcset=\"https:\/\/zeiss-orchester.de\/wp-content\/uploads\/2022\/12\/20221203_122150-1024x576.jpg 1024w, https:\/\/zeiss-orchester.de\/wp-content\/uploads\/2022\/12\/20221203_122150-300x169.jpg 300w, https:\/\/zeiss-orchester.de\/wp-content\/uploads\/2022\/12\/20221203_122150-768x432.jpg 768w, https:\/\/zeiss-orchester.de\/wp-content\/uploads\/2022\/12\/20221203_122150-1536x864.jpg 1536w, https:\/\/zeiss-orchester.de\/wp-content\/uploads\/2022\/12\/20221203_122150-2048x1152.jpg 2048w, https:\/\/zeiss-orchester.de\/wp-content\/uploads\/2022\/12\/20221203_122150-624x351.jpg 624w\" sizes=\"auto, (max-width: 1024px) 100vw, 1024px\" \/><\/figure>\n\n\n\n<figure class=\"wp-block-image size-large\"><img loading=\"lazy\" decoding=\"async\" width=\"576\" height=\"1024\" data-id=\"2503\" src=\"https:\/\/zeiss-orchester.de\/wp-content\/uploads\/2022\/12\/20221203_135419-576x1024.jpg\" alt=\"\" class=\"wp-image-2503\" srcset=\"https:\/\/zeiss-orchester.de\/wp-content\/uploads\/2022\/12\/20221203_135419-576x1024.jpg 576w, https:\/\/zeiss-orchester.de\/wp-content\/uploads\/2022\/12\/20221203_135419-169x300.jpg 169w, https:\/\/zeiss-orchester.de\/wp-content\/uploads\/2022\/12\/20221203_135419-768x1365.jpg 768w, https:\/\/zeiss-orchester.de\/wp-content\/uploads\/2022\/12\/20221203_135419-864x1536.jpg 864w, https:\/\/zeiss-orchester.de\/wp-content\/uploads\/2022\/12\/20221203_135419-1152x2048.jpg 1152w, https:\/\/zeiss-orchester.de\/wp-content\/uploads\/2022\/12\/20221203_135419-624x1109.jpg 624w, https:\/\/zeiss-orchester.de\/wp-content\/uploads\/2022\/12\/20221203_135419-scaled.jpg 1440w\" sizes=\"auto, (max-width: 576px) 100vw, 576px\" \/><\/figure>\n\n\n\n<figure class=\"wp-block-image size-large\"><img loading=\"lazy\" decoding=\"async\" width=\"1024\" height=\"576\" data-id=\"2506\" src=\"https:\/\/zeiss-orchester.de\/wp-content\/uploads\/2022\/12\/20221203_144756-1024x576.jpg\" alt=\"\" class=\"wp-image-2506\" srcset=\"https:\/\/zeiss-orchester.de\/wp-content\/uploads\/2022\/12\/20221203_144756-1024x576.jpg 1024w, https:\/\/zeiss-orchester.de\/wp-content\/uploads\/2022\/12\/20221203_144756-300x169.jpg 300w, https:\/\/zeiss-orchester.de\/wp-content\/uploads\/2022\/12\/20221203_144756-768x432.jpg 768w, https:\/\/zeiss-orchester.de\/wp-content\/uploads\/2022\/12\/20221203_144756-1536x864.jpg 1536w, https:\/\/zeiss-orchester.de\/wp-content\/uploads\/2022\/12\/20221203_144756-2048x1152.jpg 2048w, https:\/\/zeiss-orchester.de\/wp-content\/uploads\/2022\/12\/20221203_144756-624x351.jpg 624w\" sizes=\"auto, (max-width: 1024px) 100vw, 1024px\" \/><\/figure>\n\n\n\n<figure class=\"wp-block-image size-large\"><img loading=\"lazy\" decoding=\"async\" width=\"640\" height=\"480\" data-id=\"2488\" src=\"https:\/\/zeiss-orchester.de\/wp-content\/uploads\/2022\/12\/20221203_144807.jpg\" alt=\"\" class=\"wp-image-2488\" srcset=\"https:\/\/zeiss-orchester.de\/wp-content\/uploads\/2022\/12\/20221203_144807.jpg 640w, https:\/\/zeiss-orchester.de\/wp-content\/uploads\/2022\/12\/20221203_144807-300x225.jpg 300w, https:\/\/zeiss-orchester.de\/wp-content\/uploads\/2022\/12\/20221203_144807-624x468.jpg 624w\" sizes=\"auto, (max-width: 640px) 100vw, 640px\" \/><\/figure>\n\n\n\n<figure class=\"wp-block-image size-large\"><img loading=\"lazy\" decoding=\"async\" width=\"1024\" height=\"575\" data-id=\"2502\" src=\"https:\/\/zeiss-orchester.de\/wp-content\/uploads\/2022\/12\/20221203_155837-1024x575.jpg\" alt=\"\" class=\"wp-image-2502\" srcset=\"https:\/\/zeiss-orchester.de\/wp-content\/uploads\/2022\/12\/20221203_155837-1024x575.jpg 1024w, https:\/\/zeiss-orchester.de\/wp-content\/uploads\/2022\/12\/20221203_155837-300x168.jpg 300w, https:\/\/zeiss-orchester.de\/wp-content\/uploads\/2022\/12\/20221203_155837-768x431.jpg 768w, https:\/\/zeiss-orchester.de\/wp-content\/uploads\/2022\/12\/20221203_155837-1536x863.jpg 1536w, https:\/\/zeiss-orchester.de\/wp-content\/uploads\/2022\/12\/20221203_155837-2048x1150.jpg 2048w, https:\/\/zeiss-orchester.de\/wp-content\/uploads\/2022\/12\/20221203_155837-624x350.jpg 624w\" sizes=\"auto, (max-width: 1024px) 100vw, 1024px\" \/><\/figure>\n\n\n\n<figure class=\"wp-block-image size-large\"><img loading=\"lazy\" decoding=\"async\" width=\"1024\" height=\"575\" data-id=\"2495\" src=\"https:\/\/zeiss-orchester.de\/wp-content\/uploads\/2022\/12\/20221203_214951-1024x575.jpg\" alt=\"\" class=\"wp-image-2495\" srcset=\"https:\/\/zeiss-orchester.de\/wp-content\/uploads\/2022\/12\/20221203_214951-1024x575.jpg 1024w, https:\/\/zeiss-orchester.de\/wp-content\/uploads\/2022\/12\/20221203_214951-300x168.jpg 300w, https:\/\/zeiss-orchester.de\/wp-content\/uploads\/2022\/12\/20221203_214951-768x431.jpg 768w, https:\/\/zeiss-orchester.de\/wp-content\/uploads\/2022\/12\/20221203_214951-1536x863.jpg 1536w, https:\/\/zeiss-orchester.de\/wp-content\/uploads\/2022\/12\/20221203_214951-2048x1150.jpg 2048w, https:\/\/zeiss-orchester.de\/wp-content\/uploads\/2022\/12\/20221203_214951-624x350.jpg 624w\" sizes=\"auto, (max-width: 1024px) 100vw, 1024px\" \/><\/figure>\n\n\n\n<figure class=\"wp-block-image size-large\"><img loading=\"lazy\" decoding=\"async\" width=\"1024\" height=\"576\" data-id=\"2496\" src=\"https:\/\/zeiss-orchester.de\/wp-content\/uploads\/2022\/12\/20221203_214952-1024x576.jpg\" alt=\"\" class=\"wp-image-2496\" srcset=\"https:\/\/zeiss-orchester.de\/wp-content\/uploads\/2022\/12\/20221203_214952-1024x576.jpg 1024w, https:\/\/zeiss-orchester.de\/wp-content\/uploads\/2022\/12\/20221203_214952-300x169.jpg 300w, https:\/\/zeiss-orchester.de\/wp-content\/uploads\/2022\/12\/20221203_214952-768x432.jpg 768w, https:\/\/zeiss-orchester.de\/wp-content\/uploads\/2022\/12\/20221203_214952-1536x864.jpg 1536w, https:\/\/zeiss-orchester.de\/wp-content\/uploads\/2022\/12\/20221203_214952-2048x1152.jpg 2048w, https:\/\/zeiss-orchester.de\/wp-content\/uploads\/2022\/12\/20221203_214952-624x351.jpg 624w\" sizes=\"auto, (max-width: 1024px) 100vw, 1024px\" \/><\/figure>\n\n\n\n<figure class=\"wp-block-image size-large\"><img loading=\"lazy\" decoding=\"async\" width=\"1024\" height=\"576\" data-id=\"2501\" src=\"https:\/\/zeiss-orchester.de\/wp-content\/uploads\/2022\/12\/20221203_215030-1024x576.jpg\" alt=\"\" class=\"wp-image-2501\" srcset=\"https:\/\/zeiss-orchester.de\/wp-content\/uploads\/2022\/12\/20221203_215030-1024x576.jpg 1024w, https:\/\/zeiss-orchester.de\/wp-content\/uploads\/2022\/12\/20221203_215030-300x169.jpg 300w, https:\/\/zeiss-orchester.de\/wp-content\/uploads\/2022\/12\/20221203_215030-768x432.jpg 768w, https:\/\/zeiss-orchester.de\/wp-content\/uploads\/2022\/12\/20221203_215030-1536x864.jpg 1536w, https:\/\/zeiss-orchester.de\/wp-content\/uploads\/2022\/12\/20221203_215030-2048x1152.jpg 2048w, https:\/\/zeiss-orchester.de\/wp-content\/uploads\/2022\/12\/20221203_215030-624x351.jpg 624w\" sizes=\"auto, (max-width: 1024px) 100vw, 1024px\" \/><\/figure>\n\n\n\n<figure class=\"wp-block-image size-large\"><img loading=\"lazy\" decoding=\"async\" width=\"1024\" height=\"576\" data-id=\"2499\" src=\"https:\/\/zeiss-orchester.de\/wp-content\/uploads\/2022\/12\/20221203_215320-Ehrung-Hartwig-5-1024x576.jpg\" alt=\"\" class=\"wp-image-2499\" srcset=\"https:\/\/zeiss-orchester.de\/wp-content\/uploads\/2022\/12\/20221203_215320-Ehrung-Hartwig-5-1024x576.jpg 1024w, https:\/\/zeiss-orchester.de\/wp-content\/uploads\/2022\/12\/20221203_215320-Ehrung-Hartwig-5-300x169.jpg 300w, https:\/\/zeiss-orchester.de\/wp-content\/uploads\/2022\/12\/20221203_215320-Ehrung-Hartwig-5-768x432.jpg 768w, https:\/\/zeiss-orchester.de\/wp-content\/uploads\/2022\/12\/20221203_215320-Ehrung-Hartwig-5-1536x864.jpg 1536w, https:\/\/zeiss-orchester.de\/wp-content\/uploads\/2022\/12\/20221203_215320-Ehrung-Hartwig-5-2048x1152.jpg 2048w, https:\/\/zeiss-orchester.de\/wp-content\/uploads\/2022\/12\/20221203_215320-Ehrung-Hartwig-5-624x351.jpg 624w\" sizes=\"auto, (max-width: 1024px) 100vw, 1024px\" \/><\/figure>\n\n\n\n<figure class=\"wp-block-image size-large\"><img loading=\"lazy\" decoding=\"async\" width=\"1024\" height=\"576\" data-id=\"2494\" src=\"https:\/\/zeiss-orchester.de\/wp-content\/uploads\/2022\/12\/20221203_215410-Ehrung-Hartwig-3-1024x576.jpg\" alt=\"\" class=\"wp-image-2494\" srcset=\"https:\/\/zeiss-orchester.de\/wp-content\/uploads\/2022\/12\/20221203_215410-Ehrung-Hartwig-3-1024x576.jpg 1024w, https:\/\/zeiss-orchester.de\/wp-content\/uploads\/2022\/12\/20221203_215410-Ehrung-Hartwig-3-300x169.jpg 300w, https:\/\/zeiss-orchester.de\/wp-content\/uploads\/2022\/12\/20221203_215410-Ehrung-Hartwig-3-768x432.jpg 768w, https:\/\/zeiss-orchester.de\/wp-content\/uploads\/2022\/12\/20221203_215410-Ehrung-Hartwig-3-1536x864.jpg 1536w, https:\/\/zeiss-orchester.de\/wp-content\/uploads\/2022\/12\/20221203_215410-Ehrung-Hartwig-3-2048x1152.jpg 2048w, https:\/\/zeiss-orchester.de\/wp-content\/uploads\/2022\/12\/20221203_215410-Ehrung-Hartwig-3-624x351.jpg 624w\" sizes=\"auto, (max-width: 1024px) 100vw, 1024px\" \/><\/figure>\n\n\n\n<figure class=\"wp-block-image size-large\"><img loading=\"lazy\" decoding=\"async\" width=\"1024\" height=\"576\" data-id=\"2498\" src=\"https:\/\/zeiss-orchester.de\/wp-content\/uploads\/2022\/12\/20221203_220317-1024x576.jpg\" alt=\"\" class=\"wp-image-2498\" srcset=\"https:\/\/zeiss-orchester.de\/wp-content\/uploads\/2022\/12\/20221203_220317-1024x576.jpg 1024w, https:\/\/zeiss-orchester.de\/wp-content\/uploads\/2022\/12\/20221203_220317-300x169.jpg 300w, https:\/\/zeiss-orchester.de\/wp-content\/uploads\/2022\/12\/20221203_220317-768x432.jpg 768w, https:\/\/zeiss-orchester.de\/wp-content\/uploads\/2022\/12\/20221203_220317-1536x864.jpg 1536w, https:\/\/zeiss-orchester.de\/wp-content\/uploads\/2022\/12\/20221203_220317-2048x1152.jpg 2048w, https:\/\/zeiss-orchester.de\/wp-content\/uploads\/2022\/12\/20221203_220317-624x351.jpg 624w\" sizes=\"auto, (max-width: 1024px) 100vw, 1024px\" \/><\/figure>\n\n\n\n<figure class=\"wp-block-image size-large\"><img loading=\"lazy\" decoding=\"async\" width=\"1024\" height=\"576\" data-id=\"2492\" src=\"https:\/\/zeiss-orchester.de\/wp-content\/uploads\/2022\/12\/20221204_072652-1024x576.jpg\" alt=\"\" class=\"wp-image-2492\" srcset=\"https:\/\/zeiss-orchester.de\/wp-content\/uploads\/2022\/12\/20221204_072652-1024x576.jpg 1024w, https:\/\/zeiss-orchester.de\/wp-content\/uploads\/2022\/12\/20221204_072652-300x169.jpg 300w, https:\/\/zeiss-orchester.de\/wp-content\/uploads\/2022\/12\/20221204_072652-768x432.jpg 768w, https:\/\/zeiss-orchester.de\/wp-content\/uploads\/2022\/12\/20221204_072652-1536x864.jpg 1536w, https:\/\/zeiss-orchester.de\/wp-content\/uploads\/2022\/12\/20221204_072652-2048x1152.jpg 2048w, https:\/\/zeiss-orchester.de\/wp-content\/uploads\/2022\/12\/20221204_072652-624x351.jpg 624w\" sizes=\"auto, (max-width: 1024px) 100vw, 1024px\" \/><\/figure>\n<\/figure>\n\n\n\n<div class=\"wp-block-group\"><div class=\"wp-block-group__inner-container is-layout-flow wp-block-group-is-layout-flow\">\n<p class=\"has-text-align-center\"><strong>Unser Probentag zur Vorbereitung des um 2 Jahre versp\u00e4teten Fr\u00fchlingskonzerts<\/strong><\/p>\n<\/div><\/div>\n\n\n\n<div class=\"wp-block-group\"><div class=\"wp-block-group__inner-container is-layout-flow wp-block-group-is-layout-flow\">\n<figure class=\"wp-block-gallery has-nested-images columns-4 is-cropped wp-block-gallery-10 is-layout-flex wp-block-gallery-is-layout-flex\">\n<figure class=\"wp-block-image size-large\"><img loading=\"lazy\" decoding=\"async\" width=\"576\" height=\"1024\" data-id=\"2270\" src=\"https:\/\/zeiss-orchester.de\/wp-content\/uploads\/2022\/04\/20220319_142448-576x1024.jpg\" alt=\"\" class=\"wp-image-2270\" srcset=\"https:\/\/zeiss-orchester.de\/wp-content\/uploads\/2022\/04\/20220319_142448-576x1024.jpg 576w, https:\/\/zeiss-orchester.de\/wp-content\/uploads\/2022\/04\/20220319_142448-169x300.jpg 169w, https:\/\/zeiss-orchester.de\/wp-content\/uploads\/2022\/04\/20220319_142448-768x1365.jpg 768w, https:\/\/zeiss-orchester.de\/wp-content\/uploads\/2022\/04\/20220319_142448-864x1536.jpg 864w, https:\/\/zeiss-orchester.de\/wp-content\/uploads\/2022\/04\/20220319_142448-1152x2048.jpg 1152w, https:\/\/zeiss-orchester.de\/wp-content\/uploads\/2022\/04\/20220319_142448-624x1109.jpg 624w, https:\/\/zeiss-orchester.de\/wp-content\/uploads\/2022\/04\/20220319_142448-scaled.jpg 1440w\" sizes=\"auto, (max-width: 576px) 100vw, 576px\" \/><figcaption class=\"wp-element-caption\">Die Streichergruppe<\/figcaption><\/figure>\n\n\n\n<figure class=\"wp-block-image size-large\"><img loading=\"lazy\" decoding=\"async\" width=\"1024\" height=\"576\" data-id=\"2271\" src=\"https:\/\/zeiss-orchester.de\/wp-content\/uploads\/2022\/04\/20220319_142804-1024x576.jpg\" alt=\"\" class=\"wp-image-2271\" srcset=\"https:\/\/zeiss-orchester.de\/wp-content\/uploads\/2022\/04\/20220319_142804-1024x576.jpg 1024w, https:\/\/zeiss-orchester.de\/wp-content\/uploads\/2022\/04\/20220319_142804-300x169.jpg 300w, https:\/\/zeiss-orchester.de\/wp-content\/uploads\/2022\/04\/20220319_142804-768x432.jpg 768w, https:\/\/zeiss-orchester.de\/wp-content\/uploads\/2022\/04\/20220319_142804-1536x864.jpg 1536w, https:\/\/zeiss-orchester.de\/wp-content\/uploads\/2022\/04\/20220319_142804-2048x1152.jpg 2048w, https:\/\/zeiss-orchester.de\/wp-content\/uploads\/2022\/04\/20220319_142804-624x351.jpg 624w\" sizes=\"auto, (max-width: 1024px) 100vw, 1024px\" \/><figcaption class=\"wp-element-caption\">Die tiefen Streicher<\/figcaption><\/figure>\n\n\n\n<figure class=\"wp-block-image size-large\"><img loading=\"lazy\" decoding=\"async\" width=\"1024\" height=\"576\" data-id=\"2274\" src=\"https:\/\/zeiss-orchester.de\/wp-content\/uploads\/2022\/04\/20220319_155602-1024x576.jpg\" alt=\"\" class=\"wp-image-2274\" srcset=\"https:\/\/zeiss-orchester.de\/wp-content\/uploads\/2022\/04\/20220319_155602-1024x576.jpg 1024w, https:\/\/zeiss-orchester.de\/wp-content\/uploads\/2022\/04\/20220319_155602-300x169.jpg 300w, https:\/\/zeiss-orchester.de\/wp-content\/uploads\/2022\/04\/20220319_155602-768x432.jpg 768w, https:\/\/zeiss-orchester.de\/wp-content\/uploads\/2022\/04\/20220319_155602-1536x864.jpg 1536w, https:\/\/zeiss-orchester.de\/wp-content\/uploads\/2022\/04\/20220319_155602-2048x1152.jpg 2048w, https:\/\/zeiss-orchester.de\/wp-content\/uploads\/2022\/04\/20220319_155602-624x351.jpg 624w\" sizes=\"auto, (max-width: 1024px) 100vw, 1024px\" \/><figcaption class=\"wp-element-caption\">Wir schauen unsere Chronik an<\/figcaption><\/figure>\n\n\n\n<figure class=\"wp-block-image size-large\"><img loading=\"lazy\" decoding=\"async\" width=\"1024\" height=\"576\" data-id=\"2273\" src=\"https:\/\/zeiss-orchester.de\/wp-content\/uploads\/2022\/04\/20220319_155213-1024x576.jpg\" alt=\"\" class=\"wp-image-2273\" srcset=\"https:\/\/zeiss-orchester.de\/wp-content\/uploads\/2022\/04\/20220319_155213-1024x576.jpg 1024w, https:\/\/zeiss-orchester.de\/wp-content\/uploads\/2022\/04\/20220319_155213-300x169.jpg 300w, https:\/\/zeiss-orchester.de\/wp-content\/uploads\/2022\/04\/20220319_155213-768x432.jpg 768w, https:\/\/zeiss-orchester.de\/wp-content\/uploads\/2022\/04\/20220319_155213-1536x864.jpg 1536w, https:\/\/zeiss-orchester.de\/wp-content\/uploads\/2022\/04\/20220319_155213-2048x1152.jpg 2048w, https:\/\/zeiss-orchester.de\/wp-content\/uploads\/2022\/04\/20220319_155213-624x351.jpg 624w\" sizes=\"auto, (max-width: 1024px) 100vw, 1024px\" \/><figcaption class=\"wp-element-caption\">Roland erl\u00e4utert die Ereignisse<\/figcaption><\/figure>\n<\/figure>\n<\/div><\/div>\n\n\n\n<h2 class=\"wp-block-heading\">Markt der M\u00f6glichkeiten 2021 in Uni-Mensa am Ernst-Abbe-Platz<\/h2>\n\n\n\n<figure class=\"wp-block-gallery has-nested-images columns-default is-cropped wp-block-gallery-11 is-layout-flex wp-block-gallery-is-layout-flex\">\n<figure class=\"wp-block-image size-large\"><img loading=\"lazy\" decoding=\"async\" width=\"1024\" height=\"768\" data-id=\"2194\" src=\"https:\/\/zeiss-orchester.de\/wp-content\/uploads\/2021\/11\/20211120_131407V1-1024x768.jpg\" alt=\"\" class=\"wp-image-2194\" srcset=\"https:\/\/zeiss-orchester.de\/wp-content\/uploads\/2021\/11\/20211120_131407V1-1024x768.jpg 1024w, https:\/\/zeiss-orchester.de\/wp-content\/uploads\/2021\/11\/20211120_131407V1-300x225.jpg 300w, https:\/\/zeiss-orchester.de\/wp-content\/uploads\/2021\/11\/20211120_131407V1-768x576.jpg 768w, https:\/\/zeiss-orchester.de\/wp-content\/uploads\/2021\/11\/20211120_131407V1-1536x1152.jpg 1536w, https:\/\/zeiss-orchester.de\/wp-content\/uploads\/2021\/11\/20211120_131407V1-2048x1536.jpg 2048w, https:\/\/zeiss-orchester.de\/wp-content\/uploads\/2021\/11\/20211120_131407V1-624x468.jpg 624w\" sizes=\"auto, (max-width: 1024px) 100vw, 1024px\" \/><figcaption class=\"wp-element-caption\">Markt der M\u00f6glichkeiten 2021<\/figcaption><\/figure>\n\n\n\n<figure class=\"wp-block-image size-large\"><img loading=\"lazy\" decoding=\"async\" width=\"768\" height=\"1024\" data-id=\"2192\" src=\"https:\/\/zeiss-orchester.de\/wp-content\/uploads\/2021\/11\/20211120_131401-1-768x1024.jpg\" alt=\"\" class=\"wp-image-2192\" srcset=\"https:\/\/zeiss-orchester.de\/wp-content\/uploads\/2021\/11\/20211120_131401-1-768x1024.jpg 768w, https:\/\/zeiss-orchester.de\/wp-content\/uploads\/2021\/11\/20211120_131401-1-225x300.jpg 225w, https:\/\/zeiss-orchester.de\/wp-content\/uploads\/2021\/11\/20211120_131401-1-1152x1536.jpg 1152w, https:\/\/zeiss-orchester.de\/wp-content\/uploads\/2021\/11\/20211120_131401-1-1536x2048.jpg 1536w, https:\/\/zeiss-orchester.de\/wp-content\/uploads\/2021\/11\/20211120_131401-1-624x832.jpg 624w, https:\/\/zeiss-orchester.de\/wp-content\/uploads\/2021\/11\/20211120_131401-1-scaled.jpg 1920w\" sizes=\"auto, (max-width: 768px) 100vw, 768px\" \/><figcaption class=\"wp-element-caption\">Unsere Flyerwerbung<\/figcaption><\/figure>\n\n\n\n<figure class=\"wp-block-image size-large\"><img loading=\"lazy\" decoding=\"async\" width=\"1024\" height=\"768\" data-id=\"2195\" src=\"https:\/\/zeiss-orchester.de\/wp-content\/uploads\/2021\/11\/20211120_140435-1024x768.jpg\" alt=\"\" class=\"wp-image-2195\" srcset=\"https:\/\/zeiss-orchester.de\/wp-content\/uploads\/2021\/11\/20211120_140435-1024x768.jpg 1024w, https:\/\/zeiss-orchester.de\/wp-content\/uploads\/2021\/11\/20211120_140435-300x225.jpg 300w, https:\/\/zeiss-orchester.de\/wp-content\/uploads\/2021\/11\/20211120_140435-768x576.jpg 768w, https:\/\/zeiss-orchester.de\/wp-content\/uploads\/2021\/11\/20211120_140435-1536x1152.jpg 1536w, https:\/\/zeiss-orchester.de\/wp-content\/uploads\/2021\/11\/20211120_140435-2048x1536.jpg 2048w, https:\/\/zeiss-orchester.de\/wp-content\/uploads\/2021\/11\/20211120_140435-624x468.jpg 624w\" sizes=\"auto, (max-width: 1024px) 100vw, 1024px\" \/><figcaption class=\"wp-element-caption\">Musici suchen Musici<\/figcaption><\/figure>\n<\/figure>\n\n\n\n<h2 class=\"wp-block-heading\">30 Jahre LTLO- Feier im Augustinerkloster Erfurt am 30.10. 2021<\/h2>\n\n\n\n<p>Vor 30 Jahren wurde am selben Ort der Verband Th\u00fcringer Laienorchester gegr\u00fcndet. Diesem Zusammenschluss gleicherma\u00dfen am sinfonischen Musizieren interessierter Musici geh\u00f6ren derzeit 13 Laienorchester an, so auch wir. Trotz Pandemie konnte die Feier festlich begangen werden. Ein gro\u00dfes Dankesch\u00f6n den Organisatoren, den 20 Cellisten unter Leitung von Prof. Bruns aus Leipzig und der Th\u00fcringer Staatskanzlei, die den anschlie\u00dfenden Empfang mit festlichem Buffet f\u00f6rderte.  <\/p>\n\n\n\n<div class=\"wp-block-group\"><div class=\"wp-block-group__inner-container is-layout-flow wp-block-group-is-layout-flow\">\n<div class=\"wp-block-columns is-layout-flex wp-container-core-columns-is-layout-9d6595d7 wp-block-columns-is-layout-flex\">\n<div class=\"wp-block-column is-vertically-aligned-top is-layout-flow wp-block-column-is-layout-flow\" style=\"flex-basis:100%\">\n<div class=\"wp-block-group\"><div class=\"wp-block-group__inner-container is-layout-flow wp-block-group-is-layout-flow\">\n<figure class=\"wp-block-gallery has-nested-images columns-default is-cropped wp-block-gallery-12 is-layout-flex wp-block-gallery-is-layout-flex\">\n<figure class=\"wp-block-image size-large\"><img loading=\"lazy\" decoding=\"async\" width=\"1024\" height=\"576\" data-id=\"2169\" src=\"https:\/\/zeiss-orchester.de\/wp-content\/uploads\/2021\/10\/20211030_175241-1-1024x576.jpg\" alt=\"\" class=\"wp-image-2169\" srcset=\"https:\/\/zeiss-orchester.de\/wp-content\/uploads\/2021\/10\/20211030_175241-1-1024x576.jpg 1024w, https:\/\/zeiss-orchester.de\/wp-content\/uploads\/2021\/10\/20211030_175241-1-300x169.jpg 300w, https:\/\/zeiss-orchester.de\/wp-content\/uploads\/2021\/10\/20211030_175241-1-768x432.jpg 768w, https:\/\/zeiss-orchester.de\/wp-content\/uploads\/2021\/10\/20211030_175241-1-1536x864.jpg 1536w, https:\/\/zeiss-orchester.de\/wp-content\/uploads\/2021\/10\/20211030_175241-1-2048x1152.jpg 2048w, https:\/\/zeiss-orchester.de\/wp-content\/uploads\/2021\/10\/20211030_175241-1-624x351.jpg 624w\" sizes=\"auto, (max-width: 1024px) 100vw, 1024px\" \/><\/figure>\n\n\n\n<figure class=\"wp-block-image size-large\"><img loading=\"lazy\" decoding=\"async\" width=\"1024\" height=\"576\" data-id=\"2168\" src=\"https:\/\/zeiss-orchester.de\/wp-content\/uploads\/2021\/10\/20211030_170431-1-1024x576.jpg\" alt=\"\" class=\"wp-image-2168\" srcset=\"https:\/\/zeiss-orchester.de\/wp-content\/uploads\/2021\/10\/20211030_170431-1-1024x576.jpg 1024w, https:\/\/zeiss-orchester.de\/wp-content\/uploads\/2021\/10\/20211030_170431-1-300x169.jpg 300w, https:\/\/zeiss-orchester.de\/wp-content\/uploads\/2021\/10\/20211030_170431-1-768x432.jpg 768w, https:\/\/zeiss-orchester.de\/wp-content\/uploads\/2021\/10\/20211030_170431-1-1536x864.jpg 1536w, https:\/\/zeiss-orchester.de\/wp-content\/uploads\/2021\/10\/20211030_170431-1-2048x1152.jpg 2048w, https:\/\/zeiss-orchester.de\/wp-content\/uploads\/2021\/10\/20211030_170431-1-624x351.jpg 624w\" sizes=\"auto, (max-width: 1024px) 100vw, 1024px\" \/><\/figure>\n\n\n\n<figure class=\"wp-block-image size-large\"><img loading=\"lazy\" decoding=\"async\" width=\"1024\" height=\"576\" data-id=\"2170\" src=\"https:\/\/zeiss-orchester.de\/wp-content\/uploads\/2021\/10\/20211030_183554-2-1024x576.jpg\" alt=\"\" class=\"wp-image-2170\" srcset=\"https:\/\/zeiss-orchester.de\/wp-content\/uploads\/2021\/10\/20211030_183554-2-1024x576.jpg 1024w, https:\/\/zeiss-orchester.de\/wp-content\/uploads\/2021\/10\/20211030_183554-2-300x169.jpg 300w, https:\/\/zeiss-orchester.de\/wp-content\/uploads\/2021\/10\/20211030_183554-2-768x432.jpg 768w, https:\/\/zeiss-orchester.de\/wp-content\/uploads\/2021\/10\/20211030_183554-2-1536x864.jpg 1536w, https:\/\/zeiss-orchester.de\/wp-content\/uploads\/2021\/10\/20211030_183554-2-2048x1152.jpg 2048w, https:\/\/zeiss-orchester.de\/wp-content\/uploads\/2021\/10\/20211030_183554-2-624x351.jpg 624w\" sizes=\"auto, (max-width: 1024px) 100vw, 1024px\" \/><\/figure>\n<\/figure>\n<\/div><\/div>\n\n\n\n<p>Es erklangen St\u00fccke von Pachelbel, Casals, Wagenseil,  Schostakowitsch, Mendelsohn-Bartholdy, Villa-Lobos u.a. .<\/p>\n<\/div>\n<\/div>\n<\/div><\/div>\n\n\n\n<div class=\"wp-block-columns is-layout-flex wp-container-core-columns-is-layout-9d6595d7 wp-block-columns-is-layout-flex\">\n<div class=\"wp-block-column is-layout-flow wp-block-column-is-layout-flow\" style=\"flex-basis:100%\">\n<figure class=\"wp-block-gallery has-nested-images columns-default is-cropped wp-block-gallery-13 is-layout-flex wp-block-gallery-is-layout-flex\">\n<figure class=\"wp-block-image size-large\"><img loading=\"lazy\" decoding=\"async\" width=\"576\" height=\"1024\" data-id=\"2160\" src=\"https:\/\/zeiss-orchester.de\/wp-content\/uploads\/2021\/10\/20211030_175231-576x1024.jpg\" alt=\"\" class=\"wp-image-2160\" srcset=\"https:\/\/zeiss-orchester.de\/wp-content\/uploads\/2021\/10\/20211030_175231-576x1024.jpg 576w, https:\/\/zeiss-orchester.de\/wp-content\/uploads\/2021\/10\/20211030_175231-169x300.jpg 169w, https:\/\/zeiss-orchester.de\/wp-content\/uploads\/2021\/10\/20211030_175231-768x1365.jpg 768w, https:\/\/zeiss-orchester.de\/wp-content\/uploads\/2021\/10\/20211030_175231-864x1536.jpg 864w, https:\/\/zeiss-orchester.de\/wp-content\/uploads\/2021\/10\/20211030_175231-1152x2048.jpg 1152w, https:\/\/zeiss-orchester.de\/wp-content\/uploads\/2021\/10\/20211030_175231-624x1109.jpg 624w, https:\/\/zeiss-orchester.de\/wp-content\/uploads\/2021\/10\/20211030_175231-scaled.jpg 1440w\" sizes=\"auto, (max-width: 576px) 100vw, 576px\" \/><\/figure>\n<\/figure>\n<\/div>\n<\/div>\n\n\n\n<p><\/p>\n\n\n\n<h2 class=\"wp-block-heading\">06.09. 2021: Nach der langen Coronapause offizieller Saisonbeginn mit Anbraten und Antrinken<\/h2>\n\n\n\n<p>Seit Juli 2021 probten wir wieder Open Air auf der Terrasse Philosophenweg 20 und seit einigen Wochen haben wir in der Mensa auch wieder ein Dach \u00fcber dem Kopf. Einen offiziellen Saisonstart der besonderen Art g\u00f6nnten wir uns dieses Jahr mit einem th\u00fcringischen Abendessen, das Firma Steffenhagen f\u00fcr uns ausrichtete. Mit frischem Grillgut und passenden Getr\u00e4nken konnten wir bei warmem Sommerwetter den Tagesausklang und die Gemeinsamkeit genie\u00dfen und uns auf bevorstehende Projekte einstimmen. <\/p>\n\n\n\n<figure class=\"wp-block-gallery has-nested-images columns-default is-cropped wp-block-gallery-14 is-layout-flex wp-block-gallery-is-layout-flex\">\n<figure class=\"wp-block-image size-large\"><img loading=\"lazy\" decoding=\"async\" width=\"768\" height=\"1024\" data-id=\"2096\" src=\"https:\/\/zeiss-orchester.de\/wp-content\/uploads\/2021\/09\/20210906_195219-768x1024.jpg\" alt=\"\" class=\"wp-image-2096\" srcset=\"https:\/\/zeiss-orchester.de\/wp-content\/uploads\/2021\/09\/20210906_195219-768x1024.jpg 768w, https:\/\/zeiss-orchester.de\/wp-content\/uploads\/2021\/09\/20210906_195219-225x300.jpg 225w, https:\/\/zeiss-orchester.de\/wp-content\/uploads\/2021\/09\/20210906_195219-1152x1536.jpg 1152w, https:\/\/zeiss-orchester.de\/wp-content\/uploads\/2021\/09\/20210906_195219-1536x2048.jpg 1536w, https:\/\/zeiss-orchester.de\/wp-content\/uploads\/2021\/09\/20210906_195219-624x832.jpg 624w, https:\/\/zeiss-orchester.de\/wp-content\/uploads\/2021\/09\/20210906_195219-scaled.jpg 1920w\" sizes=\"auto, (max-width: 768px) 100vw, 768px\" \/><figcaption class=\"wp-element-caption\">Lecker Fleisch, K\u00e4se und Salate<\/figcaption><\/figure>\n\n\n\n<figure class=\"wp-block-image size-large\"><img loading=\"lazy\" decoding=\"async\" width=\"1024\" height=\"768\" data-id=\"2097\" src=\"https:\/\/zeiss-orchester.de\/wp-content\/uploads\/2021\/09\/20210906_195232-1024x768.jpg\" alt=\"\" class=\"wp-image-2097\" srcset=\"https:\/\/zeiss-orchester.de\/wp-content\/uploads\/2021\/09\/20210906_195232-1024x768.jpg 1024w, https:\/\/zeiss-orchester.de\/wp-content\/uploads\/2021\/09\/20210906_195232-300x225.jpg 300w, https:\/\/zeiss-orchester.de\/wp-content\/uploads\/2021\/09\/20210906_195232-768x576.jpg 768w, https:\/\/zeiss-orchester.de\/wp-content\/uploads\/2021\/09\/20210906_195232-1536x1152.jpg 1536w, https:\/\/zeiss-orchester.de\/wp-content\/uploads\/2021\/09\/20210906_195232-2048x1536.jpg 2048w, https:\/\/zeiss-orchester.de\/wp-content\/uploads\/2021\/09\/20210906_195232-624x468.jpg 624w\" sizes=\"auto, (max-width: 1024px) 100vw, 1024px\" \/><figcaption class=\"wp-element-caption\">Warten auf hei\u00dfe W\u00fcrste<\/figcaption><\/figure>\n\n\n\n<figure class=\"wp-block-image size-large\"><img loading=\"lazy\" decoding=\"async\" width=\"916\" height=\"1024\" data-id=\"2098\" src=\"https:\/\/zeiss-orchester.de\/wp-content\/uploads\/2021\/09\/20210906_195250.2-916x1024.jpg\" alt=\"\" class=\"wp-image-2098\" srcset=\"https:\/\/zeiss-orchester.de\/wp-content\/uploads\/2021\/09\/20210906_195250.2-916x1024.jpg 916w, https:\/\/zeiss-orchester.de\/wp-content\/uploads\/2021\/09\/20210906_195250.2-268x300.jpg 268w, https:\/\/zeiss-orchester.de\/wp-content\/uploads\/2021\/09\/20210906_195250.2-768x859.jpg 768w, https:\/\/zeiss-orchester.de\/wp-content\/uploads\/2021\/09\/20210906_195250.2-1374x1536.jpg 1374w, https:\/\/zeiss-orchester.de\/wp-content\/uploads\/2021\/09\/20210906_195250.2-1832x2048.jpg 1832w, https:\/\/zeiss-orchester.de\/wp-content\/uploads\/2021\/09\/20210906_195250.2-624x698.jpg 624w, https:\/\/zeiss-orchester.de\/wp-content\/uploads\/2021\/09\/20210906_195250.2.jpg 1932w\" sizes=\"auto, (max-width: 916px) 100vw, 916px\" \/><figcaption class=\"wp-element-caption\">Keiner muss Dursten<\/figcaption><\/figure>\n\n\n\n<figure class=\"wp-block-image size-large\"><img loading=\"lazy\" decoding=\"async\" width=\"768\" height=\"1024\" data-id=\"2099\" src=\"https:\/\/zeiss-orchester.de\/wp-content\/uploads\/2021\/09\/20210906_195338-768x1024.jpg\" alt=\"\" class=\"wp-image-2099\" srcset=\"https:\/\/zeiss-orchester.de\/wp-content\/uploads\/2021\/09\/20210906_195338-768x1024.jpg 768w, https:\/\/zeiss-orchester.de\/wp-content\/uploads\/2021\/09\/20210906_195338-225x300.jpg 225w, https:\/\/zeiss-orchester.de\/wp-content\/uploads\/2021\/09\/20210906_195338-1152x1536.jpg 1152w, https:\/\/zeiss-orchester.de\/wp-content\/uploads\/2021\/09\/20210906_195338-1536x2048.jpg 1536w, https:\/\/zeiss-orchester.de\/wp-content\/uploads\/2021\/09\/20210906_195338-624x832.jpg 624w, https:\/\/zeiss-orchester.de\/wp-content\/uploads\/2021\/09\/20210906_195338-scaled.jpg 1920w\" sizes=\"auto, (max-width: 768px) 100vw, 768px\" \/><figcaption class=\"wp-element-caption\">Freude auf den Th\u00fcringer Grillteller<\/figcaption><\/figure>\n\n\n\n<figure class=\"wp-block-image size-large\"><img loading=\"lazy\" decoding=\"async\" width=\"1024\" height=\"768\" data-id=\"2100\" src=\"https:\/\/zeiss-orchester.de\/wp-content\/uploads\/2021\/09\/20210906_195351-1024x768.jpg\" alt=\"\" class=\"wp-image-2100\" srcset=\"https:\/\/zeiss-orchester.de\/wp-content\/uploads\/2021\/09\/20210906_195351-1024x768.jpg 1024w, https:\/\/zeiss-orchester.de\/wp-content\/uploads\/2021\/09\/20210906_195351-300x225.jpg 300w, https:\/\/zeiss-orchester.de\/wp-content\/uploads\/2021\/09\/20210906_195351-768x576.jpg 768w, https:\/\/zeiss-orchester.de\/wp-content\/uploads\/2021\/09\/20210906_195351-1536x1152.jpg 1536w, https:\/\/zeiss-orchester.de\/wp-content\/uploads\/2021\/09\/20210906_195351-2048x1536.jpg 2048w, https:\/\/zeiss-orchester.de\/wp-content\/uploads\/2021\/09\/20210906_195351-624x468.jpg 624w\" sizes=\"auto, (max-width: 1024px) 100vw, 1024px\" \/><figcaption class=\"wp-element-caption\">Das Warten hat sich gelohnt<\/figcaption><\/figure>\n\n\n\n<figure class=\"wp-block-image size-large\"><img loading=\"lazy\" decoding=\"async\" width=\"704\" height=\"1024\" data-id=\"2101\" src=\"https:\/\/zeiss-orchester.de\/wp-content\/uploads\/2021\/09\/20210906_195405.1-704x1024.jpg\" alt=\"\" class=\"wp-image-2101\" srcset=\"https:\/\/zeiss-orchester.de\/wp-content\/uploads\/2021\/09\/20210906_195405.1-704x1024.jpg 704w, https:\/\/zeiss-orchester.de\/wp-content\/uploads\/2021\/09\/20210906_195405.1-206x300.jpg 206w, https:\/\/zeiss-orchester.de\/wp-content\/uploads\/2021\/09\/20210906_195405.1-768x1116.jpg 768w, https:\/\/zeiss-orchester.de\/wp-content\/uploads\/2021\/09\/20210906_195405.1-1057x1536.jpg 1057w, https:\/\/zeiss-orchester.de\/wp-content\/uploads\/2021\/09\/20210906_195405.1-1409x2048.jpg 1409w, https:\/\/zeiss-orchester.de\/wp-content\/uploads\/2021\/09\/20210906_195405.1-624x907.jpg 624w, https:\/\/zeiss-orchester.de\/wp-content\/uploads\/2021\/09\/20210906_195405.1.jpg 1464w\" sizes=\"auto, (max-width: 704px) 100vw, 704px\" \/><figcaption class=\"wp-element-caption\">Partyservice Steffenhagen bei der Arbeit<\/figcaption><\/figure>\n\n\n\n<figure class=\"wp-block-image size-large\"><img loading=\"lazy\" decoding=\"async\" width=\"1024\" height=\"768\" data-id=\"2102\" src=\"https:\/\/zeiss-orchester.de\/wp-content\/uploads\/2021\/09\/20210906_195425-1024x768.jpg\" alt=\"\" class=\"wp-image-2102\" srcset=\"https:\/\/zeiss-orchester.de\/wp-content\/uploads\/2021\/09\/20210906_195425-1024x768.jpg 1024w, https:\/\/zeiss-orchester.de\/wp-content\/uploads\/2021\/09\/20210906_195425-300x225.jpg 300w, https:\/\/zeiss-orchester.de\/wp-content\/uploads\/2021\/09\/20210906_195425-768x576.jpg 768w, https:\/\/zeiss-orchester.de\/wp-content\/uploads\/2021\/09\/20210906_195425-1536x1152.jpg 1536w, https:\/\/zeiss-orchester.de\/wp-content\/uploads\/2021\/09\/20210906_195425-2048x1536.jpg 2048w, https:\/\/zeiss-orchester.de\/wp-content\/uploads\/2021\/09\/20210906_195425-624x468.jpg 624w\" sizes=\"auto, (max-width: 1024px) 100vw, 1024px\" \/><\/figure>\n\n\n\n<figure class=\"wp-block-image size-large\"><img loading=\"lazy\" decoding=\"async\" width=\"1024\" height=\"768\" data-id=\"2103\" src=\"https:\/\/zeiss-orchester.de\/wp-content\/uploads\/2021\/09\/20210906_195453-1024x768.jpg\" alt=\"\" class=\"wp-image-2103\" srcset=\"https:\/\/zeiss-orchester.de\/wp-content\/uploads\/2021\/09\/20210906_195453-1024x768.jpg 1024w, https:\/\/zeiss-orchester.de\/wp-content\/uploads\/2021\/09\/20210906_195453-300x225.jpg 300w, https:\/\/zeiss-orchester.de\/wp-content\/uploads\/2021\/09\/20210906_195453-768x576.jpg 768w, https:\/\/zeiss-orchester.de\/wp-content\/uploads\/2021\/09\/20210906_195453-1536x1152.jpg 1536w, https:\/\/zeiss-orchester.de\/wp-content\/uploads\/2021\/09\/20210906_195453-2048x1536.jpg 2048w, https:\/\/zeiss-orchester.de\/wp-content\/uploads\/2021\/09\/20210906_195453-624x468.jpg 624w\" sizes=\"auto, (max-width: 1024px) 100vw, 1024px\" \/><\/figure>\n\n\n\n<figure class=\"wp-block-image size-large\"><img loading=\"lazy\" decoding=\"async\" width=\"1024\" height=\"768\" data-id=\"2104\" src=\"https:\/\/zeiss-orchester.de\/wp-content\/uploads\/2021\/09\/20210906_195700-1024x768.jpg\" alt=\"\" class=\"wp-image-2104\" srcset=\"https:\/\/zeiss-orchester.de\/wp-content\/uploads\/2021\/09\/20210906_195700-1024x768.jpg 1024w, https:\/\/zeiss-orchester.de\/wp-content\/uploads\/2021\/09\/20210906_195700-300x225.jpg 300w, https:\/\/zeiss-orchester.de\/wp-content\/uploads\/2021\/09\/20210906_195700-768x576.jpg 768w, https:\/\/zeiss-orchester.de\/wp-content\/uploads\/2021\/09\/20210906_195700-1536x1152.jpg 1536w, https:\/\/zeiss-orchester.de\/wp-content\/uploads\/2021\/09\/20210906_195700-2048x1536.jpg 2048w, https:\/\/zeiss-orchester.de\/wp-content\/uploads\/2021\/09\/20210906_195700-624x468.jpg 624w\" sizes=\"auto, (max-width: 1024px) 100vw, 1024px\" \/><\/figure>\n<\/figure>\n\n\n\n<h2 class=\"wp-block-heading\">Corona-Pandemie bringt neue M\u00f6glichkeiten mit sich <\/h2>\n\n\n\n<p>Am 07.09.02020 probten wir das erste Mal im F-Haus! Da unser regul\u00e4rer Probenraum noch nicht wieder ge\u00f6ffnet ist und im F-Haus noch keine Veranstaltungen m\u00f6glich sind, kam uns der Gesch\u00e4ftsf\u00fchrer Steffen Bernhardt (Alf) sehr entgegen. Endlich wieder Leben im Haus!  Zur Probe war allen anwesenden Musikern trotz der Beschr\u00e4nkungen durch unser Infektionsschutzkonzept anzumerken, wie erleichtert und froh sie waren, endlich einmal wieder gemeinsam musizieren zu k\u00f6nnen. Und wer wei\u00df, was f\u00fcr besondere Ideen aus der neuen Vernetzung mit dem F-Haus f\u00fcr beide Seiten entspringen! <\/p>\n\n\n\n<figure class=\"wp-block-gallery has-nested-images columns-default is-cropped wp-block-gallery-15 is-layout-flex wp-block-gallery-is-layout-flex\">\n<figure class=\"wp-block-image size-large\"><img loading=\"lazy\" decoding=\"async\" width=\"1024\" height=\"768\" data-id=\"1995\" src=\"https:\/\/zeiss-orchester.de\/wp-content\/uploads\/2020\/09\/20200907_182528-1-1024x768.jpg\" alt=\"\" class=\"wp-image-1995\" srcset=\"https:\/\/zeiss-orchester.de\/wp-content\/uploads\/2020\/09\/20200907_182528-1-1024x768.jpg 1024w, https:\/\/zeiss-orchester.de\/wp-content\/uploads\/2020\/09\/20200907_182528-1-300x225.jpg 300w, https:\/\/zeiss-orchester.de\/wp-content\/uploads\/2020\/09\/20200907_182528-1-768x576.jpg 768w, https:\/\/zeiss-orchester.de\/wp-content\/uploads\/2020\/09\/20200907_182528-1-1536x1152.jpg 1536w, https:\/\/zeiss-orchester.de\/wp-content\/uploads\/2020\/09\/20200907_182528-1-2048x1536.jpg 2048w, https:\/\/zeiss-orchester.de\/wp-content\/uploads\/2020\/09\/20200907_182528-1-624x468.jpg 624w\" sizes=\"auto, (max-width: 1024px) 100vw, 1024px\" \/><\/figure>\n\n\n\n<figure class=\"wp-block-image size-large\"><img loading=\"lazy\" decoding=\"async\" width=\"1024\" height=\"768\" data-id=\"1996\" src=\"https:\/\/zeiss-orchester.de\/wp-content\/uploads\/2020\/09\/20200907_182540-1024x768.jpg\" alt=\"\" class=\"wp-image-1996\" srcset=\"https:\/\/zeiss-orchester.de\/wp-content\/uploads\/2020\/09\/20200907_182540-1024x768.jpg 1024w, https:\/\/zeiss-orchester.de\/wp-content\/uploads\/2020\/09\/20200907_182540-300x225.jpg 300w, https:\/\/zeiss-orchester.de\/wp-content\/uploads\/2020\/09\/20200907_182540-768x576.jpg 768w, https:\/\/zeiss-orchester.de\/wp-content\/uploads\/2020\/09\/20200907_182540-1536x1152.jpg 1536w, https:\/\/zeiss-orchester.de\/wp-content\/uploads\/2020\/09\/20200907_182540-2048x1536.jpg 2048w, https:\/\/zeiss-orchester.de\/wp-content\/uploads\/2020\/09\/20200907_182540-624x468.jpg 624w\" sizes=\"auto, (max-width: 1024px) 100vw, 1024px\" \/><\/figure>\n\n\n\n<figure class=\"wp-block-image size-large\"><img loading=\"lazy\" decoding=\"async\" width=\"1024\" height=\"768\" data-id=\"1997\" src=\"https:\/\/zeiss-orchester.de\/wp-content\/uploads\/2020\/09\/20200907_182600-1024x768.jpg\" alt=\"\" class=\"wp-image-1997\" srcset=\"https:\/\/zeiss-orchester.de\/wp-content\/uploads\/2020\/09\/20200907_182600-1024x768.jpg 1024w, https:\/\/zeiss-orchester.de\/wp-content\/uploads\/2020\/09\/20200907_182600-300x225.jpg 300w, https:\/\/zeiss-orchester.de\/wp-content\/uploads\/2020\/09\/20200907_182600-768x576.jpg 768w, https:\/\/zeiss-orchester.de\/wp-content\/uploads\/2020\/09\/20200907_182600-1536x1152.jpg 1536w, https:\/\/zeiss-orchester.de\/wp-content\/uploads\/2020\/09\/20200907_182600-2048x1536.jpg 2048w, https:\/\/zeiss-orchester.de\/wp-content\/uploads\/2020\/09\/20200907_182600-624x468.jpg 624w\" sizes=\"auto, (max-width: 1024px) 100vw, 1024px\" \/><\/figure>\n\n\n\n<figure class=\"wp-block-image size-large\"><img loading=\"lazy\" decoding=\"async\" width=\"1024\" height=\"768\" data-id=\"1998\" src=\"https:\/\/zeiss-orchester.de\/wp-content\/uploads\/2020\/09\/20200907_182615-1024x768.jpg\" alt=\"\" class=\"wp-image-1998\" srcset=\"https:\/\/zeiss-orchester.de\/wp-content\/uploads\/2020\/09\/20200907_182615-1024x768.jpg 1024w, https:\/\/zeiss-orchester.de\/wp-content\/uploads\/2020\/09\/20200907_182615-300x225.jpg 300w, https:\/\/zeiss-orchester.de\/wp-content\/uploads\/2020\/09\/20200907_182615-768x576.jpg 768w, https:\/\/zeiss-orchester.de\/wp-content\/uploads\/2020\/09\/20200907_182615-1536x1152.jpg 1536w, https:\/\/zeiss-orchester.de\/wp-content\/uploads\/2020\/09\/20200907_182615-2048x1536.jpg 2048w, https:\/\/zeiss-orchester.de\/wp-content\/uploads\/2020\/09\/20200907_182615-624x468.jpg 624w\" sizes=\"auto, (max-width: 1024px) 100vw, 1024px\" \/><\/figure>\n\n\n\n<figure class=\"wp-block-image size-large\"><img loading=\"lazy\" decoding=\"async\" width=\"1024\" height=\"768\" data-id=\"1999\" src=\"https:\/\/zeiss-orchester.de\/wp-content\/uploads\/2020\/09\/20200907_182625-1024x768.jpg\" alt=\"\" class=\"wp-image-1999\" srcset=\"https:\/\/zeiss-orchester.de\/wp-content\/uploads\/2020\/09\/20200907_182625-1024x768.jpg 1024w, https:\/\/zeiss-orchester.de\/wp-content\/uploads\/2020\/09\/20200907_182625-300x225.jpg 300w, https:\/\/zeiss-orchester.de\/wp-content\/uploads\/2020\/09\/20200907_182625-768x576.jpg 768w, https:\/\/zeiss-orchester.de\/wp-content\/uploads\/2020\/09\/20200907_182625-1536x1152.jpg 1536w, https:\/\/zeiss-orchester.de\/wp-content\/uploads\/2020\/09\/20200907_182625-2048x1536.jpg 2048w, https:\/\/zeiss-orchester.de\/wp-content\/uploads\/2020\/09\/20200907_182625-624x468.jpg 624w\" sizes=\"auto, (max-width: 1024px) 100vw, 1024px\" \/><\/figure>\n\n\n\n<figure class=\"wp-block-image size-large\"><img loading=\"lazy\" decoding=\"async\" width=\"1024\" height=\"768\" data-id=\"2000\" src=\"https:\/\/zeiss-orchester.de\/wp-content\/uploads\/2020\/09\/20200907_182704-1024x768.jpg\" alt=\"\" class=\"wp-image-2000\" srcset=\"https:\/\/zeiss-orchester.de\/wp-content\/uploads\/2020\/09\/20200907_182704-1024x768.jpg 1024w, https:\/\/zeiss-orchester.de\/wp-content\/uploads\/2020\/09\/20200907_182704-300x225.jpg 300w, https:\/\/zeiss-orchester.de\/wp-content\/uploads\/2020\/09\/20200907_182704-768x576.jpg 768w, https:\/\/zeiss-orchester.de\/wp-content\/uploads\/2020\/09\/20200907_182704-1536x1152.jpg 1536w, https:\/\/zeiss-orchester.de\/wp-content\/uploads\/2020\/09\/20200907_182704-2048x1536.jpg 2048w, https:\/\/zeiss-orchester.de\/wp-content\/uploads\/2020\/09\/20200907_182704-624x468.jpg 624w\" sizes=\"auto, (max-width: 1024px) 100vw, 1024px\" \/><\/figure>\n<\/figure>\n\n\n\n<h2 class=\"wp-block-heading\">Unser Kammerstreichorchester im Zusammenspiel mit dem Carillon in Gera auf dem Marktplatz am 29.08.2020<\/h2>\n\n\n\n<figure class=\"wp-block-gallery has-nested-images columns-default is-cropped wp-block-gallery-16 is-layout-flex wp-block-gallery-is-layout-flex\">\n<figure class=\"wp-block-image size-large\"><img loading=\"lazy\" decoding=\"async\" width=\"1024\" height=\"768\" data-id=\"1973\" src=\"https:\/\/zeiss-orchester.de\/wp-content\/uploads\/2020\/09\/20200829_135259-1024x768.jpg\" alt=\"\" class=\"wp-image-1973\" srcset=\"https:\/\/zeiss-orchester.de\/wp-content\/uploads\/2020\/09\/20200829_135259-1024x768.jpg 1024w, https:\/\/zeiss-orchester.de\/wp-content\/uploads\/2020\/09\/20200829_135259-300x225.jpg 300w, https:\/\/zeiss-orchester.de\/wp-content\/uploads\/2020\/09\/20200829_135259-768x576.jpg 768w, https:\/\/zeiss-orchester.de\/wp-content\/uploads\/2020\/09\/20200829_135259-1536x1152.jpg 1536w, https:\/\/zeiss-orchester.de\/wp-content\/uploads\/2020\/09\/20200829_135259-2048x1536.jpg 2048w, https:\/\/zeiss-orchester.de\/wp-content\/uploads\/2020\/09\/20200829_135259-624x468.jpg 624w\" sizes=\"auto, (max-width: 1024px) 100vw, 1024px\" \/><figcaption class=\"wp-element-caption\">Immer zwischen Bildschirmblick und Mikrofon<\/figcaption><\/figure>\n\n\n\n<figure class=\"wp-block-image size-large\"><img loading=\"lazy\" decoding=\"async\" width=\"768\" height=\"1024\" data-id=\"1976\" src=\"https:\/\/zeiss-orchester.de\/wp-content\/uploads\/2020\/09\/20200829_135617-768x1024.jpg\" alt=\"\" class=\"wp-image-1976\" srcset=\"https:\/\/zeiss-orchester.de\/wp-content\/uploads\/2020\/09\/20200829_135617-768x1024.jpg 768w, https:\/\/zeiss-orchester.de\/wp-content\/uploads\/2020\/09\/20200829_135617-225x300.jpg 225w, https:\/\/zeiss-orchester.de\/wp-content\/uploads\/2020\/09\/20200829_135617-1152x1536.jpg 1152w, https:\/\/zeiss-orchester.de\/wp-content\/uploads\/2020\/09\/20200829_135617-1536x2048.jpg 1536w, https:\/\/zeiss-orchester.de\/wp-content\/uploads\/2020\/09\/20200829_135617-624x832.jpg 624w, https:\/\/zeiss-orchester.de\/wp-content\/uploads\/2020\/09\/20200829_135617-scaled.jpg 1920w\" sizes=\"auto, (max-width: 768px) 100vw, 768px\" \/><figcaption class=\"wp-element-caption\">Im Dialog mit dem Glockenspiel<\/figcaption><\/figure>\n\n\n\n<figure class=\"wp-block-image size-large\"><img loading=\"lazy\" decoding=\"async\" width=\"768\" height=\"1024\" data-id=\"2028\" src=\"https:\/\/zeiss-orchester.de\/wp-content\/uploads\/2020\/10\/20200829_135258-1-768x1024.jpg\" alt=\"\" class=\"wp-image-2028\" srcset=\"https:\/\/zeiss-orchester.de\/wp-content\/uploads\/2020\/10\/20200829_135258-1-768x1024.jpg 768w, https:\/\/zeiss-orchester.de\/wp-content\/uploads\/2020\/10\/20200829_135258-1-225x300.jpg 225w, https:\/\/zeiss-orchester.de\/wp-content\/uploads\/2020\/10\/20200829_135258-1-1152x1536.jpg 1152w, https:\/\/zeiss-orchester.de\/wp-content\/uploads\/2020\/10\/20200829_135258-1-1536x2048.jpg 1536w, https:\/\/zeiss-orchester.de\/wp-content\/uploads\/2020\/10\/20200829_135258-1-624x832.jpg 624w, https:\/\/zeiss-orchester.de\/wp-content\/uploads\/2020\/10\/20200829_135258-1-scaled.jpg 1920w\" sizes=\"auto, (max-width: 768px) 100vw, 768px\" \/><\/figure>\n\n\n\n<figure class=\"wp-block-image size-large\"><img loading=\"lazy\" decoding=\"async\" width=\"1024\" height=\"768\" data-id=\"2026\" src=\"https:\/\/zeiss-orchester.de\/wp-content\/uploads\/2020\/10\/20200829_135257_001-4-1024x768.jpg\" alt=\"\" class=\"wp-image-2026\" srcset=\"https:\/\/zeiss-orchester.de\/wp-content\/uploads\/2020\/10\/20200829_135257_001-4-1024x768.jpg 1024w, https:\/\/zeiss-orchester.de\/wp-content\/uploads\/2020\/10\/20200829_135257_001-4-300x225.jpg 300w, https:\/\/zeiss-orchester.de\/wp-content\/uploads\/2020\/10\/20200829_135257_001-4-768x576.jpg 768w, https:\/\/zeiss-orchester.de\/wp-content\/uploads\/2020\/10\/20200829_135257_001-4-1536x1152.jpg 1536w, https:\/\/zeiss-orchester.de\/wp-content\/uploads\/2020\/10\/20200829_135257_001-4-2048x1536.jpg 2048w, https:\/\/zeiss-orchester.de\/wp-content\/uploads\/2020\/10\/20200829_135257_001-4-624x468.jpg 624w\" sizes=\"auto, (max-width: 1024px) 100vw, 1024px\" \/><\/figure>\n<\/figure>\n\n\n\n<h2 class=\"wp-block-heading\">Weihnachtskonzert 2019 mit der Harfenspielerin Christine Nitsche und einem sch\u00f6n geschm\u00fcckten Weihnachtsbaum<\/h2>\n\n\n\n<figure class=\"wp-block-gallery has-nested-images columns-default is-cropped wp-block-gallery-17 is-layout-flex wp-block-gallery-is-layout-flex\">\n<figure class=\"wp-block-image size-large\"><img loading=\"lazy\" decoding=\"async\" width=\"768\" height=\"1024\" data-id=\"1892\" src=\"https:\/\/zeiss-orchester.de\/wp-content\/uploads\/2019\/12\/0.3.20191215_153443-768x1024.jpg\" alt=\"\" class=\"wp-image-1892\" srcset=\"https:\/\/zeiss-orchester.de\/wp-content\/uploads\/2019\/12\/0.3.20191215_153443-768x1024.jpg 768w, https:\/\/zeiss-orchester.de\/wp-content\/uploads\/2019\/12\/0.3.20191215_153443-225x300.jpg 225w, https:\/\/zeiss-orchester.de\/wp-content\/uploads\/2019\/12\/0.3.20191215_153443-1152x1536.jpg 1152w, https:\/\/zeiss-orchester.de\/wp-content\/uploads\/2019\/12\/0.3.20191215_153443-1536x2048.jpg 1536w, https:\/\/zeiss-orchester.de\/wp-content\/uploads\/2019\/12\/0.3.20191215_153443-624x832.jpg 624w, https:\/\/zeiss-orchester.de\/wp-content\/uploads\/2019\/12\/0.3.20191215_153443-scaled.jpg 1920w\" sizes=\"auto, (max-width: 768px) 100vw, 768px\" \/><figcaption class=\"wp-element-caption\">Jenaer Harfenspielerin und Musikvermittlerin Christine Nitsche<\/figcaption><\/figure>\n\n\n\n<figure class=\"wp-block-image size-large\"><img loading=\"lazy\" decoding=\"async\" width=\"768\" height=\"1024\" data-id=\"1893\" src=\"https:\/\/zeiss-orchester.de\/wp-content\/uploads\/2019\/12\/0.6.20191215_153528-768x1024.jpg\" alt=\"\" class=\"wp-image-1893\" srcset=\"https:\/\/zeiss-orchester.de\/wp-content\/uploads\/2019\/12\/0.6.20191215_153528-768x1024.jpg 768w, https:\/\/zeiss-orchester.de\/wp-content\/uploads\/2019\/12\/0.6.20191215_153528-225x300.jpg 225w, https:\/\/zeiss-orchester.de\/wp-content\/uploads\/2019\/12\/0.6.20191215_153528-1152x1536.jpg 1152w, https:\/\/zeiss-orchester.de\/wp-content\/uploads\/2019\/12\/0.6.20191215_153528-1536x2048.jpg 1536w, https:\/\/zeiss-orchester.de\/wp-content\/uploads\/2019\/12\/0.6.20191215_153528-624x832.jpg 624w, https:\/\/zeiss-orchester.de\/wp-content\/uploads\/2019\/12\/0.6.20191215_153528-scaled.jpg 1920w\" sizes=\"auto, (max-width: 768px) 100vw, 768px\" \/><figcaption class=\"wp-element-caption\">Kurz vor \u00b4m Konzert 2019 unser Weihnachtsbaum und Edda Kleist<\/figcaption><\/figure>\n\n\n\n<figure class=\"wp-block-image size-large\"><img loading=\"lazy\" decoding=\"async\" width=\"768\" height=\"1024\" data-id=\"1891\" src=\"https:\/\/zeiss-orchester.de\/wp-content\/uploads\/2019\/12\/0.2.20191215_153356-768x1024.jpg\" alt=\"\" class=\"wp-image-1891\" srcset=\"https:\/\/zeiss-orchester.de\/wp-content\/uploads\/2019\/12\/0.2.20191215_153356-768x1024.jpg 768w, https:\/\/zeiss-orchester.de\/wp-content\/uploads\/2019\/12\/0.2.20191215_153356-225x300.jpg 225w, https:\/\/zeiss-orchester.de\/wp-content\/uploads\/2019\/12\/0.2.20191215_153356-1152x1536.jpg 1152w, https:\/\/zeiss-orchester.de\/wp-content\/uploads\/2019\/12\/0.2.20191215_153356-1536x2048.jpg 1536w, https:\/\/zeiss-orchester.de\/wp-content\/uploads\/2019\/12\/0.2.20191215_153356-624x832.jpg 624w, https:\/\/zeiss-orchester.de\/wp-content\/uploads\/2019\/12\/0.2.20191215_153356-scaled.jpg 1920w\" sizes=\"auto, (max-width: 768px) 100vw, 768px\" \/><figcaption class=\"wp-element-caption\">Jenaer Harfenspielerin Christine Nitsche am Weihnachtsbaum<\/figcaption><\/figure>\n<\/figure>\n\n\n\n<p>Christine Nitsche aus Jena bereicherte unser Programm: <a href=\"https:\/\/www.christine-nitsche.de\/\">https:\/\/www.christine-nitsche.de<\/a><\/p>\n\n\n\n<h2 class=\"wp-block-heading\">Weihnachtskonzert 2018: Unser Dirigent Roland Weske hat <\/h2>\n\n\n\n<h2 class=\"wp-block-heading\">30. Dirigentenjubil\u00e4um!<\/h2>\n\n\n\n<figure class=\"wp-block-gallery has-nested-images columns-2 is-cropped wp-block-gallery-18 is-layout-flex wp-block-gallery-is-layout-flex\">\n<figure class=\"wp-block-image size-large\"><img loading=\"lazy\" decoding=\"async\" width=\"1024\" height=\"768\" data-id=\"1573\" src=\"https:\/\/zeiss-orchester.de\/wp-content\/uploads\/2019\/01\/IMG_1131-1024x768.jpg\" alt=\"\" class=\"wp-image-1573\" srcset=\"https:\/\/zeiss-orchester.de\/wp-content\/uploads\/2019\/01\/IMG_1131-1024x768.jpg 1024w, https:\/\/zeiss-orchester.de\/wp-content\/uploads\/2019\/01\/IMG_1131-300x225.jpg 300w, https:\/\/zeiss-orchester.de\/wp-content\/uploads\/2019\/01\/IMG_1131-768x576.jpg 768w, https:\/\/zeiss-orchester.de\/wp-content\/uploads\/2019\/01\/IMG_1131-624x468.jpg 624w\" sizes=\"auto, (max-width: 1024px) 100vw, 1024px\" \/><\/figure>\n\n\n\n<figure class=\"wp-block-image size-large\"><img loading=\"lazy\" decoding=\"async\" width=\"1024\" height=\"768\" data-id=\"1575\" src=\"https:\/\/zeiss-orchester.de\/wp-content\/uploads\/2019\/01\/IMG_1166-1024x768.jpg\" alt=\"\" class=\"wp-image-1575\" srcset=\"https:\/\/zeiss-orchester.de\/wp-content\/uploads\/2019\/01\/IMG_1166-1024x768.jpg 1024w, https:\/\/zeiss-orchester.de\/wp-content\/uploads\/2019\/01\/IMG_1166-300x225.jpg 300w, https:\/\/zeiss-orchester.de\/wp-content\/uploads\/2019\/01\/IMG_1166-768x576.jpg 768w, https:\/\/zeiss-orchester.de\/wp-content\/uploads\/2019\/01\/IMG_1166-624x468.jpg 624w\" sizes=\"auto, (max-width: 1024px) 100vw, 1024px\" \/><\/figure>\n\n\n\n<figure class=\"wp-block-image size-large\"><img loading=\"lazy\" decoding=\"async\" width=\"1024\" height=\"768\" data-id=\"1576\" src=\"https:\/\/zeiss-orchester.de\/wp-content\/uploads\/2019\/01\/20181222_182834-1024x768.jpg\" alt=\"\" class=\"wp-image-1576\" srcset=\"https:\/\/zeiss-orchester.de\/wp-content\/uploads\/2019\/01\/20181222_182834-1024x768.jpg 1024w, https:\/\/zeiss-orchester.de\/wp-content\/uploads\/2019\/01\/20181222_182834-300x225.jpg 300w, https:\/\/zeiss-orchester.de\/wp-content\/uploads\/2019\/01\/20181222_182834-768x576.jpg 768w, https:\/\/zeiss-orchester.de\/wp-content\/uploads\/2019\/01\/20181222_182834-624x468.jpg 624w\" sizes=\"auto, (max-width: 1024px) 100vw, 1024px\" \/><\/figure>\n\n\n\n<figure class=\"wp-block-image size-large\"><img loading=\"lazy\" decoding=\"async\" width=\"960\" height=\"542\" data-id=\"1577\" src=\"https:\/\/zeiss-orchester.de\/wp-content\/uploads\/2019\/01\/20181222_185605-Applaus-danach.jpg\" alt=\"\" class=\"wp-image-1577\" srcset=\"https:\/\/zeiss-orchester.de\/wp-content\/uploads\/2019\/01\/20181222_185605-Applaus-danach.jpg 960w, https:\/\/zeiss-orchester.de\/wp-content\/uploads\/2019\/01\/20181222_185605-Applaus-danach-300x169.jpg 300w, https:\/\/zeiss-orchester.de\/wp-content\/uploads\/2019\/01\/20181222_185605-Applaus-danach-768x434.jpg 768w, https:\/\/zeiss-orchester.de\/wp-content\/uploads\/2019\/01\/20181222_185605-Applaus-danach-624x352.jpg 624w\" sizes=\"auto, (max-width: 960px) 100vw, 960px\" \/><\/figure>\n\n\n\n<figure class=\"wp-block-image size-large\"><img loading=\"lazy\" decoding=\"async\" width=\"1024\" height=\"768\" data-id=\"1580\" src=\"https:\/\/zeiss-orchester.de\/wp-content\/uploads\/2019\/01\/20181222_185604-1024x768.jpg\" alt=\"\" class=\"wp-image-1580\" srcset=\"https:\/\/zeiss-orchester.de\/wp-content\/uploads\/2019\/01\/20181222_185604-1024x768.jpg 1024w, https:\/\/zeiss-orchester.de\/wp-content\/uploads\/2019\/01\/20181222_185604-300x225.jpg 300w, https:\/\/zeiss-orchester.de\/wp-content\/uploads\/2019\/01\/20181222_185604-768x576.jpg 768w, https:\/\/zeiss-orchester.de\/wp-content\/uploads\/2019\/01\/20181222_185604-624x468.jpg 624w\" sizes=\"auto, (max-width: 1024px) 100vw, 1024px\" \/><\/figure>\n\n\n\n<figure class=\"wp-block-image size-large\"><img loading=\"lazy\" decoding=\"async\" width=\"1024\" height=\"768\" data-id=\"1583\" src=\"https:\/\/zeiss-orchester.de\/wp-content\/uploads\/2019\/01\/IMG_11711-1-1024x768.jpg\" alt=\"\" class=\"wp-image-1583\" srcset=\"https:\/\/zeiss-orchester.de\/wp-content\/uploads\/2019\/01\/IMG_11711-1-1024x768.jpg 1024w, https:\/\/zeiss-orchester.de\/wp-content\/uploads\/2019\/01\/IMG_11711-1-300x225.jpg 300w, https:\/\/zeiss-orchester.de\/wp-content\/uploads\/2019\/01\/IMG_11711-1-768x576.jpg 768w, https:\/\/zeiss-orchester.de\/wp-content\/uploads\/2019\/01\/IMG_11711-1-624x468.jpg 624w\" sizes=\"auto, (max-width: 1024px) 100vw, 1024px\" \/><\/figure>\n\n\n\n<figure class=\"wp-block-image size-large\"><img loading=\"lazy\" decoding=\"async\" width=\"1024\" height=\"768\" data-id=\"1584\" src=\"https:\/\/zeiss-orchester.de\/wp-content\/uploads\/2019\/01\/IMG_1177-1-1024x768.jpg\" alt=\"\" class=\"wp-image-1584\" srcset=\"https:\/\/zeiss-orchester.de\/wp-content\/uploads\/2019\/01\/IMG_1177-1-1024x768.jpg 1024w, https:\/\/zeiss-orchester.de\/wp-content\/uploads\/2019\/01\/IMG_1177-1-300x225.jpg 300w, https:\/\/zeiss-orchester.de\/wp-content\/uploads\/2019\/01\/IMG_1177-1-768x576.jpg 768w, https:\/\/zeiss-orchester.de\/wp-content\/uploads\/2019\/01\/IMG_1177-1-624x468.jpg 624w\" sizes=\"auto, (max-width: 1024px) 100vw, 1024px\" \/><\/figure>\n\n\n\n<figure class=\"wp-block-image size-large\"><img loading=\"lazy\" decoding=\"async\" width=\"768\" height=\"1024\" data-id=\"1574\" src=\"https:\/\/zeiss-orchester.de\/wp-content\/uploads\/2019\/01\/IMG_1138-e1546668258394-768x1024.jpg\" alt=\"\" class=\"wp-image-1574\" srcset=\"https:\/\/zeiss-orchester.de\/wp-content\/uploads\/2019\/01\/IMG_1138-e1546668258394-768x1024.jpg 768w, https:\/\/zeiss-orchester.de\/wp-content\/uploads\/2019\/01\/IMG_1138-e1546668258394-225x300.jpg 225w, https:\/\/zeiss-orchester.de\/wp-content\/uploads\/2019\/01\/IMG_1138-e1546668258394-624x832.jpg 624w\" sizes=\"auto, (max-width: 768px) 100vw, 768px\" \/><figcaption class=\"wp-element-caption\">Roland Weske vor Weihnachtskonzert 2018<\/figcaption><\/figure>\n<\/figure>\n\n\n\n<h2 class=\"wp-block-heading has-text-align-center\">Fr\u00fchlingskonzert &#8222;Slawische T\u00e4nze&#8220; und 3 Verabschiedungen 14.4.2019<\/h2>\n\n\n\n<figure class=\"wp-block-gallery has-nested-images columns-default is-cropped wp-block-gallery-19 is-layout-flex wp-block-gallery-is-layout-flex\">\n<figure class=\"wp-block-image size-large\"><img loading=\"lazy\" decoding=\"async\" width=\"1024\" height=\"576\" data-id=\"1735\" src=\"https:\/\/zeiss-orchester.de\/wp-content\/uploads\/2019\/04\/20190414_180952-1024x576.jpg\" alt=\"\" class=\"wp-image-1735\" srcset=\"https:\/\/zeiss-orchester.de\/wp-content\/uploads\/2019\/04\/20190414_180952-1024x576.jpg 1024w, https:\/\/zeiss-orchester.de\/wp-content\/uploads\/2019\/04\/20190414_180952-300x169.jpg 300w, https:\/\/zeiss-orchester.de\/wp-content\/uploads\/2019\/04\/20190414_180952-768x432.jpg 768w, https:\/\/zeiss-orchester.de\/wp-content\/uploads\/2019\/04\/20190414_180952-624x351.jpg 624w\" sizes=\"auto, (max-width: 1024px) 100vw, 1024px\" \/><figcaption class=\"wp-element-caption\">Dascha tr\u00e4gt ihr Gedicht vor<\/figcaption><\/figure>\n<\/figure>\n\n\n\n<figure class=\"wp-block-gallery has-nested-images columns-2 is-cropped wp-block-gallery-20 is-layout-flex wp-block-gallery-is-layout-flex\">\n<figure class=\"wp-block-image size-large\"><img loading=\"lazy\" decoding=\"async\" width=\"576\" height=\"1024\" data-id=\"1697\" src=\"https:\/\/zeiss-orchester.de\/wp-content\/uploads\/2019\/04\/20190414_172000-e1555301511300-576x1024.jpg\" alt=\"\" class=\"wp-image-1697\" srcset=\"https:\/\/zeiss-orchester.de\/wp-content\/uploads\/2019\/04\/20190414_172000-e1555301511300-576x1024.jpg 576w, https:\/\/zeiss-orchester.de\/wp-content\/uploads\/2019\/04\/20190414_172000-e1555301511300-169x300.jpg 169w, https:\/\/zeiss-orchester.de\/wp-content\/uploads\/2019\/04\/20190414_172000-e1555301511300-768x1365.jpg 768w, https:\/\/zeiss-orchester.de\/wp-content\/uploads\/2019\/04\/20190414_172000-e1555301511300-624x1109.jpg 624w\" sizes=\"auto, (max-width: 576px) 100vw, 576px\" \/><figcaption class=\"wp-element-caption\">Moderation durch Dietrich<\/figcaption><\/figure>\n\n\n\n<figure class=\"wp-block-image size-large\"><img loading=\"lazy\" decoding=\"async\" width=\"576\" height=\"1024\" data-id=\"1696\" src=\"https:\/\/zeiss-orchester.de\/wp-content\/uploads\/2019\/04\/20190414_171225-e1555301531960-576x1024.jpg\" alt=\"\" class=\"wp-image-1696\" srcset=\"https:\/\/zeiss-orchester.de\/wp-content\/uploads\/2019\/04\/20190414_171225-e1555301531960-576x1024.jpg 576w, https:\/\/zeiss-orchester.de\/wp-content\/uploads\/2019\/04\/20190414_171225-e1555301531960-169x300.jpg 169w, https:\/\/zeiss-orchester.de\/wp-content\/uploads\/2019\/04\/20190414_171225-e1555301531960-768x1365.jpg 768w, https:\/\/zeiss-orchester.de\/wp-content\/uploads\/2019\/04\/20190414_171225-e1555301531960-624x1109.jpg 624w\" sizes=\"auto, (max-width: 576px) 100vw, 576px\" \/><figcaption class=\"wp-element-caption\">Moderation durch Hannah<\/figcaption><\/figure>\n\n\n\n<figure class=\"wp-block-image size-large\"><img loading=\"lazy\" decoding=\"async\" width=\"1024\" height=\"576\" data-id=\"1700\" src=\"https:\/\/zeiss-orchester.de\/wp-content\/uploads\/2019\/04\/20190414_154730-1024x576.jpg\" alt=\"\" class=\"wp-image-1700\" srcset=\"https:\/\/zeiss-orchester.de\/wp-content\/uploads\/2019\/04\/20190414_154730-1024x576.jpg 1024w, https:\/\/zeiss-orchester.de\/wp-content\/uploads\/2019\/04\/20190414_154730-300x169.jpg 300w, https:\/\/zeiss-orchester.de\/wp-content\/uploads\/2019\/04\/20190414_154730-768x432.jpg 768w, https:\/\/zeiss-orchester.de\/wp-content\/uploads\/2019\/04\/20190414_154730-624x351.jpg 624w\" sizes=\"auto, (max-width: 1024px) 100vw, 1024px\" \/><figcaption class=\"wp-element-caption\">Verabschiedungen<\/figcaption><\/figure>\n\n\n\n<figure class=\"wp-block-image size-large\"><img loading=\"lazy\" decoding=\"async\" width=\"1024\" height=\"591\" data-id=\"1695\" src=\"https:\/\/zeiss-orchester.de\/wp-content\/uploads\/2019\/04\/20190414_154709-1024x591.jpg\" alt=\"\" class=\"wp-image-1695\" srcset=\"https:\/\/zeiss-orchester.de\/wp-content\/uploads\/2019\/04\/20190414_154709-1024x591.jpg 1024w, https:\/\/zeiss-orchester.de\/wp-content\/uploads\/2019\/04\/20190414_154709-300x173.jpg 300w, https:\/\/zeiss-orchester.de\/wp-content\/uploads\/2019\/04\/20190414_154709-768x443.jpg 768w, https:\/\/zeiss-orchester.de\/wp-content\/uploads\/2019\/04\/20190414_154709-624x360.jpg 624w\" sizes=\"auto, (max-width: 1024px) 100vw, 1024px\" \/><figcaption class=\"wp-element-caption\">Dank vom Vorstand<\/figcaption><\/figure>\n\n\n\n<figure class=\"wp-block-image size-large\"><img loading=\"lazy\" decoding=\"async\" width=\"1024\" height=\"576\" data-id=\"1694\" src=\"https:\/\/zeiss-orchester.de\/wp-content\/uploads\/2019\/04\/20190414_154652-1024x576.jpg\" alt=\"\" class=\"wp-image-1694\" srcset=\"https:\/\/zeiss-orchester.de\/wp-content\/uploads\/2019\/04\/20190414_154652-1024x576.jpg 1024w, https:\/\/zeiss-orchester.de\/wp-content\/uploads\/2019\/04\/20190414_154652-300x169.jpg 300w, https:\/\/zeiss-orchester.de\/wp-content\/uploads\/2019\/04\/20190414_154652-768x432.jpg 768w, https:\/\/zeiss-orchester.de\/wp-content\/uploads\/2019\/04\/20190414_154652-624x351.jpg 624w\" sizes=\"auto, (max-width: 1024px) 100vw, 1024px\" \/><figcaption class=\"wp-element-caption\">Dank an Hans, Marion und Dascha<\/figcaption><\/figure>\n<\/figure>\n\n\n\n<figure class=\"wp-block-gallery has-nested-images columns-default is-cropped wp-block-gallery-21 is-layout-flex wp-block-gallery-is-layout-flex\">\n<figure class=\"wp-block-image size-large is-style-default\"><img loading=\"lazy\" decoding=\"async\" width=\"1024\" height=\"768\" data-id=\"1593\" src=\"https:\/\/zeiss-orchester.de\/wp-content\/uploads\/2019\/01\/IMG_1176-1-1024x768.jpg\" alt=\"\" class=\"wp-image-1593\" srcset=\"https:\/\/zeiss-orchester.de\/wp-content\/uploads\/2019\/01\/IMG_1176-1-1024x768.jpg 1024w, https:\/\/zeiss-orchester.de\/wp-content\/uploads\/2019\/01\/IMG_1176-1-300x225.jpg 300w, https:\/\/zeiss-orchester.de\/wp-content\/uploads\/2019\/01\/IMG_1176-1-768x576.jpg 768w, https:\/\/zeiss-orchester.de\/wp-content\/uploads\/2019\/01\/IMG_1176-1-624x468.jpg 624w\" sizes=\"auto, (max-width: 1024px) 100vw, 1024px\" \/><figcaption class=\"wp-element-caption\">Roland Weske und seine Frau<\/figcaption><\/figure>\n<\/figure>\n\n\n\n<h1 class=\"wp-block-heading has-text-align-left\">Probenwochenende November 2018 in der Landesmusikakademie Sondershausen<\/h1>\n\n\n\n<div class=\"wp-block-group\"><div class=\"wp-block-group__inner-container is-layout-constrained wp-block-group-is-layout-constrained\">\n<figure class=\"wp-block-gallery has-nested-images columns-3 is-cropped wp-block-gallery-22 is-layout-flex wp-block-gallery-is-layout-flex\">\n<figure class=\"wp-block-image size-large\"><img loading=\"lazy\" decoding=\"async\" width=\"1024\" height=\"576\" data-id=\"1471\" src=\"https:\/\/zeiss-orchester.de\/wp-content\/uploads\/2018\/11\/20181124_084236-1024x576.jpg\" alt=\"\" class=\"wp-image-1471\" srcset=\"https:\/\/zeiss-orchester.de\/wp-content\/uploads\/2018\/11\/20181124_084236-1024x576.jpg 1024w, https:\/\/zeiss-orchester.de\/wp-content\/uploads\/2018\/11\/20181124_084236-300x169.jpg 300w, https:\/\/zeiss-orchester.de\/wp-content\/uploads\/2018\/11\/20181124_084236-768x432.jpg 768w, https:\/\/zeiss-orchester.de\/wp-content\/uploads\/2018\/11\/20181124_084236-624x351.jpg 624w\" sizes=\"auto, (max-width: 1024px) 100vw, 1024px\" \/><figcaption class=\"wp-element-caption\">Essen, feiern, schlafen<\/figcaption><\/figure>\n\n\n\n<figure class=\"wp-block-image size-large\"><img loading=\"lazy\" decoding=\"async\" width=\"1024\" height=\"576\" data-id=\"1472\" src=\"https:\/\/zeiss-orchester.de\/wp-content\/uploads\/2018\/11\/20181124_091626-1024x576.jpg\" alt=\"\" class=\"wp-image-1472\" srcset=\"https:\/\/zeiss-orchester.de\/wp-content\/uploads\/2018\/11\/20181124_091626-1024x576.jpg 1024w, https:\/\/zeiss-orchester.de\/wp-content\/uploads\/2018\/11\/20181124_091626-300x169.jpg 300w, https:\/\/zeiss-orchester.de\/wp-content\/uploads\/2018\/11\/20181124_091626-768x432.jpg 768w, https:\/\/zeiss-orchester.de\/wp-content\/uploads\/2018\/11\/20181124_091626-624x351.jpg 624w\" sizes=\"auto, (max-width: 1024px) 100vw, 1024px\" \/><figcaption class=\"wp-element-caption\">Im Marstall des Schlosses<\/figcaption><\/figure>\n\n\n\n<figure class=\"wp-block-image size-large\"><img loading=\"lazy\" decoding=\"async\" width=\"1024\" height=\"697\" data-id=\"1473\" src=\"https:\/\/zeiss-orchester.de\/wp-content\/uploads\/2018\/11\/20181124_091627-1024x697.jpg\" alt=\"\" class=\"wp-image-1473\" srcset=\"https:\/\/zeiss-orchester.de\/wp-content\/uploads\/2018\/11\/20181124_091627-1024x697.jpg 1024w, https:\/\/zeiss-orchester.de\/wp-content\/uploads\/2018\/11\/20181124_091627-300x204.jpg 300w, https:\/\/zeiss-orchester.de\/wp-content\/uploads\/2018\/11\/20181124_091627-768x523.jpg 768w, https:\/\/zeiss-orchester.de\/wp-content\/uploads\/2018\/11\/20181124_091627-624x425.jpg 624w\" sizes=\"auto, (max-width: 1024px) 100vw, 1024px\" \/><figcaption class=\"wp-element-caption\">\u00dcben, \u00fcben, \u00fcben<\/figcaption><\/figure>\n\n\n\n<figure class=\"wp-block-image size-large\"><img loading=\"lazy\" decoding=\"async\" width=\"1024\" height=\"576\" data-id=\"1474\" src=\"https:\/\/zeiss-orchester.de\/wp-content\/uploads\/2018\/11\/20181124_093405-1024x576.jpg\" alt=\"\" class=\"wp-image-1474\" srcset=\"https:\/\/zeiss-orchester.de\/wp-content\/uploads\/2018\/11\/20181124_093405-1024x576.jpg 1024w, https:\/\/zeiss-orchester.de\/wp-content\/uploads\/2018\/11\/20181124_093405-300x169.jpg 300w, https:\/\/zeiss-orchester.de\/wp-content\/uploads\/2018\/11\/20181124_093405-768x432.jpg 768w, https:\/\/zeiss-orchester.de\/wp-content\/uploads\/2018\/11\/20181124_093405-624x351.jpg 624w\" sizes=\"auto, (max-width: 1024px) 100vw, 1024px\" \/><figcaption class=\"wp-element-caption\">Frohsinn am Morgen<\/figcaption><\/figure>\n\n\n\n<figure class=\"wp-block-image size-large\"><img loading=\"lazy\" decoding=\"async\" width=\"1024\" height=\"576\" data-id=\"1475\" src=\"https:\/\/zeiss-orchester.de\/wp-content\/uploads\/2018\/11\/20181124_095706-1024x576.jpg\" alt=\"\" class=\"wp-image-1475\" srcset=\"https:\/\/zeiss-orchester.de\/wp-content\/uploads\/2018\/11\/20181124_095706-1024x576.jpg 1024w, https:\/\/zeiss-orchester.de\/wp-content\/uploads\/2018\/11\/20181124_095706-300x169.jpg 300w, https:\/\/zeiss-orchester.de\/wp-content\/uploads\/2018\/11\/20181124_095706-768x432.jpg 768w, https:\/\/zeiss-orchester.de\/wp-content\/uploads\/2018\/11\/20181124_095706-624x351.jpg 624w\" sizes=\"auto, (max-width: 1024px) 100vw, 1024px\" \/><figcaption class=\"wp-element-caption\">Die tiefen Streicher<\/figcaption><\/figure>\n\n\n\n<figure class=\"wp-block-image size-large\"><img loading=\"lazy\" decoding=\"async\" width=\"1024\" height=\"681\" data-id=\"1476\" src=\"https:\/\/zeiss-orchester.de\/wp-content\/uploads\/2018\/11\/20181124_134609-1024x681.jpg\" alt=\"\" class=\"wp-image-1476\" srcset=\"https:\/\/zeiss-orchester.de\/wp-content\/uploads\/2018\/11\/20181124_134609-1024x681.jpg 1024w, https:\/\/zeiss-orchester.de\/wp-content\/uploads\/2018\/11\/20181124_134609-300x200.jpg 300w, https:\/\/zeiss-orchester.de\/wp-content\/uploads\/2018\/11\/20181124_134609-768x511.jpg 768w, https:\/\/zeiss-orchester.de\/wp-content\/uploads\/2018\/11\/20181124_134609-624x415.jpg 624w\" sizes=\"auto, (max-width: 1024px) 100vw, 1024px\" \/><figcaption class=\"wp-element-caption\">&#8222;Schreibt ein!&#8220;<\/figcaption><\/figure>\n\n\n\n<figure class=\"wp-block-image size-large\"><img loading=\"lazy\" decoding=\"async\" width=\"576\" height=\"1024\" data-id=\"1488\" src=\"https:\/\/zeiss-orchester.de\/wp-content\/uploads\/2018\/11\/20181124_150404-1-e1543124380905-576x1024.jpg\" alt=\"\" class=\"wp-image-1488\" srcset=\"https:\/\/zeiss-orchester.de\/wp-content\/uploads\/2018\/11\/20181124_150404-1-e1543124380905-576x1024.jpg 576w, https:\/\/zeiss-orchester.de\/wp-content\/uploads\/2018\/11\/20181124_150404-1-e1543124380905-169x300.jpg 169w, https:\/\/zeiss-orchester.de\/wp-content\/uploads\/2018\/11\/20181124_150404-1-e1543124380905-768x1365.jpg 768w, https:\/\/zeiss-orchester.de\/wp-content\/uploads\/2018\/11\/20181124_150404-1-e1543124380905-624x1109.jpg 624w\" sizes=\"auto, (max-width: 576px) 100vw, 576px\" \/><figcaption class=\"wp-element-caption\">Sekundenschlaf<\/figcaption><\/figure>\n\n\n\n<figure class=\"wp-block-image size-large\"><img loading=\"lazy\" decoding=\"async\" width=\"1024\" height=\"576\" data-id=\"1487\" src=\"https:\/\/zeiss-orchester.de\/wp-content\/uploads\/2018\/11\/20181124_093637-1024x576.jpg\" alt=\"\" class=\"wp-image-1487\" srcset=\"https:\/\/zeiss-orchester.de\/wp-content\/uploads\/2018\/11\/20181124_093637-1024x576.jpg 1024w, https:\/\/zeiss-orchester.de\/wp-content\/uploads\/2018\/11\/20181124_093637-300x169.jpg 300w, https:\/\/zeiss-orchester.de\/wp-content\/uploads\/2018\/11\/20181124_093637-768x432.jpg 768w, https:\/\/zeiss-orchester.de\/wp-content\/uploads\/2018\/11\/20181124_093637-624x351.jpg 624w\" sizes=\"auto, (max-width: 1024px) 100vw, 1024px\" \/><figcaption class=\"wp-element-caption\">Die hohen Streicher<\/figcaption><\/figure>\n\n\n\n<figure class=\"wp-block-image size-large\"><img loading=\"lazy\" decoding=\"async\" width=\"1024\" height=\"666\" data-id=\"1499\" src=\"https:\/\/zeiss-orchester.de\/wp-content\/uploads\/2018\/11\/20181123_231053-1024x666.jpg\" alt=\"\" class=\"wp-image-1499\" srcset=\"https:\/\/zeiss-orchester.de\/wp-content\/uploads\/2018\/11\/20181123_231053-1024x666.jpg 1024w, https:\/\/zeiss-orchester.de\/wp-content\/uploads\/2018\/11\/20181123_231053-300x195.jpg 300w, https:\/\/zeiss-orchester.de\/wp-content\/uploads\/2018\/11\/20181123_231053-768x499.jpg 768w, https:\/\/zeiss-orchester.de\/wp-content\/uploads\/2018\/11\/20181123_231053-624x406.jpg 624w\" sizes=\"auto, (max-width: 1024px) 100vw, 1024px\" \/><figcaption class=\"wp-element-caption\">Tische r\u00fccken &#8230;<\/figcaption><\/figure>\n\n\n\n<figure class=\"wp-block-image size-large\"><img loading=\"lazy\" decoding=\"async\" width=\"1024\" height=\"654\" data-id=\"1500\" src=\"https:\/\/zeiss-orchester.de\/wp-content\/uploads\/2018\/11\/20181123_231115-1024x654.jpg\" alt=\"\" class=\"wp-image-1500\" srcset=\"https:\/\/zeiss-orchester.de\/wp-content\/uploads\/2018\/11\/20181123_231115-1024x654.jpg 1024w, https:\/\/zeiss-orchester.de\/wp-content\/uploads\/2018\/11\/20181123_231115-300x192.jpg 300w, https:\/\/zeiss-orchester.de\/wp-content\/uploads\/2018\/11\/20181123_231115-768x491.jpg 768w, https:\/\/zeiss-orchester.de\/wp-content\/uploads\/2018\/11\/20181123_231115-624x399.jpg 624w\" sizes=\"auto, (max-width: 1024px) 100vw, 1024px\" \/><figcaption class=\"wp-element-caption\">&#8230;f\u00fcr die richtige Sitzordnung<\/figcaption><\/figure>\n\n\n\n<figure class=\"wp-block-image size-large\"><img loading=\"lazy\" decoding=\"async\" width=\"1024\" height=\"682\" data-id=\"1523\" src=\"https:\/\/zeiss-orchester.de\/wp-content\/uploads\/2018\/11\/v-runder-tisch-vergn\u00fcgen-1-1024x682.jpeg\" alt=\"\" class=\"wp-image-1523\" srcset=\"https:\/\/zeiss-orchester.de\/wp-content\/uploads\/2018\/11\/v-runder-tisch-vergn\u00fcgen-1-1024x682.jpeg 1024w, https:\/\/zeiss-orchester.de\/wp-content\/uploads\/2018\/11\/v-runder-tisch-vergn\u00fcgen-1-300x200.jpeg 300w, https:\/\/zeiss-orchester.de\/wp-content\/uploads\/2018\/11\/v-runder-tisch-vergn\u00fcgen-1-768x512.jpeg 768w, https:\/\/zeiss-orchester.de\/wp-content\/uploads\/2018\/11\/v-runder-tisch-vergn\u00fcgen-1-624x416.jpeg 624w, https:\/\/zeiss-orchester.de\/wp-content\/uploads\/2018\/11\/v-runder-tisch-vergn\u00fcgen-1.jpeg 1280w\" sizes=\"auto, (max-width: 1024px) 100vw, 1024px\" \/><figcaption class=\"wp-element-caption\">Vergn\u00fcglichkeit<\/figcaption><\/figure>\n\n\n\n<figure class=\"wp-block-image size-large\"><img loading=\"lazy\" decoding=\"async\" width=\"1024\" height=\"682\" data-id=\"1522\" src=\"https:\/\/zeiss-orchester.de\/wp-content\/uploads\/2018\/11\/v-gem\u00fctlichkeit-1-1024x682.jpeg\" alt=\"\" class=\"wp-image-1522\" srcset=\"https:\/\/zeiss-orchester.de\/wp-content\/uploads\/2018\/11\/v-gem\u00fctlichkeit-1-1024x682.jpeg 1024w, https:\/\/zeiss-orchester.de\/wp-content\/uploads\/2018\/11\/v-gem\u00fctlichkeit-1-300x200.jpeg 300w, https:\/\/zeiss-orchester.de\/wp-content\/uploads\/2018\/11\/v-gem\u00fctlichkeit-1-768x512.jpeg 768w, https:\/\/zeiss-orchester.de\/wp-content\/uploads\/2018\/11\/v-gem\u00fctlichkeit-1-624x416.jpeg 624w, https:\/\/zeiss-orchester.de\/wp-content\/uploads\/2018\/11\/v-gem\u00fctlichkeit-1.jpeg 1280w\" sizes=\"auto, (max-width: 1024px) 100vw, 1024px\" \/><figcaption class=\"wp-element-caption\">Gemeinsamkeit<\/figcaption><\/figure>\n<\/figure>\n\n\n\n<figure class=\"wp-block-gallery has-nested-images columns-3 is-cropped wp-block-gallery-23 is-layout-flex wp-block-gallery-is-layout-flex\">\n<figure class=\"wp-block-image size-large\"><img loading=\"lazy\" decoding=\"async\" width=\"1024\" height=\"820\" data-id=\"1489\" src=\"https:\/\/zeiss-orchester.de\/wp-content\/uploads\/2018\/11\/20181123_214609.1-1024x820.jpg\" alt=\"\" class=\"wp-image-1489\" srcset=\"https:\/\/zeiss-orchester.de\/wp-content\/uploads\/2018\/11\/20181123_214609.1-1024x820.jpg 1024w, https:\/\/zeiss-orchester.de\/wp-content\/uploads\/2018\/11\/20181123_214609.1-300x240.jpg 300w, https:\/\/zeiss-orchester.de\/wp-content\/uploads\/2018\/11\/20181123_214609.1-768x615.jpg 768w, https:\/\/zeiss-orchester.de\/wp-content\/uploads\/2018\/11\/20181123_214609.1-624x500.jpg 624w\" sizes=\"auto, (max-width: 1024px) 100vw, 1024px\" \/><figcaption class=\"wp-element-caption\">&#8230;dann das Vergn\u00fcgen<\/figcaption><\/figure>\n\n\n\n<figure class=\"wp-block-image size-large\"><img loading=\"lazy\" decoding=\"async\" width=\"683\" height=\"1024\" data-id=\"1483\" src=\"https:\/\/zeiss-orchester.de\/wp-content\/uploads\/2018\/11\/20181123_232042-683x1024.jpg\" alt=\"\" class=\"wp-image-1483\" srcset=\"https:\/\/zeiss-orchester.de\/wp-content\/uploads\/2018\/11\/20181123_232042-683x1024.jpg 683w, https:\/\/zeiss-orchester.de\/wp-content\/uploads\/2018\/11\/20181123_232042-200x300.jpg 200w, https:\/\/zeiss-orchester.de\/wp-content\/uploads\/2018\/11\/20181123_232042-768x1151.jpg 768w, https:\/\/zeiss-orchester.de\/wp-content\/uploads\/2018\/11\/20181123_232042-624x935.jpg 624w, https:\/\/zeiss-orchester.de\/wp-content\/uploads\/2018\/11\/20181123_232042.jpg 1513w\" sizes=\"auto, (max-width: 683px) 100vw, 683px\" \/><figcaption class=\"wp-element-caption\">Zwiegespr\u00e4ch<\/figcaption><\/figure>\n\n\n\n<figure class=\"wp-block-image size-large\"><img loading=\"lazy\" decoding=\"async\" width=\"1024\" height=\"576\" data-id=\"1480\" src=\"https:\/\/zeiss-orchester.de\/wp-content\/uploads\/2018\/11\/20181123_220120-1024x576.jpg\" alt=\"\" class=\"wp-image-1480\" srcset=\"https:\/\/zeiss-orchester.de\/wp-content\/uploads\/2018\/11\/20181123_220120-1024x576.jpg 1024w, https:\/\/zeiss-orchester.de\/wp-content\/uploads\/2018\/11\/20181123_220120-300x169.jpg 300w, https:\/\/zeiss-orchester.de\/wp-content\/uploads\/2018\/11\/20181123_220120-768x432.jpg 768w, https:\/\/zeiss-orchester.de\/wp-content\/uploads\/2018\/11\/20181123_220120-624x351.jpg 624w\" sizes=\"auto, (max-width: 1024px) 100vw, 1024px\" \/><figcaption class=\"wp-element-caption\">Besondere Ehrung f\u00fcr Herbert<\/figcaption><\/figure>\n\n\n\n<figure class=\"wp-block-image size-large\"><img loading=\"lazy\" decoding=\"async\" width=\"576\" height=\"1024\" data-id=\"1482\" src=\"https:\/\/zeiss-orchester.de\/wp-content\/uploads\/2018\/11\/20181123_220416-e1543129875945-576x1024.jpg\" alt=\"\" class=\"wp-image-1482\" srcset=\"https:\/\/zeiss-orchester.de\/wp-content\/uploads\/2018\/11\/20181123_220416-e1543129875945-576x1024.jpg 576w, https:\/\/zeiss-orchester.de\/wp-content\/uploads\/2018\/11\/20181123_220416-e1543129875945-169x300.jpg 169w, https:\/\/zeiss-orchester.de\/wp-content\/uploads\/2018\/11\/20181123_220416-e1543129875945-768x1365.jpg 768w, https:\/\/zeiss-orchester.de\/wp-content\/uploads\/2018\/11\/20181123_220416-e1543129875945-624x1109.jpg 624w\" sizes=\"auto, (max-width: 576px) 100vw, 576px\" \/><figcaption class=\"wp-element-caption\">Wenn die Korken knallen&#8230;<\/figcaption><\/figure>\n\n\n\n<figure class=\"wp-block-image size-large\"><img loading=\"lazy\" decoding=\"async\" width=\"1024\" height=\"576\" data-id=\"1479\" src=\"https:\/\/zeiss-orchester.de\/wp-content\/uploads\/2018\/11\/20181123_214841-1024x576.jpg\" alt=\"\" class=\"wp-image-1479\" srcset=\"https:\/\/zeiss-orchester.de\/wp-content\/uploads\/2018\/11\/20181123_214841-1024x576.jpg 1024w, https:\/\/zeiss-orchester.de\/wp-content\/uploads\/2018\/11\/20181123_214841-300x169.jpg 300w, https:\/\/zeiss-orchester.de\/wp-content\/uploads\/2018\/11\/20181123_214841-768x432.jpg 768w, https:\/\/zeiss-orchester.de\/wp-content\/uploads\/2018\/11\/20181123_214841-624x351.jpg 624w\" sizes=\"auto, (max-width: 1024px) 100vw, 1024px\" \/><figcaption class=\"wp-element-caption\">Gem\u00fctlichkeit am Abend<\/figcaption><\/figure>\n\n\n\n<figure class=\"wp-block-image size-large\"><img loading=\"lazy\" decoding=\"async\" width=\"1024\" height=\"576\" data-id=\"1485\" src=\"https:\/\/zeiss-orchester.de\/wp-content\/uploads\/2018\/11\/20181124_155848-1024x576.jpg\" alt=\"\" class=\"wp-image-1485\" srcset=\"https:\/\/zeiss-orchester.de\/wp-content\/uploads\/2018\/11\/20181124_155848-1024x576.jpg 1024w, https:\/\/zeiss-orchester.de\/wp-content\/uploads\/2018\/11\/20181124_155848-300x169.jpg 300w, https:\/\/zeiss-orchester.de\/wp-content\/uploads\/2018\/11\/20181124_155848-768x432.jpg 768w, https:\/\/zeiss-orchester.de\/wp-content\/uploads\/2018\/11\/20181124_155848-624x351.jpg 624w\" sizes=\"auto, (max-width: 1024px) 100vw, 1024px\" \/><figcaption class=\"wp-element-caption\">Musik verbindet &#8211; hier in Sondershausen<\/figcaption><\/figure>\n<\/figure>\n\n\n\n<figure class=\"wp-block-gallery has-nested-images columns-3 is-cropped wp-block-gallery-24 is-layout-flex wp-block-gallery-is-layout-flex\">\n<figure class=\"wp-block-image size-large\"><img loading=\"lazy\" decoding=\"async\" width=\"1024\" height=\"548\" data-id=\"1415\" src=\"https:\/\/zeiss-orchester.de\/wp-content\/uploads\/2018\/10\/20181014_152158-1024x548.jpg\" alt=\"\" class=\"wp-image-1415\" srcset=\"https:\/\/zeiss-orchester.de\/wp-content\/uploads\/2018\/10\/20181014_152158-1024x548.jpg 1024w, https:\/\/zeiss-orchester.de\/wp-content\/uploads\/2018\/10\/20181014_152158-300x161.jpg 300w, https:\/\/zeiss-orchester.de\/wp-content\/uploads\/2018\/10\/20181014_152158-768x411.jpg 768w, https:\/\/zeiss-orchester.de\/wp-content\/uploads\/2018\/10\/20181014_152158-624x334.jpg 624w\" sizes=\"auto, (max-width: 1024px) 100vw, 1024px\" \/><figcaption class=\"wp-element-caption\">Der sanierte und neu bestuhlte Volkshaussaal<\/figcaption><\/figure>\n\n\n\n<figure class=\"wp-block-image size-large\"><img loading=\"lazy\" decoding=\"async\" width=\"1024\" height=\"598\" data-id=\"1411\" src=\"https:\/\/zeiss-orchester.de\/wp-content\/uploads\/2018\/10\/20181014_140511-1024x598.jpg\" alt=\"\" class=\"wp-image-1411\" srcset=\"https:\/\/zeiss-orchester.de\/wp-content\/uploads\/2018\/10\/20181014_140511-1024x598.jpg 1024w, https:\/\/zeiss-orchester.de\/wp-content\/uploads\/2018\/10\/20181014_140511-300x175.jpg 300w, https:\/\/zeiss-orchester.de\/wp-content\/uploads\/2018\/10\/20181014_140511-768x449.jpg 768w, https:\/\/zeiss-orchester.de\/wp-content\/uploads\/2018\/10\/20181014_140511-624x364.jpg 624w\" sizes=\"auto, (max-width: 1024px) 100vw, 1024px\" \/><figcaption class=\"wp-element-caption\">Anspielprobe vor dem Herbstkonzert 14.10.2018<\/figcaption><\/figure>\n\n\n\n<figure class=\"wp-block-image size-large\"><img loading=\"lazy\" decoding=\"async\" width=\"1024\" height=\"560\" data-id=\"1414\" src=\"https:\/\/zeiss-orchester.de\/wp-content\/uploads\/2018\/10\/20181014_143720-1024x560.jpg\" alt=\"\" class=\"wp-image-1414\" srcset=\"https:\/\/zeiss-orchester.de\/wp-content\/uploads\/2018\/10\/20181014_143720-1024x560.jpg 1024w, https:\/\/zeiss-orchester.de\/wp-content\/uploads\/2018\/10\/20181014_143720-300x164.jpg 300w, https:\/\/zeiss-orchester.de\/wp-content\/uploads\/2018\/10\/20181014_143720-768x420.jpg 768w, https:\/\/zeiss-orchester.de\/wp-content\/uploads\/2018\/10\/20181014_143720-624x341.jpg 624w\" sizes=\"auto, (max-width: 1024px) 100vw, 1024px\" \/><figcaption class=\"wp-element-caption\">Stille Festlichkeit des Gro\u00dfen Saales<\/figcaption><\/figure>\n\n\n\n<figure class=\"wp-block-image size-large\"><img loading=\"lazy\" decoding=\"async\" width=\"1024\" height=\"554\" data-id=\"1412\" src=\"https:\/\/zeiss-orchester.de\/wp-content\/uploads\/2018\/10\/20181014_140518-1024x554.jpg\" alt=\"\" class=\"wp-image-1412\" srcset=\"https:\/\/zeiss-orchester.de\/wp-content\/uploads\/2018\/10\/20181014_140518-1024x554.jpg 1024w, https:\/\/zeiss-orchester.de\/wp-content\/uploads\/2018\/10\/20181014_140518-300x162.jpg 300w, https:\/\/zeiss-orchester.de\/wp-content\/uploads\/2018\/10\/20181014_140518-768x415.jpg 768w, https:\/\/zeiss-orchester.de\/wp-content\/uploads\/2018\/10\/20181014_140518-624x337.jpg 624w\" sizes=\"auto, (max-width: 1024px) 100vw, 1024px\" \/><figcaption class=\"wp-element-caption\">Vor der Anspielprobe linke B\u00fchne<\/figcaption><\/figure>\n\n\n\n<figure class=\"wp-block-image size-large\"><img loading=\"lazy\" decoding=\"async\" width=\"1024\" height=\"576\" data-id=\"1413\" src=\"https:\/\/zeiss-orchester.de\/wp-content\/uploads\/2018\/10\/20181014_140521-1024x576.jpg\" alt=\"\" class=\"wp-image-1413\" srcset=\"https:\/\/zeiss-orchester.de\/wp-content\/uploads\/2018\/10\/20181014_140521-1024x576.jpg 1024w, https:\/\/zeiss-orchester.de\/wp-content\/uploads\/2018\/10\/20181014_140521-300x169.jpg 300w, https:\/\/zeiss-orchester.de\/wp-content\/uploads\/2018\/10\/20181014_140521-768x432.jpg 768w, https:\/\/zeiss-orchester.de\/wp-content\/uploads\/2018\/10\/20181014_140521-624x351.jpg 624w\" sizes=\"auto, (max-width: 1024px) 100vw, 1024px\" \/><figcaption class=\"wp-element-caption\">Vor der Anspielprobe rechte B\u00fchne<\/figcaption><\/figure>\n<\/figure>\n\n\n\n<figure class=\"wp-block-gallery has-nested-images columns-3 is-cropped wp-block-gallery-25 is-layout-flex wp-block-gallery-is-layout-flex\">\n<figure class=\"wp-block-image size-large\"><img loading=\"lazy\" decoding=\"async\" width=\"1024\" height=\"576\" data-id=\"1373\" src=\"https:\/\/zeiss-orchester.de\/wp-content\/uploads\/2018\/09\/20180923_111817-1024x576.jpg\" alt=\"\" class=\"wp-image-1373\" srcset=\"https:\/\/zeiss-orchester.de\/wp-content\/uploads\/2018\/09\/20180923_111817-1024x576.jpg 1024w, https:\/\/zeiss-orchester.de\/wp-content\/uploads\/2018\/09\/20180923_111817-300x169.jpg 300w, https:\/\/zeiss-orchester.de\/wp-content\/uploads\/2018\/09\/20180923_111817-768x432.jpg 768w, https:\/\/zeiss-orchester.de\/wp-content\/uploads\/2018\/09\/20180923_111817-624x351.jpg 624w\" sizes=\"auto, (max-width: 1024px) 100vw, 1024px\" \/><figcaption class=\"wp-element-caption\">Vor dem Gartenhaus Johannisfriedhof<\/figcaption><\/figure>\n\n\n\n<figure class=\"wp-block-image size-large\"><img loading=\"lazy\" decoding=\"async\" width=\"1024\" height=\"576\" data-id=\"1372\" src=\"https:\/\/zeiss-orchester.de\/wp-content\/uploads\/2018\/09\/20180923_111607-1024x576.jpg\" alt=\"\" class=\"wp-image-1372\" srcset=\"https:\/\/zeiss-orchester.de\/wp-content\/uploads\/2018\/09\/20180923_111607-1024x576.jpg 1024w, https:\/\/zeiss-orchester.de\/wp-content\/uploads\/2018\/09\/20180923_111607-300x169.jpg 300w, https:\/\/zeiss-orchester.de\/wp-content\/uploads\/2018\/09\/20180923_111607-768x432.jpg 768w, https:\/\/zeiss-orchester.de\/wp-content\/uploads\/2018\/09\/20180923_111607-624x351.jpg 624w\" sizes=\"auto, (max-width: 1024px) 100vw, 1024px\" \/><figcaption class=\"wp-element-caption\">Volker, Theo und Theresa freuen sich  auf den Auftritt<\/figcaption><\/figure>\n\n\n\n<figure class=\"wp-block-image size-large\"><img loading=\"lazy\" decoding=\"async\" width=\"1024\" height=\"576\" data-id=\"1374\" src=\"https:\/\/zeiss-orchester.de\/wp-content\/uploads\/2018\/09\/20180923_114340-e1537707465701-1024x576.jpg\" alt=\"\" class=\"wp-image-1374\" srcset=\"https:\/\/zeiss-orchester.de\/wp-content\/uploads\/2018\/09\/20180923_114340-e1537707465701-1024x576.jpg 1024w, https:\/\/zeiss-orchester.de\/wp-content\/uploads\/2018\/09\/20180923_114340-e1537707465701-300x169.jpg 300w, https:\/\/zeiss-orchester.de\/wp-content\/uploads\/2018\/09\/20180923_114340-e1537707465701-768x432.jpg 768w, https:\/\/zeiss-orchester.de\/wp-content\/uploads\/2018\/09\/20180923_114340-e1537707465701-624x351.jpg 624w\" sizes=\"auto, (max-width: 1024px) 100vw, 1024px\" \/><figcaption class=\"wp-element-caption\">Wir musizieren unter Leitung unseres Dirigenten Roland Weske<\/figcaption><\/figure>\n<\/figure>\n\n\n\n<figure class=\"wp-block-gallery has-nested-images columns-3 is-cropped wp-block-gallery-26 is-layout-flex wp-block-gallery-is-layout-flex\">\n<figure class=\"wp-block-image size-large\"><img loading=\"lazy\" decoding=\"async\" width=\"1024\" height=\"576\" data-id=\"1376\" src=\"https:\/\/zeiss-orchester.de\/wp-content\/uploads\/2018\/09\/20180923_094058-1024x576.jpg\" alt=\"\" class=\"wp-image-1376\" srcset=\"https:\/\/zeiss-orchester.de\/wp-content\/uploads\/2018\/09\/20180923_094058-1024x576.jpg 1024w, https:\/\/zeiss-orchester.de\/wp-content\/uploads\/2018\/09\/20180923_094058-300x169.jpg 300w, https:\/\/zeiss-orchester.de\/wp-content\/uploads\/2018\/09\/20180923_094058-768x432.jpg 768w, https:\/\/zeiss-orchester.de\/wp-content\/uploads\/2018\/09\/20180923_094058-624x351.jpg 624w\" sizes=\"auto, (max-width: 1024px) 100vw, 1024px\" \/><figcaption class=\"wp-element-caption\">2018: Wir proben im &#8222;K\u00fcchenanbau&#8220;<\/figcaption><\/figure>\n\n\n\n<figure class=\"wp-block-image size-large\"><img loading=\"lazy\" decoding=\"async\" width=\"1024\" height=\"576\" data-id=\"1377\" src=\"https:\/\/zeiss-orchester.de\/wp-content\/uploads\/2018\/09\/20180923_094105-1024x576.jpg\" alt=\"\" class=\"wp-image-1377\" srcset=\"https:\/\/zeiss-orchester.de\/wp-content\/uploads\/2018\/09\/20180923_094105-1024x576.jpg 1024w, https:\/\/zeiss-orchester.de\/wp-content\/uploads\/2018\/09\/20180923_094105-300x169.jpg 300w, https:\/\/zeiss-orchester.de\/wp-content\/uploads\/2018\/09\/20180923_094105-768x432.jpg 768w, https:\/\/zeiss-orchester.de\/wp-content\/uploads\/2018\/09\/20180923_094105-624x351.jpg 624w\" sizes=\"auto, (max-width: 1024px) 100vw, 1024px\" \/><figcaption class=\"wp-element-caption\">Klein, aber fein!<\/figcaption><\/figure>\n\n\n\n<figure class=\"wp-block-image size-large\"><img loading=\"lazy\" decoding=\"async\" width=\"1024\" height=\"576\" data-id=\"1378\" src=\"https:\/\/zeiss-orchester.de\/wp-content\/uploads\/2018\/09\/20180923_094112-1024x576.jpg\" alt=\"\" class=\"wp-image-1378\" srcset=\"https:\/\/zeiss-orchester.de\/wp-content\/uploads\/2018\/09\/20180923_094112-1024x576.jpg 1024w, https:\/\/zeiss-orchester.de\/wp-content\/uploads\/2018\/09\/20180923_094112-300x169.jpg 300w, https:\/\/zeiss-orchester.de\/wp-content\/uploads\/2018\/09\/20180923_094112-768x432.jpg 768w, https:\/\/zeiss-orchester.de\/wp-content\/uploads\/2018\/09\/20180923_094112-624x351.jpg 624w\" sizes=\"auto, (max-width: 1024px) 100vw, 1024px\" \/><figcaption class=\"wp-element-caption\">10 Musiker haben Platz, sogar 1 Bass und 2 Celli<\/figcaption><\/figure>\n\n\n\n<figure class=\"wp-block-image size-large\"><img loading=\"lazy\" decoding=\"async\" width=\"1024\" height=\"576\" data-id=\"1380\" src=\"https:\/\/zeiss-orchester.de\/wp-content\/uploads\/2018\/09\/20180923_103706-1024x576.jpg\" alt=\"\" class=\"wp-image-1380\" srcset=\"https:\/\/zeiss-orchester.de\/wp-content\/uploads\/2018\/09\/20180923_103706-1024x576.jpg 1024w, https:\/\/zeiss-orchester.de\/wp-content\/uploads\/2018\/09\/20180923_103706-300x169.jpg 300w, https:\/\/zeiss-orchester.de\/wp-content\/uploads\/2018\/09\/20180923_103706-768x432.jpg 768w, https:\/\/zeiss-orchester.de\/wp-content\/uploads\/2018\/09\/20180923_103706-624x351.jpg 624w\" sizes=\"auto, (max-width: 1024px) 100vw, 1024px\" \/><figcaption class=\"wp-element-caption\">Der historische Anbau mit Graffiti<\/figcaption><\/figure>\n\n\n\n<figure class=\"wp-block-image size-large\"><img loading=\"lazy\" decoding=\"async\" width=\"1024\" height=\"576\" data-id=\"1381\" src=\"https:\/\/zeiss-orchester.de\/wp-content\/uploads\/2018\/09\/20180923_111824-1024x576.jpg\" alt=\"\" class=\"wp-image-1381\" srcset=\"https:\/\/zeiss-orchester.de\/wp-content\/uploads\/2018\/09\/20180923_111824-1024x576.jpg 1024w, https:\/\/zeiss-orchester.de\/wp-content\/uploads\/2018\/09\/20180923_111824-300x169.jpg 300w, https:\/\/zeiss-orchester.de\/wp-content\/uploads\/2018\/09\/20180923_111824-768x432.jpg 768w, https:\/\/zeiss-orchester.de\/wp-content\/uploads\/2018\/09\/20180923_111824-624x351.jpg 624w\" sizes=\"auto, (max-width: 1024px) 100vw, 1024px\" \/><figcaption class=\"wp-element-caption\">Auf der Treppe des Gartenhauses historischen Johannisfriedhof<\/figcaption><\/figure>\n\n\n\n<figure class=\"wp-block-image size-large\"><img loading=\"lazy\" decoding=\"async\" width=\"576\" height=\"1024\" data-id=\"1379\" src=\"https:\/\/zeiss-orchester.de\/wp-content\/uploads\/2018\/09\/20180923_103651-e1537708413741-576x1024.jpg\" alt=\"\" class=\"wp-image-1379\" srcset=\"https:\/\/zeiss-orchester.de\/wp-content\/uploads\/2018\/09\/20180923_103651-e1537708413741-576x1024.jpg 576w, https:\/\/zeiss-orchester.de\/wp-content\/uploads\/2018\/09\/20180923_103651-e1537708413741-169x300.jpg 169w, https:\/\/zeiss-orchester.de\/wp-content\/uploads\/2018\/09\/20180923_103651-e1537708413741-768x1365.jpg 768w, https:\/\/zeiss-orchester.de\/wp-content\/uploads\/2018\/09\/20180923_103651-e1537708413741-624x1109.jpg 624w\" sizes=\"auto, (max-width: 576px) 100vw, 576px\" \/><figcaption class=\"wp-element-caption\">Die historische Treppe am K\u00fcchenanbau<\/figcaption><\/figure>\n<\/figure>\n\n\n\n<figure class=\"wp-block-gallery has-nested-images columns-3 is-cropped wp-block-gallery-27 is-layout-flex wp-block-gallery-is-layout-flex\">\n<figure class=\"wp-block-image size-large\"><img loading=\"lazy\" decoding=\"async\" width=\"1024\" height=\"769\" data-id=\"1200\" src=\"https:\/\/zeiss-orchester.de\/wp-content\/uploads\/2018\/04\/P1010881bea-1024x769.jpg\" alt=\"\" class=\"wp-image-1200\" srcset=\"https:\/\/zeiss-orchester.de\/wp-content\/uploads\/2018\/04\/P1010881bea-1024x769.jpg 1024w, https:\/\/zeiss-orchester.de\/wp-content\/uploads\/2018\/04\/P1010881bea-300x225.jpg 300w, https:\/\/zeiss-orchester.de\/wp-content\/uploads\/2018\/04\/P1010881bea-768x577.jpg 768w, https:\/\/zeiss-orchester.de\/wp-content\/uploads\/2018\/04\/P1010881bea-624x469.jpg 624w\" sizes=\"auto, (max-width: 1024px) 100vw, 1024px\" \/><figcaption class=\"wp-element-caption\">Auf der gro\u00dfen Volkshaustreppe im April 2018<\/figcaption><\/figure>\n\n\n\n<figure class=\"wp-block-image size-large\"><img loading=\"lazy\" decoding=\"async\" width=\"1024\" height=\"769\" data-id=\"1202\" src=\"https:\/\/zeiss-orchester.de\/wp-content\/uploads\/2018\/04\/P1010910bea-1024x769.jpg\" alt=\"\" class=\"wp-image-1202\" srcset=\"https:\/\/zeiss-orchester.de\/wp-content\/uploads\/2018\/04\/P1010910bea-1024x769.jpg 1024w, https:\/\/zeiss-orchester.de\/wp-content\/uploads\/2018\/04\/P1010910bea-300x225.jpg 300w, https:\/\/zeiss-orchester.de\/wp-content\/uploads\/2018\/04\/P1010910bea-768x577.jpg 768w, https:\/\/zeiss-orchester.de\/wp-content\/uploads\/2018\/04\/P1010910bea-624x469.jpg 624w\" sizes=\"auto, (max-width: 1024px) 100vw, 1024px\" \/><figcaption class=\"wp-element-caption\">Fr\u00fchlingskonzert 2018: Anspielprobe mit Nikolas Schmeer<\/figcaption><\/figure>\n\n\n\n<figure class=\"wp-block-image size-large\"><img loading=\"lazy\" decoding=\"async\" width=\"1024\" height=\"769\" data-id=\"1204\" src=\"https:\/\/zeiss-orchester.de\/wp-content\/uploads\/2018\/04\/P1010953-1024x769.jpg\" alt=\"\" class=\"wp-image-1204\" srcset=\"https:\/\/zeiss-orchester.de\/wp-content\/uploads\/2018\/04\/P1010953-1024x769.jpg 1024w, https:\/\/zeiss-orchester.de\/wp-content\/uploads\/2018\/04\/P1010953-300x225.jpg 300w, https:\/\/zeiss-orchester.de\/wp-content\/uploads\/2018\/04\/P1010953-768x577.jpg 768w, https:\/\/zeiss-orchester.de\/wp-content\/uploads\/2018\/04\/P1010953-624x469.jpg 624w\" sizes=\"auto, (max-width: 1024px) 100vw, 1024px\" \/><figcaption class=\"wp-element-caption\">Fr\u00fchlingskonzert 2018<\/figcaption><\/figure>\n\n\n\n<figure class=\"wp-block-image size-large\"><img loading=\"lazy\" decoding=\"async\" width=\"1024\" height=\"769\" data-id=\"1203\" src=\"https:\/\/zeiss-orchester.de\/wp-content\/uploads\/2018\/04\/P1010992-1024x769.jpg\" alt=\"\" class=\"wp-image-1203\" srcset=\"https:\/\/zeiss-orchester.de\/wp-content\/uploads\/2018\/04\/P1010992-1024x769.jpg 1024w, https:\/\/zeiss-orchester.de\/wp-content\/uploads\/2018\/04\/P1010992-300x225.jpg 300w, https:\/\/zeiss-orchester.de\/wp-content\/uploads\/2018\/04\/P1010992-768x577.jpg 768w, https:\/\/zeiss-orchester.de\/wp-content\/uploads\/2018\/04\/P1010992-624x469.jpg 624w\" sizes=\"auto, (max-width: 1024px) 100vw, 1024px\" \/><figcaption class=\"wp-element-caption\">Fr\u00fchlingskonzert 2018<\/figcaption><\/figure>\n\n\n\n<figure class=\"wp-block-image size-large\"><img loading=\"lazy\" decoding=\"async\" width=\"1024\" height=\"769\" data-id=\"1206\" src=\"https:\/\/zeiss-orchester.de\/wp-content\/uploads\/2018\/04\/P1010994-1024x769.jpg\" alt=\"\" class=\"wp-image-1206\" srcset=\"https:\/\/zeiss-orchester.de\/wp-content\/uploads\/2018\/04\/P1010994-1024x769.jpg 1024w, https:\/\/zeiss-orchester.de\/wp-content\/uploads\/2018\/04\/P1010994-300x225.jpg 300w, https:\/\/zeiss-orchester.de\/wp-content\/uploads\/2018\/04\/P1010994-768x577.jpg 768w, https:\/\/zeiss-orchester.de\/wp-content\/uploads\/2018\/04\/P1010994-624x469.jpg 624w\" sizes=\"auto, (max-width: 1024px) 100vw, 1024px\" \/><figcaption class=\"wp-element-caption\">Fr\u00fchlingskonzert 2018<\/figcaption><\/figure>\n\n\n\n<figure class=\"wp-block-image size-large\"><img loading=\"lazy\" decoding=\"async\" width=\"1024\" height=\"769\" data-id=\"1199\" src=\"https:\/\/zeiss-orchester.de\/wp-content\/uploads\/2018\/04\/P1010912bea-1024x769.jpg\" alt=\"\" class=\"wp-image-1199\" srcset=\"https:\/\/zeiss-orchester.de\/wp-content\/uploads\/2018\/04\/P1010912bea-1024x769.jpg 1024w, https:\/\/zeiss-orchester.de\/wp-content\/uploads\/2018\/04\/P1010912bea-300x225.jpg 300w, https:\/\/zeiss-orchester.de\/wp-content\/uploads\/2018\/04\/P1010912bea-768x577.jpg 768w, https:\/\/zeiss-orchester.de\/wp-content\/uploads\/2018\/04\/P1010912bea-624x469.jpg 624w\" sizes=\"auto, (max-width: 1024px) 100vw, 1024px\" \/><figcaption class=\"wp-element-caption\">Fr\u00fchlingskonzert 2018<\/figcaption><\/figure>\n\n\n\n<figure class=\"wp-block-image size-large\"><img loading=\"lazy\" decoding=\"async\" width=\"1024\" height=\"769\" data-id=\"1201\" src=\"https:\/\/zeiss-orchester.de\/wp-content\/uploads\/2018\/04\/P1010896bea-1024x769.jpg\" alt=\"\" class=\"wp-image-1201\" srcset=\"https:\/\/zeiss-orchester.de\/wp-content\/uploads\/2018\/04\/P1010896bea-1024x769.jpg 1024w, https:\/\/zeiss-orchester.de\/wp-content\/uploads\/2018\/04\/P1010896bea-300x225.jpg 300w, https:\/\/zeiss-orchester.de\/wp-content\/uploads\/2018\/04\/P1010896bea-768x577.jpg 768w, https:\/\/zeiss-orchester.de\/wp-content\/uploads\/2018\/04\/P1010896bea-624x469.jpg 624w\" sizes=\"auto, (max-width: 1024px) 100vw, 1024px\" \/><figcaption class=\"wp-element-caption\">Fr\u00fchlingskonzert 2018<\/figcaption><\/figure>\n\n\n\n<figure class=\"wp-block-image size-large\"><img loading=\"lazy\" decoding=\"async\" width=\"1024\" height=\"769\" data-id=\"1205\" src=\"https:\/\/zeiss-orchester.de\/wp-content\/uploads\/2018\/04\/P1010965-1024x769.jpg\" alt=\"\" class=\"wp-image-1205\" srcset=\"https:\/\/zeiss-orchester.de\/wp-content\/uploads\/2018\/04\/P1010965-1024x769.jpg 1024w, https:\/\/zeiss-orchester.de\/wp-content\/uploads\/2018\/04\/P1010965-300x225.jpg 300w, https:\/\/zeiss-orchester.de\/wp-content\/uploads\/2018\/04\/P1010965-768x577.jpg 768w, https:\/\/zeiss-orchester.de\/wp-content\/uploads\/2018\/04\/P1010965-624x469.jpg 624w\" sizes=\"auto, (max-width: 1024px) 100vw, 1024px\" \/><figcaption class=\"wp-element-caption\">Fr\u00fchlingskonzert 2018<\/figcaption><\/figure>\n\n\n\n<figure class=\"wp-block-image size-large\"><img loading=\"lazy\" decoding=\"async\" width=\"1024\" height=\"769\" data-id=\"1208\" src=\"https:\/\/zeiss-orchester.de\/wp-content\/uploads\/2018\/04\/P1020038-1024x769.jpg\" alt=\"\" class=\"wp-image-1208\" srcset=\"https:\/\/zeiss-orchester.de\/wp-content\/uploads\/2018\/04\/P1020038-1024x769.jpg 1024w, https:\/\/zeiss-orchester.de\/wp-content\/uploads\/2018\/04\/P1020038-300x225.jpg 300w, https:\/\/zeiss-orchester.de\/wp-content\/uploads\/2018\/04\/P1020038-768x577.jpg 768w, https:\/\/zeiss-orchester.de\/wp-content\/uploads\/2018\/04\/P1020038-624x469.jpg 624w\" sizes=\"auto, (max-width: 1024px) 100vw, 1024px\" \/><figcaption class=\"wp-element-caption\">Der Typewriter Rainer Pratzka<\/figcaption><\/figure>\n\n\n\n<figure class=\"wp-block-image size-large\"><img loading=\"lazy\" decoding=\"async\" width=\"1024\" height=\"769\" data-id=\"1209\" src=\"https:\/\/zeiss-orchester.de\/wp-content\/uploads\/2018\/04\/P1020046-1024x769.jpg\" alt=\"\" class=\"wp-image-1209\" srcset=\"https:\/\/zeiss-orchester.de\/wp-content\/uploads\/2018\/04\/P1020046-1024x769.jpg 1024w, https:\/\/zeiss-orchester.de\/wp-content\/uploads\/2018\/04\/P1020046-300x225.jpg 300w, https:\/\/zeiss-orchester.de\/wp-content\/uploads\/2018\/04\/P1020046-768x577.jpg 768w, https:\/\/zeiss-orchester.de\/wp-content\/uploads\/2018\/04\/P1020046-624x469.jpg 624w\" sizes=\"auto, (max-width: 1024px) 100vw, 1024px\" \/><figcaption class=\"wp-element-caption\">Fr\u00fchlingskonzert 2018<\/figcaption><\/figure>\n\n\n\n<figure class=\"wp-block-image size-large\"><img loading=\"lazy\" decoding=\"async\" width=\"1024\" height=\"769\" data-id=\"1211\" src=\"https:\/\/zeiss-orchester.de\/wp-content\/uploads\/2018\/04\/P1020053-1024x769.jpg\" alt=\"\" class=\"wp-image-1211\" srcset=\"https:\/\/zeiss-orchester.de\/wp-content\/uploads\/2018\/04\/P1020053-1024x769.jpg 1024w, https:\/\/zeiss-orchester.de\/wp-content\/uploads\/2018\/04\/P1020053-300x225.jpg 300w, https:\/\/zeiss-orchester.de\/wp-content\/uploads\/2018\/04\/P1020053-768x577.jpg 768w, https:\/\/zeiss-orchester.de\/wp-content\/uploads\/2018\/04\/P1020053-624x469.jpg 624w\" sizes=\"auto, (max-width: 1024px) 100vw, 1024px\" \/><figcaption class=\"wp-element-caption\">Der &#8222;Komische Herr&#8220;  Ute Reichmann- Grzimek <\/figcaption><\/figure>\n\n\n\n<figure class=\"wp-block-image size-large\"><img loading=\"lazy\" decoding=\"async\" width=\"705\" height=\"1024\" data-id=\"1138\" src=\"https:\/\/zeiss-orchester.de\/wp-content\/uploads\/2017\/11\/PC191097.G\u00fcnter-Klarinette-705x1024.jpg\" alt=\"\" class=\"wp-image-1138\" srcset=\"https:\/\/zeiss-orchester.de\/wp-content\/uploads\/2017\/11\/PC191097.G\u00fcnter-Klarinette-705x1024.jpg 705w, https:\/\/zeiss-orchester.de\/wp-content\/uploads\/2017\/11\/PC191097.G\u00fcnter-Klarinette-206x300.jpg 206w, https:\/\/zeiss-orchester.de\/wp-content\/uploads\/2017\/11\/PC191097.G\u00fcnter-Klarinette-768x1116.jpg 768w, https:\/\/zeiss-orchester.de\/wp-content\/uploads\/2017\/11\/PC191097.G\u00fcnter-Klarinette-624x907.jpg 624w, https:\/\/zeiss-orchester.de\/wp-content\/uploads\/2017\/11\/PC191097.G\u00fcnter-Klarinette.jpg 988w\" sizes=\"auto, (max-width: 705px) 100vw, 705px\" \/><figcaption class=\"wp-element-caption\">G\u00fcnter Dathe an seiner Klarinette<\/figcaption><\/figure>\n<\/figure>\n\n\n\n<figure class=\"wp-block-gallery has-nested-images columns-3 is-cropped wp-block-gallery-28 is-layout-flex wp-block-gallery-is-layout-flex\">\n<figure class=\"wp-block-image size-large\"><img loading=\"lazy\" decoding=\"async\" width=\"768\" height=\"1024\" data-id=\"1162\" src=\"https:\/\/zeiss-orchester.de\/wp-content\/uploads\/2018\/03\/3-GP-Ambo\u00df-mit-Norbert-L.-1-e1521649861571-768x1024.jpg\" alt=\"\" class=\"wp-image-1162\" srcset=\"https:\/\/zeiss-orchester.de\/wp-content\/uploads\/2018\/03\/3-GP-Ambo\u00df-mit-Norbert-L.-1-e1521649861571-768x1024.jpg 768w, https:\/\/zeiss-orchester.de\/wp-content\/uploads\/2018\/03\/3-GP-Ambo\u00df-mit-Norbert-L.-1-e1521649861571-225x300.jpg 225w, https:\/\/zeiss-orchester.de\/wp-content\/uploads\/2018\/03\/3-GP-Ambo\u00df-mit-Norbert-L.-1-e1521649861571-624x832.jpg 624w\" sizes=\"auto, (max-width: 768px) 100vw, 768px\" \/><figcaption class=\"wp-element-caption\">Proben f\u00fcr Fr\u00fchlingskonzert 2018<\/figcaption><\/figure>\n\n\n\n<figure class=\"wp-block-image size-large\"><img loading=\"lazy\" decoding=\"async\" width=\"600\" height=\"800\" data-id=\"1163\" src=\"https:\/\/zeiss-orchester.de\/wp-content\/uploads\/2018\/03\/3-GP-Ambo\u00df-mit-Norbert-e1521649822892.jpg\" alt=\"\" class=\"wp-image-1163\" srcset=\"https:\/\/zeiss-orchester.de\/wp-content\/uploads\/2018\/03\/3-GP-Ambo\u00df-mit-Norbert-e1521649822892.jpg 600w, https:\/\/zeiss-orchester.de\/wp-content\/uploads\/2018\/03\/3-GP-Ambo\u00df-mit-Norbert-e1521649822892-225x300.jpg 225w\" sizes=\"auto, (max-width: 600px) 100vw, 600px\" \/><figcaption class=\"wp-element-caption\">Norbert Lenke mit Hammer und Ambo\u00df&#8230;<\/figcaption><\/figure>\n\n\n\n<figure class=\"wp-block-image size-large\"><img loading=\"lazy\" decoding=\"async\" width=\"1024\" height=\"768\" data-id=\"1164\" src=\"https:\/\/zeiss-orchester.de\/wp-content\/uploads\/2018\/03\/3-GP-typewriter-0-1024x768.jpg\" alt=\"\" class=\"wp-image-1164\" srcset=\"https:\/\/zeiss-orchester.de\/wp-content\/uploads\/2018\/03\/3-GP-typewriter-0-1024x768.jpg 1024w, https:\/\/zeiss-orchester.de\/wp-content\/uploads\/2018\/03\/3-GP-typewriter-0-300x225.jpg 300w, https:\/\/zeiss-orchester.de\/wp-content\/uploads\/2018\/03\/3-GP-typewriter-0-768x576.jpg 768w, https:\/\/zeiss-orchester.de\/wp-content\/uploads\/2018\/03\/3-GP-typewriter-0-624x468.jpg 624w\" sizes=\"auto, (max-width: 1024px) 100vw, 1024px\" \/><figcaption class=\"wp-element-caption\">Rainer Pratzka, Typewriter und Roland Weske, Dirigat <\/figcaption><\/figure>\n\n\n\n<figure class=\"wp-block-image size-large\"><img loading=\"lazy\" decoding=\"async\" width=\"768\" height=\"1024\" data-id=\"1165\" src=\"https:\/\/zeiss-orchester.de\/wp-content\/uploads\/2018\/03\/3-GP-typewriter-1-e1521649846155-768x1024.jpg\" alt=\"\" class=\"wp-image-1165\" srcset=\"https:\/\/zeiss-orchester.de\/wp-content\/uploads\/2018\/03\/3-GP-typewriter-1-e1521649846155-768x1024.jpg 768w, https:\/\/zeiss-orchester.de\/wp-content\/uploads\/2018\/03\/3-GP-typewriter-1-e1521649846155-225x300.jpg 225w, https:\/\/zeiss-orchester.de\/wp-content\/uploads\/2018\/03\/3-GP-typewriter-1-e1521649846155-624x832.jpg 624w\" sizes=\"auto, (max-width: 768px) 100vw, 768px\" \/><figcaption class=\"wp-element-caption\">An der Schreibmaschine:  Rainer Pratzka<\/figcaption><\/figure>\n\n\n\n<figure class=\"wp-block-image size-large\"><img loading=\"lazy\" decoding=\"async\" width=\"600\" height=\"800\" data-id=\"1166\" src=\"https:\/\/zeiss-orchester.de\/wp-content\/uploads\/2018\/03\/3-GPtypewriter-3-e1521649834490.jpg\" alt=\"\" class=\"wp-image-1166\" srcset=\"https:\/\/zeiss-orchester.de\/wp-content\/uploads\/2018\/03\/3-GPtypewriter-3-e1521649834490.jpg 600w, https:\/\/zeiss-orchester.de\/wp-content\/uploads\/2018\/03\/3-GPtypewriter-3-e1521649834490-225x300.jpg 225w\" sizes=\"auto, (max-width: 600px) 100vw, 600px\" \/><figcaption class=\"wp-element-caption\">Rainer Pratzka<\/figcaption><\/figure>\n<\/figure>\n\n\n\n<figure class=\"wp-block-gallery has-nested-images columns-3 is-cropped wp-block-gallery-29 is-layout-flex wp-block-gallery-is-layout-flex\">\n<figure class=\"wp-block-image size-large\"><img loading=\"lazy\" decoding=\"async\" width=\"1024\" height=\"768\" data-id=\"1155\" src=\"https:\/\/zeiss-orchester.de\/wp-content\/uploads\/2018\/03\/3-Proben-f\u00fcrs-Fr\u00fchlingskonzert-1024x768.jpg\" alt=\"\" class=\"wp-image-1155\" srcset=\"https:\/\/zeiss-orchester.de\/wp-content\/uploads\/2018\/03\/3-Proben-f\u00fcrs-Fr\u00fchlingskonzert-1024x768.jpg 1024w, https:\/\/zeiss-orchester.de\/wp-content\/uploads\/2018\/03\/3-Proben-f\u00fcrs-Fr\u00fchlingskonzert-300x225.jpg 300w, https:\/\/zeiss-orchester.de\/wp-content\/uploads\/2018\/03\/3-Proben-f\u00fcrs-Fr\u00fchlingskonzert-768x576.jpg 768w, https:\/\/zeiss-orchester.de\/wp-content\/uploads\/2018\/03\/3-Proben-f\u00fcrs-Fr\u00fchlingskonzert-624x468.jpg 624w\" sizes=\"auto, (max-width: 1024px) 100vw, 1024px\" \/><figcaption class=\"wp-element-caption\">Henry Funke, Trompete, mit Blechbl\u00e4sern<\/figcaption><\/figure>\n\n\n\n<figure class=\"wp-block-image size-large\"><img loading=\"lazy\" decoding=\"async\" width=\"1019\" height=\"1024\" data-id=\"1154\" src=\"https:\/\/zeiss-orchester.de\/wp-content\/uploads\/2018\/03\/3-Probe-kl.-Sal-f\u00fcr-Fr\u00fchlgskonzert-1019x1024.jpg\" alt=\"\" class=\"wp-image-1154\" srcset=\"https:\/\/zeiss-orchester.de\/wp-content\/uploads\/2018\/03\/3-Probe-kl.-Sal-f\u00fcr-Fr\u00fchlgskonzert-1019x1024.jpg 1019w, https:\/\/zeiss-orchester.de\/wp-content\/uploads\/2018\/03\/3-Probe-kl.-Sal-f\u00fcr-Fr\u00fchlgskonzert-150x150.jpg 150w, https:\/\/zeiss-orchester.de\/wp-content\/uploads\/2018\/03\/3-Probe-kl.-Sal-f\u00fcr-Fr\u00fchlgskonzert-298x300.jpg 298w, https:\/\/zeiss-orchester.de\/wp-content\/uploads\/2018\/03\/3-Probe-kl.-Sal-f\u00fcr-Fr\u00fchlgskonzert-768x772.jpg 768w, https:\/\/zeiss-orchester.de\/wp-content\/uploads\/2018\/03\/3-Probe-kl.-Sal-f\u00fcr-Fr\u00fchlgskonzert-624x627.jpg 624w\" sizes=\"auto, (max-width: 1019px) 100vw, 1019px\" \/><figcaption class=\"wp-element-caption\">Ute Reichmann-Grzimek am Fagott<\/figcaption><\/figure>\n\n\n\n<figure class=\"wp-block-image size-large\"><img loading=\"lazy\" decoding=\"async\" width=\"742\" height=\"1024\" data-id=\"1152\" src=\"https:\/\/zeiss-orchester.de\/wp-content\/uploads\/2018\/03\/3-Probe-Fr\u00fchlgs.konzert-742x1024.jpg\" alt=\"\" class=\"wp-image-1152\" srcset=\"https:\/\/zeiss-orchester.de\/wp-content\/uploads\/2018\/03\/3-Probe-Fr\u00fchlgs.konzert-742x1024.jpg 742w, https:\/\/zeiss-orchester.de\/wp-content\/uploads\/2018\/03\/3-Probe-Fr\u00fchlgs.konzert-217x300.jpg 217w, https:\/\/zeiss-orchester.de\/wp-content\/uploads\/2018\/03\/3-Probe-Fr\u00fchlgs.konzert-768x1060.jpg 768w, https:\/\/zeiss-orchester.de\/wp-content\/uploads\/2018\/03\/3-Probe-Fr\u00fchlgs.konzert-624x862.jpg 624w\" sizes=\"auto, (max-width: 742px) 100vw, 742px\" \/><figcaption class=\"wp-element-caption\">Solo- Klarinettist G\u00fcnter Dathe <\/figcaption><\/figure>\n\n\n\n<figure class=\"wp-block-image size-large\"><img loading=\"lazy\" decoding=\"async\" width=\"1024\" height=\"768\" data-id=\"1153\" src=\"https:\/\/zeiss-orchester.de\/wp-content\/uploads\/2018\/03\/3-Probe-Fr\u00fchlingskonz.-1024x768.jpg\" alt=\"\" class=\"wp-image-1153\" srcset=\"https:\/\/zeiss-orchester.de\/wp-content\/uploads\/2018\/03\/3-Probe-Fr\u00fchlingskonz.-1024x768.jpg 1024w, https:\/\/zeiss-orchester.de\/wp-content\/uploads\/2018\/03\/3-Probe-Fr\u00fchlingskonz.-300x225.jpg 300w, https:\/\/zeiss-orchester.de\/wp-content\/uploads\/2018\/03\/3-Probe-Fr\u00fchlingskonz.-768x576.jpg 768w, https:\/\/zeiss-orchester.de\/wp-content\/uploads\/2018\/03\/3-Probe-Fr\u00fchlingskonz.-624x468.jpg 624w\" sizes=\"auto, (max-width: 1024px) 100vw, 1024px\" \/><figcaption class=\"wp-element-caption\">Solo-Cellist Markus Eckart zur Probe <\/figcaption><\/figure>\n<\/figure>\n\n\n\n<figure class=\"wp-block-gallery has-nested-images columns-3 is-cropped wp-block-gallery-30 is-layout-flex wp-block-gallery-is-layout-flex\">\n<figure class=\"wp-block-image size-large\"><img loading=\"lazy\" decoding=\"async\" width=\"933\" height=\"492\" data-id=\"829\" src=\"https:\/\/zeiss-orchester.de\/wp-content\/uploads\/2016\/03\/0-Gro\u00dfer-Saal-leer.jpg\" alt=\"\" class=\"wp-image-829\" srcset=\"https:\/\/zeiss-orchester.de\/wp-content\/uploads\/2016\/03\/0-Gro\u00dfer-Saal-leer.jpg 933w, https:\/\/zeiss-orchester.de\/wp-content\/uploads\/2016\/03\/0-Gro\u00dfer-Saal-leer-300x158.jpg 300w, https:\/\/zeiss-orchester.de\/wp-content\/uploads\/2016\/03\/0-Gro\u00dfer-Saal-leer-768x405.jpg 768w, https:\/\/zeiss-orchester.de\/wp-content\/uploads\/2016\/03\/0-Gro\u00dfer-Saal-leer-624x329.jpg 624w\" sizes=\"auto, (max-width: 933px) 100vw, 933px\" \/><figcaption class=\"wp-element-caption\">Der Gro\u00dfe Volkshaussaal<\/figcaption><\/figure>\n\n\n\n<figure class=\"wp-block-image size-large\"><img loading=\"lazy\" decoding=\"async\" width=\"1024\" height=\"576\" data-id=\"831\" src=\"https:\/\/zeiss-orchester.de\/wp-content\/uploads\/2016\/03\/2-1024x576.jpg\" alt=\"\" class=\"wp-image-831\" srcset=\"https:\/\/zeiss-orchester.de\/wp-content\/uploads\/2016\/03\/2-1024x576.jpg 1024w, https:\/\/zeiss-orchester.de\/wp-content\/uploads\/2016\/03\/2-300x169.jpg 300w, https:\/\/zeiss-orchester.de\/wp-content\/uploads\/2016\/03\/2-768x432.jpg 768w, https:\/\/zeiss-orchester.de\/wp-content\/uploads\/2016\/03\/2-624x351.jpg 624w, https:\/\/zeiss-orchester.de\/wp-content\/uploads\/2016\/03\/2.jpg 1536w\" sizes=\"auto, (max-width: 1024px) 100vw, 1024px\" \/><figcaption class=\"wp-element-caption\">Wir proben f\u00fcrs Herbstkonzert 2017<\/figcaption><\/figure>\n\n\n\n<figure class=\"wp-block-image size-large\"><img loading=\"lazy\" decoding=\"async\" width=\"214\" height=\"315\" data-id=\"862\" src=\"https:\/\/zeiss-orchester.de\/wp-content\/uploads\/2017\/09\/0087-Roland-l.jpg\" alt=\"\" class=\"wp-image-862\" srcset=\"https:\/\/zeiss-orchester.de\/wp-content\/uploads\/2017\/09\/0087-Roland-l.jpg 214w, https:\/\/zeiss-orchester.de\/wp-content\/uploads\/2017\/09\/0087-Roland-l-204x300.jpg 204w\" sizes=\"auto, (max-width: 214px) 100vw, 214px\" \/><figcaption class=\"wp-element-caption\">Unser k\u00fcnstlerischer Leiter Roland Weske<\/figcaption><\/figure>\n\n\n\n<figure class=\"wp-block-image size-large\"><img loading=\"lazy\" decoding=\"async\" width=\"132\" height=\"200\" data-id=\"859\" src=\"https:\/\/zeiss-orchester.de\/wp-content\/uploads\/2017\/09\/0043-Hans-Fischer-l.jpg\" alt=\"\" class=\"wp-image-859\"\/><figcaption class=\"wp-element-caption\">Unser Klarinettist Hans Fischer<\/figcaption><\/figure>\n\n\n\n<figure class=\"wp-block-image size-large\"><img loading=\"lazy\" decoding=\"async\" width=\"800\" height=\"535\" data-id=\"840\" src=\"https:\/\/zeiss-orchester.de\/wp-content\/uploads\/2016\/03\/8-Colditz-2016.jpe\" alt=\"\" class=\"wp-image-840\" srcset=\"https:\/\/zeiss-orchester.de\/wp-content\/uploads\/2016\/03\/8-Colditz-2016.jpe 800w, https:\/\/zeiss-orchester.de\/wp-content\/uploads\/2016\/03\/8-Colditz-2016-300x201.jpe 300w, https:\/\/zeiss-orchester.de\/wp-content\/uploads\/2016\/03\/8-Colditz-2016-768x514.jpe 768w, https:\/\/zeiss-orchester.de\/wp-content\/uploads\/2016\/03\/8-Colditz-2016-624x417.jpe 624w\" sizes=\"auto, (max-width: 800px) 100vw, 800px\" \/><figcaption class=\"wp-element-caption\">2016 Probenwochenende in Colditz<\/figcaption><\/figure>\n\n\n\n<figure class=\"wp-block-image size-large\"><img loading=\"lazy\" decoding=\"async\" width=\"1024\" height=\"768\" data-id=\"838\" src=\"https:\/\/zeiss-orchester.de\/wp-content\/uploads\/2016\/03\/6-2009-Kunitz-1024x768.jpg\" alt=\"\" class=\"wp-image-838\" srcset=\"https:\/\/zeiss-orchester.de\/wp-content\/uploads\/2016\/03\/6-2009-Kunitz-1024x768.jpg 1024w, https:\/\/zeiss-orchester.de\/wp-content\/uploads\/2016\/03\/6-2009-Kunitz-300x225.jpg 300w, https:\/\/zeiss-orchester.de\/wp-content\/uploads\/2016\/03\/6-2009-Kunitz-768x576.jpg 768w, https:\/\/zeiss-orchester.de\/wp-content\/uploads\/2016\/03\/6-2009-Kunitz-624x468.jpg 624w, https:\/\/zeiss-orchester.de\/wp-content\/uploads\/2016\/03\/6-2009-Kunitz.jpg 2048w\" sizes=\"auto, (max-width: 1024px) 100vw, 1024px\" \/><figcaption class=\"wp-element-caption\">2014 Benefizkonzert und Sommerfest Kunitz<\/figcaption><\/figure>\n\n\n\n<figure class=\"wp-block-image size-large\"><img loading=\"lazy\" decoding=\"async\" width=\"1024\" height=\"690\" data-id=\"839\" src=\"https:\/\/zeiss-orchester.de\/wp-content\/uploads\/2016\/03\/7-Kunitz-2012-1024x690.jpg\" alt=\"\" class=\"wp-image-839\" srcset=\"https:\/\/zeiss-orchester.de\/wp-content\/uploads\/2016\/03\/7-Kunitz-2012-1024x690.jpg 1024w, https:\/\/zeiss-orchester.de\/wp-content\/uploads\/2016\/03\/7-Kunitz-2012-300x202.jpg 300w, https:\/\/zeiss-orchester.de\/wp-content\/uploads\/2016\/03\/7-Kunitz-2012-768x518.jpg 768w, https:\/\/zeiss-orchester.de\/wp-content\/uploads\/2016\/03\/7-Kunitz-2012-624x421.jpg 624w\" sizes=\"auto, (max-width: 1024px) 100vw, 1024px\" \/><figcaption class=\"wp-element-caption\">2014 Benefizkonzert im Gemeindehaus Kunitz<\/figcaption><\/figure>\n\n\n\n<figure class=\"wp-block-image size-large\"><img loading=\"lazy\" decoding=\"async\" width=\"637\" height=\"393\" data-id=\"868\" src=\"https:\/\/zeiss-orchester.de\/wp-content\/uploads\/2017\/09\/20080-Orchester-q.jpg\" alt=\"\" class=\"wp-image-868\" srcset=\"https:\/\/zeiss-orchester.de\/wp-content\/uploads\/2017\/09\/20080-Orchester-q.jpg 637w, https:\/\/zeiss-orchester.de\/wp-content\/uploads\/2017\/09\/20080-Orchester-q-300x185.jpg 300w, https:\/\/zeiss-orchester.de\/wp-content\/uploads\/2017\/09\/20080-Orchester-q-624x385.jpg 624w\" sizes=\"auto, (max-width: 637px) 100vw, 637px\" \/><figcaption class=\"wp-element-caption\">2008 Fr\u00fchlingskonzert <\/figcaption><\/figure>\n\n\n\n<figure class=\"wp-block-image size-large\"><img loading=\"lazy\" decoding=\"async\" width=\"700\" height=\"465\" data-id=\"867\" src=\"https:\/\/zeiss-orchester.de\/wp-content\/uploads\/2017\/09\/20004-Karsten-Orch-q.jpg\" alt=\"\" class=\"wp-image-867\" srcset=\"https:\/\/zeiss-orchester.de\/wp-content\/uploads\/2017\/09\/20004-Karsten-Orch-q.jpg 700w, https:\/\/zeiss-orchester.de\/wp-content\/uploads\/2017\/09\/20004-Karsten-Orch-q-300x199.jpg 300w, https:\/\/zeiss-orchester.de\/wp-content\/uploads\/2017\/09\/20004-Karsten-Orch-q-624x415.jpg 624w\" sizes=\"auto, (max-width: 700px) 100vw, 700px\" \/><figcaption class=\"wp-element-caption\">2004 Fr\u00fchlingskonzert <\/figcaption><\/figure>\n<\/figure>\n\n\n\n<figure class=\"wp-block-gallery has-nested-images columns-3 is-cropped wp-block-gallery-31 is-layout-flex wp-block-gallery-is-layout-flex\">\n<figure class=\"wp-block-image size-large\"><img loading=\"lazy\" decoding=\"async\" width=\"1024\" height=\"392\" data-id=\"1070\" src=\"https:\/\/zeiss-orchester.de\/wp-content\/uploads\/2018\/01\/10-Ges.Orchester-spielend-2013-151-1024x392.jpg\" alt=\"\" class=\"wp-image-1070\" srcset=\"https:\/\/zeiss-orchester.de\/wp-content\/uploads\/2018\/01\/10-Ges.Orchester-spielend-2013-151-1024x392.jpg 1024w, https:\/\/zeiss-orchester.de\/wp-content\/uploads\/2018\/01\/10-Ges.Orchester-spielend-2013-151-300x115.jpg 300w, https:\/\/zeiss-orchester.de\/wp-content\/uploads\/2018\/01\/10-Ges.Orchester-spielend-2013-151-768x294.jpg 768w, https:\/\/zeiss-orchester.de\/wp-content\/uploads\/2018\/01\/10-Ges.Orchester-spielend-2013-151-624x239.jpg 624w\" sizes=\"auto, (max-width: 1024px) 100vw, 1024px\" \/><figcaption class=\"wp-element-caption\">Fr\u00fchlingskonzert 2013<\/figcaption><\/figure>\n\n\n\n<figure class=\"wp-block-image size-large\"><img loading=\"lazy\" decoding=\"async\" width=\"800\" height=\"485\" data-id=\"1072\" src=\"https:\/\/zeiss-orchester.de\/wp-content\/uploads\/2018\/01\/16-Weih.konzert-2016-Jubilee-Singers.jpg\" alt=\"\" class=\"wp-image-1072\" srcset=\"https:\/\/zeiss-orchester.de\/wp-content\/uploads\/2018\/01\/16-Weih.konzert-2016-Jubilee-Singers.jpg 800w, https:\/\/zeiss-orchester.de\/wp-content\/uploads\/2018\/01\/16-Weih.konzert-2016-Jubilee-Singers-300x182.jpg 300w, https:\/\/zeiss-orchester.de\/wp-content\/uploads\/2018\/01\/16-Weih.konzert-2016-Jubilee-Singers-768x466.jpg 768w, https:\/\/zeiss-orchester.de\/wp-content\/uploads\/2018\/01\/16-Weih.konzert-2016-Jubilee-Singers-624x378.jpg 624w\" sizes=\"auto, (max-width: 800px) 100vw, 800px\" \/><figcaption class=\"wp-element-caption\">Weihnachtskonzert 2016<\/figcaption><\/figure>\n\n\n\n<figure class=\"wp-block-image size-large\"><img loading=\"lazy\" decoding=\"async\" width=\"800\" height=\"449\" data-id=\"1073\" src=\"https:\/\/zeiss-orchester.de\/wp-content\/uploads\/2018\/01\/17-2016-Weihn.konzert.jpg\" alt=\"\" class=\"wp-image-1073\" srcset=\"https:\/\/zeiss-orchester.de\/wp-content\/uploads\/2018\/01\/17-2016-Weihn.konzert.jpg 800w, https:\/\/zeiss-orchester.de\/wp-content\/uploads\/2018\/01\/17-2016-Weihn.konzert-300x168.jpg 300w, https:\/\/zeiss-orchester.de\/wp-content\/uploads\/2018\/01\/17-2016-Weihn.konzert-768x431.jpg 768w, https:\/\/zeiss-orchester.de\/wp-content\/uploads\/2018\/01\/17-2016-Weihn.konzert-624x350.jpg 624w\" sizes=\"auto, (max-width: 800px) 100vw, 800px\" \/><figcaption class=\"wp-element-caption\">Weihnachtskonzert  2016 mit Jena Jubilee Singers<\/figcaption><\/figure>\n\n\n\n<figure class=\"wp-block-image size-large\"><img loading=\"lazy\" decoding=\"async\" width=\"1024\" height=\"682\" data-id=\"1074\" src=\"https:\/\/zeiss-orchester.de\/wp-content\/uploads\/2018\/01\/18-Roland-1024x682.jpeg\" alt=\"\" class=\"wp-image-1074\" srcset=\"https:\/\/zeiss-orchester.de\/wp-content\/uploads\/2018\/01\/18-Roland-1024x682.jpeg 1024w, https:\/\/zeiss-orchester.de\/wp-content\/uploads\/2018\/01\/18-Roland-300x200.jpeg 300w, https:\/\/zeiss-orchester.de\/wp-content\/uploads\/2018\/01\/18-Roland-768x512.jpeg 768w, https:\/\/zeiss-orchester.de\/wp-content\/uploads\/2018\/01\/18-Roland-624x416.jpeg 624w, https:\/\/zeiss-orchester.de\/wp-content\/uploads\/2018\/01\/18-Roland.jpeg 1280w\" sizes=\"auto, (max-width: 1024px) 100vw, 1024px\" \/><figcaption class=\"wp-element-caption\">Herbstkonzert 2017 &#8222;Verleih uns Frieden&#8220;<\/figcaption><\/figure>\n\n\n\n<figure class=\"wp-block-image size-large\"><img loading=\"lazy\" decoding=\"async\" width=\"1024\" height=\"682\" data-id=\"1075\" src=\"https:\/\/zeiss-orchester.de\/wp-content\/uploads\/2018\/01\/19-Herbst-2017-1024x682.jpeg\" alt=\"\" class=\"wp-image-1075\" srcset=\"https:\/\/zeiss-orchester.de\/wp-content\/uploads\/2018\/01\/19-Herbst-2017-1024x682.jpeg 1024w, https:\/\/zeiss-orchester.de\/wp-content\/uploads\/2018\/01\/19-Herbst-2017-300x200.jpeg 300w, https:\/\/zeiss-orchester.de\/wp-content\/uploads\/2018\/01\/19-Herbst-2017-768x512.jpeg 768w, https:\/\/zeiss-orchester.de\/wp-content\/uploads\/2018\/01\/19-Herbst-2017-624x416.jpeg 624w, https:\/\/zeiss-orchester.de\/wp-content\/uploads\/2018\/01\/19-Herbst-2017.jpeg 1280w\" sizes=\"auto, (max-width: 1024px) 100vw, 1024px\" \/><figcaption class=\"wp-element-caption\">Herbstkonzert 2017<\/figcaption><\/figure>\n\n\n\n<figure class=\"wp-block-image size-large\"><img loading=\"lazy\" decoding=\"async\" width=\"1024\" height=\"682\" data-id=\"1076\" src=\"https:\/\/zeiss-orchester.de\/wp-content\/uploads\/2018\/01\/20-Herbstkonzert-2017-1024x682.jpg\" alt=\"\" class=\"wp-image-1076\" srcset=\"https:\/\/zeiss-orchester.de\/wp-content\/uploads\/2018\/01\/20-Herbstkonzert-2017-1024x682.jpg 1024w, https:\/\/zeiss-orchester.de\/wp-content\/uploads\/2018\/01\/20-Herbstkonzert-2017-300x200.jpg 300w, https:\/\/zeiss-orchester.de\/wp-content\/uploads\/2018\/01\/20-Herbstkonzert-2017-768x512.jpg 768w, https:\/\/zeiss-orchester.de\/wp-content\/uploads\/2018\/01\/20-Herbstkonzert-2017-624x416.jpg 624w, https:\/\/zeiss-orchester.de\/wp-content\/uploads\/2018\/01\/20-Herbstkonzert-2017.jpg 1280w\" sizes=\"auto, (max-width: 1024px) 100vw, 1024px\" \/><figcaption class=\"wp-element-caption\">Herbstkonzert 2017 mit Jenaer Madrigalkreis<\/figcaption><\/figure>\n\n\n\n<figure class=\"wp-block-image size-large\"><img loading=\"lazy\" decoding=\"async\" width=\"100\" height=\"150\" data-id=\"811\" src=\"https:\/\/zeiss-orchester.de\/wp-content\/uploads\/2017\/09\/konzertbild.jpg\" alt=\"\" class=\"wp-image-811\"\/><figcaption class=\"wp-element-caption\">Roland Weske beim Herbstkonzert 2017<\/figcaption><\/figure>\n\n\n\n<figure class=\"wp-block-image size-large\"><img loading=\"lazy\" decoding=\"async\" width=\"1024\" height=\"552\" data-id=\"1077\" src=\"https:\/\/zeiss-orchester.de\/wp-content\/uploads\/2018\/01\/Astrid-Reinhard-2013--1024x552.jpg\" alt=\"\" class=\"wp-image-1077\" srcset=\"https:\/\/zeiss-orchester.de\/wp-content\/uploads\/2018\/01\/Astrid-Reinhard-2013--1024x552.jpg 1024w, https:\/\/zeiss-orchester.de\/wp-content\/uploads\/2018\/01\/Astrid-Reinhard-2013--300x162.jpg 300w, https:\/\/zeiss-orchester.de\/wp-content\/uploads\/2018\/01\/Astrid-Reinhard-2013--768x414.jpg 768w, https:\/\/zeiss-orchester.de\/wp-content\/uploads\/2018\/01\/Astrid-Reinhard-2013--624x337.jpg 624w\" sizes=\"auto, (max-width: 1024px) 100vw, 1024px\" \/><figcaption class=\"wp-element-caption\">Das Konzertmeisterpult zum Fr\u00fchlingskonzert2013<\/figcaption><\/figure>\n\n\n\n<figure class=\"wp-block-image size-large\"><img loading=\"lazy\" decoding=\"async\" width=\"1024\" height=\"618\" data-id=\"1078\" src=\"https:\/\/zeiss-orchester.de\/wp-content\/uploads\/2018\/01\/Edda-Fr\u00fchjahrskonzert-2013--1024x618.jpg\" alt=\"\" class=\"wp-image-1078\" srcset=\"https:\/\/zeiss-orchester.de\/wp-content\/uploads\/2018\/01\/Edda-Fr\u00fchjahrskonzert-2013--1024x618.jpg 1024w, https:\/\/zeiss-orchester.de\/wp-content\/uploads\/2018\/01\/Edda-Fr\u00fchjahrskonzert-2013--300x181.jpg 300w, https:\/\/zeiss-orchester.de\/wp-content\/uploads\/2018\/01\/Edda-Fr\u00fchjahrskonzert-2013--768x463.jpg 768w, https:\/\/zeiss-orchester.de\/wp-content\/uploads\/2018\/01\/Edda-Fr\u00fchjahrskonzert-2013--624x376.jpg 624w\" sizes=\"auto, (max-width: 1024px) 100vw, 1024px\" \/><figcaption class=\"wp-element-caption\"> 2013 Fr\u00fchlingskonzert<\/figcaption><\/figure>\n\n\n\n<figure class=\"wp-block-image size-large\"><img loading=\"lazy\" decoding=\"async\" width=\"1024\" height=\"683\" data-id=\"1079\" src=\"https:\/\/zeiss-orchester.de\/wp-content\/uploads\/2018\/01\/Fr\u00fchjahrskonzert-2013-005-1024x683.jpg\" alt=\"\" class=\"wp-image-1079\" srcset=\"https:\/\/zeiss-orchester.de\/wp-content\/uploads\/2018\/01\/Fr\u00fchjahrskonzert-2013-005-1024x683.jpg 1024w, https:\/\/zeiss-orchester.de\/wp-content\/uploads\/2018\/01\/Fr\u00fchjahrskonzert-2013-005-300x200.jpg 300w, https:\/\/zeiss-orchester.de\/wp-content\/uploads\/2018\/01\/Fr\u00fchjahrskonzert-2013-005-768x512.jpg 768w, https:\/\/zeiss-orchester.de\/wp-content\/uploads\/2018\/01\/Fr\u00fchjahrskonzert-2013-005-624x416.jpg 624w\" sizes=\"auto, (max-width: 1024px) 100vw, 1024px\" \/><figcaption class=\"wp-element-caption\">2013 Fr\u00fchlingskonzert<\/figcaption><\/figure>\n\n\n\n<figure class=\"wp-block-image size-large\"><img loading=\"lazy\" decoding=\"async\" width=\"683\" height=\"1024\" data-id=\"1080\" src=\"https:\/\/zeiss-orchester.de\/wp-content\/uploads\/2018\/01\/Fr\u00fchjahrskonzert-2013-006-683x1024.jpg\" alt=\"\" class=\"wp-image-1080\" srcset=\"https:\/\/zeiss-orchester.de\/wp-content\/uploads\/2018\/01\/Fr\u00fchjahrskonzert-2013-006-683x1024.jpg 683w, https:\/\/zeiss-orchester.de\/wp-content\/uploads\/2018\/01\/Fr\u00fchjahrskonzert-2013-006-200x300.jpg 200w, https:\/\/zeiss-orchester.de\/wp-content\/uploads\/2018\/01\/Fr\u00fchjahrskonzert-2013-006-768x1152.jpg 768w, https:\/\/zeiss-orchester.de\/wp-content\/uploads\/2018\/01\/Fr\u00fchjahrskonzert-2013-006-624x936.jpg 624w\" sizes=\"auto, (max-width: 683px) 100vw, 683px\" \/><figcaption class=\"wp-element-caption\">2013 Fr\u00fchlingskonzert<\/figcaption><\/figure>\n\n\n\n<figure class=\"wp-block-image size-large\"><img loading=\"lazy\" decoding=\"async\" width=\"683\" height=\"1024\" data-id=\"1081\" src=\"https:\/\/zeiss-orchester.de\/wp-content\/uploads\/2018\/01\/Fr\u00fchjahrskonzert-2013-010-683x1024.jpg\" alt=\"\" class=\"wp-image-1081\" srcset=\"https:\/\/zeiss-orchester.de\/wp-content\/uploads\/2018\/01\/Fr\u00fchjahrskonzert-2013-010-683x1024.jpg 683w, https:\/\/zeiss-orchester.de\/wp-content\/uploads\/2018\/01\/Fr\u00fchjahrskonzert-2013-010-200x300.jpg 200w, https:\/\/zeiss-orchester.de\/wp-content\/uploads\/2018\/01\/Fr\u00fchjahrskonzert-2013-010-768x1152.jpg 768w, https:\/\/zeiss-orchester.de\/wp-content\/uploads\/2018\/01\/Fr\u00fchjahrskonzert-2013-010-624x936.jpg 624w\" sizes=\"auto, (max-width: 683px) 100vw, 683px\" \/><figcaption class=\"wp-element-caption\">2013 Fr\u00fchlingskonzert<\/figcaption><\/figure>\n<\/figure>\n\n\n\n<figure class=\"wp-block-gallery has-nested-images columns-3 is-cropped wp-block-gallery-32 is-layout-flex wp-block-gallery-is-layout-flex\">\n<figure class=\"wp-block-image size-large\"><img loading=\"lazy\" decoding=\"async\" width=\"714\" height=\"960\" data-id=\"945\" src=\"https:\/\/zeiss-orchester.de\/wp-content\/uploads\/2016\/03\/Generalprobe-17.10.2017.jpg\" alt=\"\" class=\"wp-image-945\" srcset=\"https:\/\/zeiss-orchester.de\/wp-content\/uploads\/2016\/03\/Generalprobe-17.10.2017.jpg 714w, https:\/\/zeiss-orchester.de\/wp-content\/uploads\/2016\/03\/Generalprobe-17.10.2017-223x300.jpg 223w, https:\/\/zeiss-orchester.de\/wp-content\/uploads\/2016\/03\/Generalprobe-17.10.2017-624x839.jpg 624w\" sizes=\"auto, (max-width: 714px) 100vw, 714px\" \/><figcaption class=\"wp-element-caption\">2017 Generalprobe Reformationskonzert mit Madrigalkreis<\/figcaption><\/figure>\n\n\n\n<figure class=\"wp-block-image size-large\"><img loading=\"lazy\" decoding=\"async\" width=\"1024\" height=\"768\" data-id=\"941\" src=\"https:\/\/zeiss-orchester.de\/wp-content\/uploads\/2016\/03\/20171016_184537-1024x768.jpg\" alt=\"\" class=\"wp-image-941\" srcset=\"https:\/\/zeiss-orchester.de\/wp-content\/uploads\/2016\/03\/20171016_184537-1024x768.jpg 1024w, https:\/\/zeiss-orchester.de\/wp-content\/uploads\/2016\/03\/20171016_184537-300x225.jpg 300w, https:\/\/zeiss-orchester.de\/wp-content\/uploads\/2016\/03\/20171016_184537-768x576.jpg 768w, https:\/\/zeiss-orchester.de\/wp-content\/uploads\/2016\/03\/20171016_184537-624x468.jpg 624w\" sizes=\"auto, (max-width: 1024px) 100vw, 1024px\" \/><figcaption class=\"wp-element-caption\">2017 Probenbeginn mit Martin Kirmse &#8230;<\/figcaption><\/figure>\n\n\n\n<figure class=\"wp-block-image size-large\"><img loading=\"lazy\" decoding=\"async\" width=\"1024\" height=\"768\" data-id=\"921\" src=\"https:\/\/zeiss-orchester.de\/wp-content\/uploads\/2016\/03\/20171017_180539-e1508340758922-1024x768.jpg\" alt=\"\" class=\"wp-image-921\" srcset=\"https:\/\/zeiss-orchester.de\/wp-content\/uploads\/2016\/03\/20171017_180539-e1508340758922-1024x768.jpg 1024w, https:\/\/zeiss-orchester.de\/wp-content\/uploads\/2016\/03\/20171017_180539-e1508340758922-300x225.jpg 300w, https:\/\/zeiss-orchester.de\/wp-content\/uploads\/2016\/03\/20171017_180539-e1508340758922-768x576.jpg 768w, https:\/\/zeiss-orchester.de\/wp-content\/uploads\/2016\/03\/20171017_180539-e1508340758922-624x468.jpg 624w\" sizes=\"auto, (max-width: 1024px) 100vw, 1024px\" \/><figcaption class=\"wp-element-caption\">2017 Generalprobe vorm Reformationskonzert<\/figcaption><\/figure>\n\n\n\n<figure class=\"wp-block-image size-large\"><img loading=\"lazy\" decoding=\"async\" width=\"1024\" height=\"768\" data-id=\"950\" src=\"https:\/\/zeiss-orchester.de\/wp-content\/uploads\/2017\/10\/6-1024x768.jpg\" alt=\"\" class=\"wp-image-950\" srcset=\"https:\/\/zeiss-orchester.de\/wp-content\/uploads\/2017\/10\/6-1024x768.jpg 1024w, https:\/\/zeiss-orchester.de\/wp-content\/uploads\/2017\/10\/6-300x225.jpg 300w, https:\/\/zeiss-orchester.de\/wp-content\/uploads\/2017\/10\/6-768x576.jpg 768w, https:\/\/zeiss-orchester.de\/wp-content\/uploads\/2017\/10\/6-624x468.jpg 624w\" sizes=\"auto, (max-width: 1024px) 100vw, 1024px\" \/><figcaption class=\"wp-element-caption\">2017 Martin Kirmse zur Generalprobe Reformationskonzert<\/figcaption><\/figure>\n\n\n\n<figure class=\"wp-block-image size-large\"><img loading=\"lazy\" decoding=\"async\" width=\"1024\" height=\"768\" data-id=\"952\" src=\"https:\/\/zeiss-orchester.de\/wp-content\/uploads\/2017\/10\/9-1024x768.jpg\" alt=\"\" class=\"wp-image-952\" srcset=\"https:\/\/zeiss-orchester.de\/wp-content\/uploads\/2017\/10\/9-1024x768.jpg 1024w, https:\/\/zeiss-orchester.de\/wp-content\/uploads\/2017\/10\/9-300x225.jpg 300w, https:\/\/zeiss-orchester.de\/wp-content\/uploads\/2017\/10\/9-768x576.jpg 768w, https:\/\/zeiss-orchester.de\/wp-content\/uploads\/2017\/10\/9-624x468.jpg 624w\" sizes=\"auto, (max-width: 1024px) 100vw, 1024px\" \/><figcaption class=\"wp-element-caption\">Unser Dirigent Roland Weske als Konzertmeister<\/figcaption><\/figure>\n\n\n\n<figure class=\"wp-block-image size-large\"><img loading=\"lazy\" decoding=\"async\" width=\"1024\" height=\"768\" data-id=\"953\" src=\"https:\/\/zeiss-orchester.de\/wp-content\/uploads\/2017\/10\/21-1024x768.jpg\" alt=\"\" class=\"wp-image-953\" srcset=\"https:\/\/zeiss-orchester.de\/wp-content\/uploads\/2017\/10\/21-1024x768.jpg 1024w, https:\/\/zeiss-orchester.de\/wp-content\/uploads\/2017\/10\/21-300x225.jpg 300w, https:\/\/zeiss-orchester.de\/wp-content\/uploads\/2017\/10\/21-768x576.jpg 768w, https:\/\/zeiss-orchester.de\/wp-content\/uploads\/2017\/10\/21-624x468.jpg 624w\" sizes=\"auto, (max-width: 1024px) 100vw, 1024px\" \/><figcaption class=\"wp-element-caption\">Probe mit dem Madrigalkreis<\/figcaption><\/figure>\n<\/figure>\n\n\n\n<figure class=\"wp-block-gallery has-nested-images columns-3 is-cropped wp-block-gallery-33 is-layout-flex wp-block-gallery-is-layout-flex\">\n<figure class=\"wp-block-image size-large\"><img loading=\"lazy\" decoding=\"async\" width=\"683\" height=\"1024\" data-id=\"1087\" src=\"https:\/\/zeiss-orchester.de\/wp-content\/uploads\/2018\/02\/Fr\u00fchjahrskonzert-2013-011-683x1024.jpg\" alt=\"\" class=\"wp-image-1087\" srcset=\"https:\/\/zeiss-orchester.de\/wp-content\/uploads\/2018\/02\/Fr\u00fchjahrskonzert-2013-011-683x1024.jpg 683w, https:\/\/zeiss-orchester.de\/wp-content\/uploads\/2018\/02\/Fr\u00fchjahrskonzert-2013-011-200x300.jpg 200w, https:\/\/zeiss-orchester.de\/wp-content\/uploads\/2018\/02\/Fr\u00fchjahrskonzert-2013-011-768x1152.jpg 768w, https:\/\/zeiss-orchester.de\/wp-content\/uploads\/2018\/02\/Fr\u00fchjahrskonzert-2013-011-624x936.jpg 624w\" sizes=\"auto, (max-width: 683px) 100vw, 683px\" \/><figcaption class=\"wp-element-caption\">2013 Fr\u00fchlingskonzert <\/figcaption><\/figure>\n\n\n\n<figure class=\"wp-block-image size-large\"><img loading=\"lazy\" decoding=\"async\" width=\"683\" height=\"1024\" data-id=\"1088\" src=\"https:\/\/zeiss-orchester.de\/wp-content\/uploads\/2018\/02\/Fr\u00fchjahrskonzert-2013-038-683x1024.jpg\" alt=\"\" class=\"wp-image-1088\" srcset=\"https:\/\/zeiss-orchester.de\/wp-content\/uploads\/2018\/02\/Fr\u00fchjahrskonzert-2013-038-683x1024.jpg 683w, https:\/\/zeiss-orchester.de\/wp-content\/uploads\/2018\/02\/Fr\u00fchjahrskonzert-2013-038-200x300.jpg 200w, https:\/\/zeiss-orchester.de\/wp-content\/uploads\/2018\/02\/Fr\u00fchjahrskonzert-2013-038-768x1152.jpg 768w, https:\/\/zeiss-orchester.de\/wp-content\/uploads\/2018\/02\/Fr\u00fchjahrskonzert-2013-038-624x936.jpg 624w\" sizes=\"auto, (max-width: 683px) 100vw, 683px\" \/><figcaption class=\"wp-element-caption\">2013 Fr\u00fchlingskonzert mit Friederike Meinel<\/figcaption><\/figure>\n\n\n\n<figure class=\"wp-block-image size-large\"><img loading=\"lazy\" decoding=\"async\" width=\"1024\" height=\"997\" data-id=\"1089\" src=\"https:\/\/zeiss-orchester.de\/wp-content\/uploads\/2018\/02\/Fr\u00fchjahrskonzert-2013-042-1024x997.jpg\" alt=\"\" class=\"wp-image-1089\" srcset=\"https:\/\/zeiss-orchester.de\/wp-content\/uploads\/2018\/02\/Fr\u00fchjahrskonzert-2013-042-1024x997.jpg 1024w, https:\/\/zeiss-orchester.de\/wp-content\/uploads\/2018\/02\/Fr\u00fchjahrskonzert-2013-042-300x292.jpg 300w, https:\/\/zeiss-orchester.de\/wp-content\/uploads\/2018\/02\/Fr\u00fchjahrskonzert-2013-042-768x748.jpg 768w, https:\/\/zeiss-orchester.de\/wp-content\/uploads\/2018\/02\/Fr\u00fchjahrskonzert-2013-042-624x608.jpg 624w\" sizes=\"auto, (max-width: 1024px) 100vw, 1024px\" \/><figcaption class=\"wp-element-caption\">2013 Fr\u00fchlingskonzert mit Frieder Krause<\/figcaption><\/figure>\n<\/figure>\n\n\n\n<figure class=\"wp-block-gallery has-nested-images columns-3 is-cropped wp-block-gallery-34 is-layout-flex wp-block-gallery-is-layout-flex\">\n<figure class=\"wp-block-image size-large\"><img loading=\"lazy\" decoding=\"async\" width=\"1024\" height=\"768\" data-id=\"1345\" src=\"https:\/\/zeiss-orchester.de\/wp-content\/uploads\/2018\/09\/DSC04886-1024x768.jpeg\" alt=\"\" class=\"wp-image-1345\" srcset=\"https:\/\/zeiss-orchester.de\/wp-content\/uploads\/2018\/09\/DSC04886-1024x768.jpeg 1024w, https:\/\/zeiss-orchester.de\/wp-content\/uploads\/2018\/09\/DSC04886-300x225.jpeg 300w, https:\/\/zeiss-orchester.de\/wp-content\/uploads\/2018\/09\/DSC04886-768x576.jpeg 768w, https:\/\/zeiss-orchester.de\/wp-content\/uploads\/2018\/09\/DSC04886-624x468.jpeg 624w, https:\/\/zeiss-orchester.de\/wp-content\/uploads\/2018\/09\/DSC04886.jpeg 1280w\" sizes=\"auto, (max-width: 1024px) 100vw, 1024px\" \/><figcaption class=\"wp-element-caption\">2017: Geburtstagsst\u00e4ndchen in Taubach<\/figcaption><\/figure>\n\n\n\n<figure class=\"wp-block-image size-large\"><img loading=\"lazy\" decoding=\"async\" width=\"1024\" height=\"768\" data-id=\"1347\" src=\"https:\/\/zeiss-orchester.de\/wp-content\/uploads\/2018\/09\/DSC04903-1024x768.jpg\" alt=\"\" class=\"wp-image-1347\" srcset=\"https:\/\/zeiss-orchester.de\/wp-content\/uploads\/2018\/09\/DSC04903-1024x768.jpg 1024w, https:\/\/zeiss-orchester.de\/wp-content\/uploads\/2018\/09\/DSC04903-300x225.jpg 300w, https:\/\/zeiss-orchester.de\/wp-content\/uploads\/2018\/09\/DSC04903-768x576.jpg 768w, https:\/\/zeiss-orchester.de\/wp-content\/uploads\/2018\/09\/DSC04903-624x468.jpg 624w\" sizes=\"auto, (max-width: 1024px) 100vw, 1024px\" \/><figcaption class=\"wp-element-caption\">Uwe und das Alphorn<\/figcaption><\/figure>\n\n\n\n<figure class=\"wp-block-image size-large\"><img loading=\"lazy\" decoding=\"async\" width=\"1024\" height=\"768\" data-id=\"1346\" src=\"https:\/\/zeiss-orchester.de\/wp-content\/uploads\/2018\/09\/DSC04902-1024x768.jpeg\" alt=\"\" class=\"wp-image-1346\" srcset=\"https:\/\/zeiss-orchester.de\/wp-content\/uploads\/2018\/09\/DSC04902-1024x768.jpeg 1024w, https:\/\/zeiss-orchester.de\/wp-content\/uploads\/2018\/09\/DSC04902-300x225.jpeg 300w, https:\/\/zeiss-orchester.de\/wp-content\/uploads\/2018\/09\/DSC04902-768x576.jpeg 768w, https:\/\/zeiss-orchester.de\/wp-content\/uploads\/2018\/09\/DSC04902-624x468.jpeg 624w, https:\/\/zeiss-orchester.de\/wp-content\/uploads\/2018\/09\/DSC04902.jpeg 1280w\" sizes=\"auto, (max-width: 1024px) 100vw, 1024px\" \/><figcaption class=\"wp-element-caption\">Wir singen zu Roland Weskes 70. Geburtstag<\/figcaption><\/figure>\n<\/figure>\n\n\n<div class=\"wp-block-image wp-image-1138 size-medium\">\n<figure class=\"alignleft\"><img loading=\"lazy\" decoding=\"async\" width=\"206\" height=\"300\" src=\"https:\/\/zeiss-orchester.de\/wp-content\/uploads\/2017\/11\/PC191097.G\u00fcnter-Klarinette-206x300.jpg\" alt=\"\" class=\"wp-image-1138\" srcset=\"https:\/\/zeiss-orchester.de\/wp-content\/uploads\/2017\/11\/PC191097.G\u00fcnter-Klarinette-206x300.jpg 206w, https:\/\/zeiss-orchester.de\/wp-content\/uploads\/2017\/11\/PC191097.G\u00fcnter-Klarinette-768x1116.jpg 768w, https:\/\/zeiss-orchester.de\/wp-content\/uploads\/2017\/11\/PC191097.G\u00fcnter-Klarinette-705x1024.jpg 705w, https:\/\/zeiss-orchester.de\/wp-content\/uploads\/2017\/11\/PC191097.G\u00fcnter-Klarinette-624x907.jpg 624w, https:\/\/zeiss-orchester.de\/wp-content\/uploads\/2017\/11\/PC191097.G\u00fcnter-Klarinette.jpg 988w\" sizes=\"auto, (max-width: 206px) 100vw, 206px\" \/><figcaption class=\"wp-element-caption\">G\u00fcnter Dathe, unser Solo-Klarinettist<\/figcaption><\/figure>\n<\/div>\n\n\n<figure class=\"wp-block-gallery has-nested-images columns-3 is-cropped wp-block-gallery-35 is-layout-flex wp-block-gallery-is-layout-flex\">\n<figure class=\"wp-block-image size-large\"><img loading=\"lazy\" decoding=\"async\" width=\"1024\" height=\"1024\" data-id=\"1147\" src=\"https:\/\/zeiss-orchester.de\/wp-content\/uploads\/2018\/02\/The-Typewriter-1.2-1024x1024.jpg\" alt=\"\" class=\"wp-image-1147\" srcset=\"https:\/\/zeiss-orchester.de\/wp-content\/uploads\/2018\/02\/The-Typewriter-1.2-1024x1024.jpg 1024w, https:\/\/zeiss-orchester.de\/wp-content\/uploads\/2018\/02\/The-Typewriter-1.2-150x150.jpg 150w, https:\/\/zeiss-orchester.de\/wp-content\/uploads\/2018\/02\/The-Typewriter-1.2-300x300.jpg 300w, https:\/\/zeiss-orchester.de\/wp-content\/uploads\/2018\/02\/The-Typewriter-1.2-768x768.jpg 768w, https:\/\/zeiss-orchester.de\/wp-content\/uploads\/2018\/02\/The-Typewriter-1.2-624x624.jpg 624w, https:\/\/zeiss-orchester.de\/wp-content\/uploads\/2018\/02\/The-Typewriter-1.2.jpg 1280w\" sizes=\"auto, (max-width: 1024px) 100vw, 1024px\" \/><figcaption class=\"wp-element-caption\">Besitzer: Rainer Pratzka<\/figcaption><\/figure>\n\n\n\n<figure class=\"wp-block-image size-large\"><img loading=\"lazy\" decoding=\"async\" width=\"1024\" height=\"1024\" data-id=\"1146\" src=\"https:\/\/zeiss-orchester.de\/wp-content\/uploads\/2018\/02\/The-Typewriter-1.1-1024x1024.jpg\" alt=\"\" class=\"wp-image-1146\" srcset=\"https:\/\/zeiss-orchester.de\/wp-content\/uploads\/2018\/02\/The-Typewriter-1.1-1024x1024.jpg 1024w, https:\/\/zeiss-orchester.de\/wp-content\/uploads\/2018\/02\/The-Typewriter-1.1-150x150.jpg 150w, https:\/\/zeiss-orchester.de\/wp-content\/uploads\/2018\/02\/The-Typewriter-1.1-300x300.jpg 300w, https:\/\/zeiss-orchester.de\/wp-content\/uploads\/2018\/02\/The-Typewriter-1.1-768x768.jpg 768w, https:\/\/zeiss-orchester.de\/wp-content\/uploads\/2018\/02\/The-Typewriter-1.1-624x624.jpg 624w, https:\/\/zeiss-orchester.de\/wp-content\/uploads\/2018\/02\/The-Typewriter-1.1.jpg 1280w\" sizes=\"auto, (max-width: 1024px) 100vw, 1024px\" \/><figcaption class=\"wp-element-caption\">Rheinmetall 1964<\/figcaption><\/figure>\n<\/figure>\n<\/div><\/div>\n\n\n\n<p><\/p>\n\n<!-- Facebook Like Button Vivacity Infotech BEGIN -->\n<div class=\"fb-like\" data-href=\"https:\/\/zeiss-orchester.de\/?page_id=364\" data-layout=\"button\" data-action=\"like\" data-show-faces=\"false\" data-size=\"small\" data-width=\"450\" data-share=\"1\" ><\/div>\n<!-- Facebook Like Button Vivacity Infotech END -->\n","protected":false},"excerpt":{"rendered":"<p>Unser Open-Air-Konzert im Juni 2025 Im Rahmen der Initiative \u201eGemeinsam gegen Einsamkeit Jena\u201c durften wir im Juni 2025 ein ganz besonderes Open-Air-Konzert gestalten. Bei strahlendem Sommerwetter und inmitten einer herzlichen [&hellip;]<\/p>\n","protected":false},"author":2,"featured_media":0,"parent":0,"menu_order":0,"comment_status":"closed","ping_status":"closed","template":"","meta":{"_price":"","_stock":"","_tribe_ticket_header":"","_tribe_default_ticket_provider":"","_tribe_ticket_capacity":"0","_ticket_start_date":"","_ticket_end_date":"","_tribe_ticket_show_description":"","_tribe_ticket_show_not_going":false,"_tribe_ticket_use_global_stock":"","_tribe_ticket_global_stock_level":"","_global_stock_mode":"","_global_stock_cap":"","_tribe_rsvp_for_event":"","_tribe_ticket_going_count":"","_tribe_ticket_not_going_count":"","_tribe_tickets_list":"[]","_tribe_ticket_has_attendee_info_fields":false,"footnotes":"","_tec_slr_enabled":"","_tec_slr_layout":""},"class_list":["post-364","page","type-page","status-publish","hentry"],"ticketed":false,"_links":{"self":[{"href":"https:\/\/zeiss-orchester.de\/index.php?rest_route=\/wp\/v2\/pages\/364","targetHints":{"allow":["GET"]}}],"collection":[{"href":"https:\/\/zeiss-orchester.de\/index.php?rest_route=\/wp\/v2\/pages"}],"about":[{"href":"https:\/\/zeiss-orchester.de\/index.php?rest_route=\/wp\/v2\/types\/page"}],"author":[{"embeddable":true,"href":"https:\/\/zeiss-orchester.de\/index.php?rest_route=\/wp\/v2\/users\/2"}],"replies":[{"embeddable":true,"href":"https:\/\/zeiss-orchester.de\/index.php?rest_route=%2Fwp%2Fv2%2Fcomments&post=364"}],"version-history":[{"count":115,"href":"https:\/\/zeiss-orchester.de\/index.php?rest_route=\/wp\/v2\/pages\/364\/revisions"}],"predecessor-version":[{"id":3258,"href":"https:\/\/zeiss-orchester.de\/index.php?rest_route=\/wp\/v2\/pages\/364\/revisions\/3258"}],"wp:attachment":[{"href":"https:\/\/zeiss-orchester.de\/index.php?rest_route=%2Fwp%2Fv2%2Fmedia&parent=364"}],"curies":[{"name":"wp","href":"https:\/\/api.w.org\/{rel}","templated":true}]}}